{"id":20833,"date":"2008-01-01T19:41:41","date_gmt":"2008-01-01T19:41:41","guid":{"rendered":"https:\/\/fvarelaart.com\/?post_type=portfolio&#038;p=20833"},"modified":"2024-03-17T17:11:56","modified_gmt":"2024-03-17T17:11:56","slug":"suenos-fragiles","status":"publish","type":"portfolio","link":"https:\/\/fvarelaart.com\/en\/expo\/suenos-fragiles\/","title":{"rendered":"Sue\u00f1os Fr\u00e1giles"},"content":{"rendered":"<div data-elementor-type=\"wp-post\" data-elementor-id=\"20833\" class=\"elementor elementor-20833\" data-elementor-post-type=\"portfolio\">\n\t\t\t\t\t\t<section class=\"wd-negative-gap elementor-section elementor-top-section elementor-element elementor-element-6b2314c elementor-section-content-top elementor-section-full_width max-width-container elementor-section-height-default elementor-section-height-default\" data-id=\"6b2314c\" data-element_type=\"section\">\n\t\t\t\t\t\t<div class=\"elementor-container elementor-column-gap-default\">\n\t\t\t\t\t<div class=\"elementor-column elementor-col-50 elementor-top-column elementor-element elementor-element-0b216cc sticky-parent\" data-id=\"0b216cc\" data-element_type=\"column\">\n\t\t\t<div class=\"elementor-widget-wrap elementor-element-populated\">\n\t\t\t\t\t\t<div class=\"elementor-element elementor-element-44d5884 bread elementor-widget elementor-widget-wd_text_block\" data-id=\"44d5884\" data-element_type=\"widget\" data-widget_type=\"wd_text_block.default\">\n\t\t\t\t<div class=\"elementor-widget-container\">\n\t\t\t\t\t\t\t<div class=\"wd-text-block reset-last-child text-left\">\n\t\t\t\n\t\t\t<p><strong><a href=\"https:\/\/fernandovarelaart.com\/exposiciones\/\">Exhibitions<\/a> <\/strong>&gt; Sue\u00f1os Fr\u00e1giles<\/p>\n\t\t\t\t\t<\/div>\n\t\t\t\t\t\t<\/div>\n\t\t\t\t<\/div>\n\t\t\t\t<div class=\"elementor-element elementor-element-1cd9cca notraducir elementor-widget elementor-widget-heading\" data-id=\"1cd9cca\" data-element_type=\"widget\" data-widget_type=\"heading.default\">\n\t\t\t\t<div class=\"elementor-widget-container\">\n\t\t\t\t\t<h2 class=\"elementor-heading-title elementor-size-default\">Varelli Contemporary Art<\/h2>\t\t\t\t<\/div>\n\t\t\t\t<\/div>\n\t\t\t\t<div class=\"elementor-element elementor-element-b19169a text-right color-scheme-inherit elementor-widget elementor-widget-text-editor\" data-id=\"b19169a\" data-element_type=\"widget\" data-widget_type=\"text-editor.default\">\n\t\t\t\t<div class=\"elementor-widget-container\">\n\t\t\t\t\t\t\t\t\tSanto Domingo Dominican Republic\t\t\t\t\t\t\t\t<\/div>\n\t\t\t\t<\/div>\n\t\t\t\t<div class=\"elementor-element elementor-element-24b2c34 text-right color-scheme-inherit elementor-widget elementor-widget-text-editor\" data-id=\"24b2c34\" data-element_type=\"widget\" data-widget_type=\"text-editor.default\">\n\t\t\t\t<div class=\"elementor-widget-container\">\n\t\t\t\t\t\t\t\t\t2008\t\t\t\t\t\t\t\t<\/div>\n\t\t\t\t<\/div>\n\t\t\t\t<div class=\"elementor-element elementor-element-d495248 color-scheme-inherit text-left elementor-widget elementor-widget-text-editor\" data-id=\"d495248\" data-element_type=\"widget\" data-widget_type=\"text-editor.default\">\n\t\t\t\t<div class=\"elementor-widget-container\">\n\t\t\t\t\t\t\t\t\t<blockquote>\u00ab\u2026Sail again through the seas of the tropics and return to the islands and the inexhaustible metamorphoses, where from a bunch of stems with thorns, a pyroga is built and a pod is made. Creolization advances: islands and countries of the Caribbean are lined up on the frontispiece, while the character, immobile and asleep, is contained by a linear architecture.\u200b<\/blockquote>\t\t\t\t\t\t\t\t<\/div>\n\t\t\t\t<\/div>\n\t\t\t\t\t<\/div>\n\t\t<\/div>\n\t\t\t\t<div class=\"elementor-column elementor-col-50 elementor-top-column elementor-element elementor-element-094cb43 sticky-parent\" data-id=\"094cb43\" data-element_type=\"column\">\n\t\t\t<div class=\"elementor-widget-wrap elementor-element-populated\">\n\t\t\t\t\t\t<div class=\"elementor-element elementor-element-7bff496 color-scheme-inherit text-left elementor-widget elementor-widget-text-editor\" data-id=\"7bff496\" data-element_type=\"widget\" data-widget_type=\"text-editor.default\">\n\t\t\t\t<div class=\"elementor-widget-container\">\n\t\t\t\t\t\t\t\t\t<p>And the landscape, carnal, sensual and forest, makes its entrance. Here the jungle of Fernando Varela unfolds, lyrical and transparent, immaterial and insinuating, vertical and parallel.<\/p><p>That real \u2013 wonderful pictorial ode to Antillean nature, to what they call the humid forest. In fact, it formalizes and places in an ecological context, structures, prostheses, envelopes, &quot;things&quot; of open definition, suggested in other spaces. That special and harmonious landscaping will continue to bear cultural fruits\u2026\u201d<\/p><p><strong class=\"notraducir\">Marianne de Tolentino<\/strong><br \/>Director of the National Gallery of Fine Arts<\/p>\t\t\t\t\t\t\t\t<\/div>\n\t\t\t\t<\/div>\n\t\t\t\t\t<\/div>\n\t\t<\/div>\n\t\t\t\t\t<\/div>\n\t\t<\/section>\n\t\t\t\t<section class=\"elementor-section elementor-top-section elementor-element elementor-element-395e8f2 elementor-reverse-mobile elementor-section-full_width elementor-section-stretched elementor-section-height-default elementor-section-height-default\" data-id=\"395e8f2\" data-element_type=\"section\" data-settings=\"{&quot;stretch_section&quot;:&quot;section-stretched&quot;}\">\n\t\t\t\t\t\t<div class=\"elementor-container elementor-column-gap-no\">\n\t\t\t\t\t<div class=\"elementor-column elementor-col-100 elementor-top-column elementor-element elementor-element-1fd92ef\" data-id=\"1fd92ef\" data-element_type=\"column\">\n\t\t\t<div class=\"elementor-widget-wrap elementor-element-populated\">\n\t\t\t\t\t\t<div class=\"elementor-element elementor-element-47a794c wd-width-100 elementor-widget elementor-widget-wd_images_gallery\" data-id=\"47a794c\" data-element_type=\"widget\" data-widget_type=\"wd_images_gallery.default\">\n\t\t\t\t<div class=\"elementor-widget-container\">\n\t\t\t\t\t\t\t<div class=\"wd-images-gallery photoswipe-images\" style=\"--wd-align-items:center; --wd-justify-content:center;\">\n\t\t\t\t\t\t<div class=\"wd-masonry wd-grid-f-col\" style=\"--wd-col-lg:3;--wd-col-md:3;--wd-col-sm:1;--wd-gap-lg:20px;--wd-gap-sm:10px;\" >\n\t\t\t\t\t\t\t\t\t\t\t\t\t\t\t\t\t\t<div class=\"wd-gallery-item wd-col\">\n\t\t\t\t\t\t\t\t\t\t\t\t\t<a  href=\"https:\/\/fvarelaart.com\/wp-content\/uploads\/2013\/01\/suenos-fragiles.jpg\" data-width=\"2000\" data-height=\"1126\" data-index=\"1\" data-elementor-open-lightbox=\"no\">\n\t\t\t\t\t\t\n\t\t\t\t\t\t<img loading=\"lazy\" decoding=\"async\" width=\"1300\" height=\"732\" src=\"https:\/\/fvarelaart.com\/wp-content\/uploads\/2013\/01\/suenos-fragiles-1300x732.jpg\" class=\"attachment-large size-large\" alt=\"suenos-fragiles\" srcset=\"https:\/\/fvarelaart.com\/wp-content\/uploads\/2013\/01\/suenos-fragiles-1300x732.jpg 1300w, https:\/\/fvarelaart.com\/wp-content\/uploads\/2013\/01\/suenos-fragiles-400x225.jpg 400w, https:\/\/fvarelaart.com\/wp-content\/uploads\/2013\/01\/suenos-fragiles-768x432.jpg 768w, https:\/\/fvarelaart.com\/wp-content\/uploads\/2013\/01\/suenos-fragiles-1536x865.jpg 1536w, https:\/\/fvarelaart.com\/wp-content\/uploads\/2013\/01\/suenos-fragiles.jpg 2000w\" sizes=\"auto, (max-width: 1300px) 100vw, 1300px\" \/>\n\t\t\t\t\t\t\t\t\t\t\t\t\t<\/a>\n\t\t\t\t\t\t\t\t\t\t\t<\/div>\n\t\t\t\t\t\t\t\t\t\t\t\t\t\t\t<div class=\"wd-gallery-item wd-col\">\n\t\t\t\t\t\t\t\t\t\t\t\t\t<a  href=\"https:\/\/fvarelaart.com\/wp-content\/uploads\/2013\/01\/suenos-fragiles-11.jpg\" data-width=\"608\" data-height=\"518\" data-index=\"2\" data-elementor-open-lightbox=\"no\">\n\t\t\t\t\t\t\n\t\t\t\t\t\t<img loading=\"lazy\" decoding=\"async\" width=\"608\" height=\"518\" src=\"https:\/\/fvarelaart.com\/wp-content\/uploads\/2013\/01\/suenos-fragiles-11.jpg\" class=\"attachment-large size-large\" alt=\"suenos-fragiles-11\" srcset=\"https:\/\/fvarelaart.com\/wp-content\/uploads\/2013\/01\/suenos-fragiles-11.jpg 608w, https:\/\/fvarelaart.com\/wp-content\/uploads\/2013\/01\/suenos-fragiles-11-352x300.jpg 352w\" sizes=\"auto, (max-width: 608px) 100vw, 608px\" \/>\n\t\t\t\t\t\t\t\t\t\t\t\t\t<\/a>\n\t\t\t\t\t\t\t\t\t\t\t<\/div>\n\t\t\t\t\t\t\t\t\t\t\t\t\t\t\t<div class=\"wd-gallery-item wd-col\">\n\t\t\t\t\t\t\t\t\t\t\t\t\t<a  href=\"https:\/\/fvarelaart.com\/wp-content\/uploads\/2013\/01\/suenos-fragiles-3.jpg\" data-width=\"704\" data-height=\"1072\" data-index=\"3\" data-elementor-open-lightbox=\"no\">\n\t\t\t\t\t\t\n\t\t\t\t\t\t<img loading=\"lazy\" decoding=\"async\" width=\"525\" height=\"800\" src=\"https:\/\/fvarelaart.com\/wp-content\/uploads\/2013\/01\/suenos-fragiles-3-525x800.jpg\" class=\"attachment-large size-large\" alt=\"suenos-fragiles-3\" srcset=\"https:\/\/fvarelaart.com\/wp-content\/uploads\/2013\/01\/suenos-fragiles-3-525x800.jpg 525w, https:\/\/fvarelaart.com\/wp-content\/uploads\/2013\/01\/suenos-fragiles-3-197x300.jpg 197w, https:\/\/fvarelaart.com\/wp-content\/uploads\/2013\/01\/suenos-fragiles-3.jpg 704w\" sizes=\"auto, (max-width: 525px) 100vw, 525px\" \/>\n\t\t\t\t\t\t\t\t\t\t\t\t\t<\/a>\n\t\t\t\t\t\t\t\t\t\t\t<\/div>\n\t\t\t\t\t\t\t\t\t\t\t\t\t\t\t<div class=\"wd-gallery-item wd-col\">\n\t\t\t\t\t\t\t\t\t\t\t\t\t<a  href=\"https:\/\/fvarelaart.com\/wp-content\/uploads\/2013\/01\/suenos-fragiles-7.jpg\" data-width=\"493\" data-height=\"648\" data-index=\"4\" data-elementor-open-lightbox=\"no\">\n\t\t\t\t\t\t\n\t\t\t\t\t\t<img loading=\"lazy\" decoding=\"async\" width=\"493\" height=\"648\" src=\"https:\/\/fvarelaart.com\/wp-content\/uploads\/2013\/01\/suenos-fragiles-7.jpg\" class=\"attachment-large size-large\" alt=\"suenos-fragiles-7\" srcset=\"https:\/\/fvarelaart.com\/wp-content\/uploads\/2013\/01\/suenos-fragiles-7.jpg 493w, https:\/\/fvarelaart.com\/wp-content\/uploads\/2013\/01\/suenos-fragiles-7-228x300.jpg 228w\" sizes=\"auto, (max-width: 493px) 100vw, 493px\" \/>\n\t\t\t\t\t\t\t\t\t\t\t\t\t<\/a>\n\t\t\t\t\t\t\t\t\t\t\t<\/div>\n\t\t\t\t\t\t\t\t\t\t\t\t\t\t\t<div class=\"wd-gallery-item wd-col\">\n\t\t\t\t\t\t\t\t\t\t\t\t\t<a  href=\"https:\/\/fvarelaart.com\/wp-content\/uploads\/2013\/01\/suenos-fragiles-10.jpg\" data-width=\"962\" data-height=\"1072\" data-index=\"5\" data-elementor-open-lightbox=\"no\">\n\t\t\t\t\t\t\n\t\t\t\t\t\t<img loading=\"lazy\" decoding=\"async\" width=\"718\" height=\"800\" src=\"https:\/\/fvarelaart.com\/wp-content\/uploads\/2013\/01\/suenos-fragiles-10-718x800.jpg\" class=\"attachment-large size-large\" alt=\"suenos-fragiles-10\" srcset=\"https:\/\/fvarelaart.com\/wp-content\/uploads\/2013\/01\/suenos-fragiles-10-718x800.jpg 718w, https:\/\/fvarelaart.com\/wp-content\/uploads\/2013\/01\/suenos-fragiles-10-269x300.jpg 269w, https:\/\/fvarelaart.com\/wp-content\/uploads\/2013\/01\/suenos-fragiles-10-768x856.jpg 768w, https:\/\/fvarelaart.com\/wp-content\/uploads\/2013\/01\/suenos-fragiles-10.jpg 962w\" sizes=\"auto, (max-width: 718px) 100vw, 718px\" \/>\n\t\t\t\t\t\t\t\t\t\t\t\t\t<\/a>\n\t\t\t\t\t\t\t\t\t\t\t<\/div>\n\t\t\t\t\t\t\t\t\t\t\t\t\t\t\t<div class=\"wd-gallery-item wd-col\">\n\t\t\t\t\t\t\t\t\t\t\t\t\t<a  href=\"https:\/\/fvarelaart.com\/wp-content\/uploads\/2013\/01\/suenos-fragiles-8.jpg\" data-width=\"1200\" data-height=\"837\" data-index=\"6\" data-elementor-open-lightbox=\"no\">\n\t\t\t\t\t\t\n\t\t\t\t\t\t<img loading=\"lazy\" decoding=\"async\" width=\"1147\" height=\"800\" src=\"https:\/\/fvarelaart.com\/wp-content\/uploads\/2013\/01\/suenos-fragiles-8-1147x800.jpg\" class=\"attachment-large size-large\" alt=\"suenos-fragiles-8\" srcset=\"https:\/\/fvarelaart.com\/wp-content\/uploads\/2013\/01\/suenos-fragiles-8-1147x800.jpg 1147w, https:\/\/fvarelaart.com\/wp-content\/uploads\/2013\/01\/suenos-fragiles-8-400x279.jpg 400w, https:\/\/fvarelaart.com\/wp-content\/uploads\/2013\/01\/suenos-fragiles-8-768x536.jpg 768w, https:\/\/fvarelaart.com\/wp-content\/uploads\/2013\/01\/suenos-fragiles-8.jpg 1200w\" sizes=\"auto, (max-width: 1147px) 100vw, 1147px\" \/>\n\t\t\t\t\t\t\t\t\t\t\t\t\t<\/a>\n\t\t\t\t\t\t\t\t\t\t\t<\/div>\n\t\t\t\t\t\t\t\t\t\t\t\t\t\t\t<div class=\"wd-gallery-item wd-col\">\n\t\t\t\t\t\t\t\t\t\t\t\t\t<a  href=\"https:\/\/fvarelaart.com\/wp-content\/uploads\/2013\/01\/suenos-fragiles-9.jpg\" data-width=\"855\" data-height=\"1072\" data-index=\"7\" data-elementor-open-lightbox=\"no\">\n\t\t\t\t\t\t\n\t\t\t\t\t\t<img loading=\"lazy\" decoding=\"async\" width=\"638\" height=\"800\" src=\"https:\/\/fvarelaart.com\/wp-content\/uploads\/2013\/01\/suenos-fragiles-9-638x800.jpg\" class=\"attachment-large size-large\" alt=\"suenos-fragiles-9\" srcset=\"https:\/\/fvarelaart.com\/wp-content\/uploads\/2013\/01\/suenos-fragiles-9-638x800.jpg 638w, https:\/\/fvarelaart.com\/wp-content\/uploads\/2013\/01\/suenos-fragiles-9-239x300.jpg 239w, https:\/\/fvarelaart.com\/wp-content\/uploads\/2013\/01\/suenos-fragiles-9-768x963.jpg 768w, https:\/\/fvarelaart.com\/wp-content\/uploads\/2013\/01\/suenos-fragiles-9.jpg 855w\" sizes=\"auto, (max-width: 638px) 100vw, 638px\" \/>\n\t\t\t\t\t\t\t\t\t\t\t\t\t<\/a>\n\t\t\t\t\t\t\t\t\t\t\t<\/div>\n\t\t\t\t\t\t\t\t\t\t\t\t\t\t\t<div class=\"wd-gallery-item wd-col\">\n\t\t\t\t\t\t\t\t\t\t\t\t\t<a  href=\"https:\/\/fvarelaart.com\/wp-content\/uploads\/2013\/01\/suenos-fragiles-4.jpg\" data-width=\"828\" data-height=\"1072\" data-index=\"8\" data-elementor-open-lightbox=\"no\">\n\t\t\t\t\t\t\n\t\t\t\t\t\t<img loading=\"lazy\" decoding=\"async\" width=\"618\" height=\"800\" src=\"https:\/\/fvarelaart.com\/wp-content\/uploads\/2013\/01\/suenos-fragiles-4-618x800.jpg\" class=\"attachment-large size-large\" alt=\"suenos-fragiles-4\" srcset=\"https:\/\/fvarelaart.com\/wp-content\/uploads\/2013\/01\/suenos-fragiles-4-618x800.jpg 618w, https:\/\/fvarelaart.com\/wp-content\/uploads\/2013\/01\/suenos-fragiles-4-232x300.jpg 232w, https:\/\/fvarelaart.com\/wp-content\/uploads\/2013\/01\/suenos-fragiles-4-768x994.jpg 768w, https:\/\/fvarelaart.com\/wp-content\/uploads\/2013\/01\/suenos-fragiles-4.jpg 828w\" sizes=\"auto, (max-width: 618px) 100vw, 618px\" \/>\n\t\t\t\t\t\t\t\t\t\t\t\t\t<\/a>\n\t\t\t\t\t\t\t\t\t\t\t<\/div>\n\t\t\t\t\t\t\t\t\t\t\t\t\t\t\t<div class=\"wd-gallery-item wd-col\">\n\t\t\t\t\t\t\t\t\t\t\t\t\t<a  href=\"https:\/\/fvarelaart.com\/wp-content\/uploads\/2013\/01\/suenos-fragiles-13.jpg\" data-width=\"957\" data-height=\"1072\" data-index=\"9\" data-elementor-open-lightbox=\"no\">\n\t\t\t\t\t\t\n\t\t\t\t\t\t<img loading=\"lazy\" decoding=\"async\" width=\"714\" height=\"800\" src=\"https:\/\/fvarelaart.com\/wp-content\/uploads\/2013\/01\/suenos-fragiles-13-714x800.jpg\" class=\"attachment-large size-large\" alt=\"suenos-fragiles-13\" srcset=\"https:\/\/fvarelaart.com\/wp-content\/uploads\/2013\/01\/suenos-fragiles-13-714x800.jpg 714w, https:\/\/fvarelaart.com\/wp-content\/uploads\/2013\/01\/suenos-fragiles-13-268x300.jpg 268w, https:\/\/fvarelaart.com\/wp-content\/uploads\/2013\/01\/suenos-fragiles-13-768x860.jpg 768w, https:\/\/fvarelaart.com\/wp-content\/uploads\/2013\/01\/suenos-fragiles-13.jpg 957w\" sizes=\"auto, (max-width: 714px) 100vw, 714px\" \/>\n\t\t\t\t\t\t\t\t\t\t\t\t\t<\/a>\n\t\t\t\t\t\t\t\t\t\t\t<\/div>\n\t\t\t\t\t\t\t\t\t\t\t\t\t\t\t<div class=\"wd-gallery-item wd-col\">\n\t\t\t\t\t\t\t\t\t\t\t\t\t<a  href=\"https:\/\/fvarelaart.com\/wp-content\/uploads\/2013\/01\/suenos-fragiles-2.jpg\" data-width=\"927\" data-height=\"1072\" data-index=\"10\" data-elementor-open-lightbox=\"no\">\n\t\t\t\t\t\t\n\t\t\t\t\t\t<img loading=\"lazy\" decoding=\"async\" width=\"692\" height=\"800\" src=\"https:\/\/fvarelaart.com\/wp-content\/uploads\/2013\/01\/suenos-fragiles-2-692x800.jpg\" class=\"attachment-large size-large\" alt=\"suenos-fragiles-2\" srcset=\"https:\/\/fvarelaart.com\/wp-content\/uploads\/2013\/01\/suenos-fragiles-2-692x800.jpg 692w, https:\/\/fvarelaart.com\/wp-content\/uploads\/2013\/01\/suenos-fragiles-2-259x300.jpg 259w, https:\/\/fvarelaart.com\/wp-content\/uploads\/2013\/01\/suenos-fragiles-2-768x888.jpg 768w, https:\/\/fvarelaart.com\/wp-content\/uploads\/2013\/01\/suenos-fragiles-2.jpg 927w\" sizes=\"auto, (max-width: 692px) 100vw, 692px\" \/>\n\t\t\t\t\t\t\t\t\t\t\t\t\t<\/a>\n\t\t\t\t\t\t\t\t\t\t\t<\/div>\n\t\t\t\t\t\t\t\t\t\t\t\t\t\t\t<div class=\"wd-gallery-item wd-col\">\n\t\t\t\t\t\t\t\t\t\t\t\t\t<a  href=\"https:\/\/fvarelaart.com\/wp-content\/uploads\/2013\/01\/suenos-fragiles-6.jpg\" data-width=\"1200\" data-height=\"918\" data-index=\"11\" data-elementor-open-lightbox=\"no\">\n\t\t\t\t\t\t\n\t\t\t\t\t\t<img loading=\"lazy\" decoding=\"async\" width=\"1046\" height=\"800\" src=\"https:\/\/fvarelaart.com\/wp-content\/uploads\/2013\/01\/suenos-fragiles-6-1046x800.jpg\" class=\"attachment-large size-large\" alt=\"suenos-fragiles-6\" srcset=\"https:\/\/fvarelaart.com\/wp-content\/uploads\/2013\/01\/suenos-fragiles-6-1046x800.jpg 1046w, https:\/\/fvarelaart.com\/wp-content\/uploads\/2013\/01\/suenos-fragiles-6-392x300.jpg 392w, https:\/\/fvarelaart.com\/wp-content\/uploads\/2013\/01\/suenos-fragiles-6-768x588.jpg 768w, https:\/\/fvarelaart.com\/wp-content\/uploads\/2013\/01\/suenos-fragiles-6.jpg 1200w\" sizes=\"auto, (max-width: 1046px) 100vw, 1046px\" \/>\n\t\t\t\t\t\t\t\t\t\t\t\t\t<\/a>\n\t\t\t\t\t\t\t\t\t\t\t<\/div>\n\t\t\t\t\t\t\t\t\t\t\t\t\t\t\t<div class=\"wd-gallery-item wd-col\">\n\t\t\t\t\t\t\t\t\t\t\t\t\t<a  href=\"https:\/\/fvarelaart.com\/wp-content\/uploads\/2013\/01\/suenos-fragiles-12.jpg\" data-width=\"1200\" data-height=\"774\" data-index=\"12\" data-elementor-open-lightbox=\"no\">\n\t\t\t\t\t\t\n\t\t\t\t\t\t<img loading=\"lazy\" decoding=\"async\" width=\"1200\" height=\"774\" src=\"https:\/\/fvarelaart.com\/wp-content\/uploads\/2013\/01\/suenos-fragiles-12.jpg\" class=\"attachment-large size-large\" alt=\"suenos-fragiles-12\" srcset=\"https:\/\/fvarelaart.com\/wp-content\/uploads\/2013\/01\/suenos-fragiles-12.jpg 1200w, https:\/\/fvarelaart.com\/wp-content\/uploads\/2013\/01\/suenos-fragiles-12-400x258.jpg 400w, https:\/\/fvarelaart.com\/wp-content\/uploads\/2013\/01\/suenos-fragiles-12-768x495.jpg 768w\" sizes=\"auto, (max-width: 1200px) 100vw, 1200px\" \/>\n\t\t\t\t\t\t\t\t\t\t\t\t\t<\/a>\n\t\t\t\t\t\t\t\t\t\t\t<\/div>\n\t\t\t\t\t\t\t\t\t\t\t\t\t\t\t<div class=\"wd-gallery-item wd-col\">\n\t\t\t\t\t\t\t\t\t\t\t\t\t<a  href=\"https:\/\/fvarelaart.com\/wp-content\/uploads\/2013\/01\/suenos-fragiles-5.jpg\" data-width=\"1200\" data-height=\"773\" data-index=\"13\" data-elementor-open-lightbox=\"no\">\n\t\t\t\t\t\t\n\t\t\t\t\t\t<img loading=\"lazy\" decoding=\"async\" width=\"1200\" height=\"773\" src=\"https:\/\/fvarelaart.com\/wp-content\/uploads\/2013\/01\/suenos-fragiles-5.jpg\" class=\"attachment-large size-large\" alt=\"suenos-fragiles-5\" srcset=\"https:\/\/fvarelaart.com\/wp-content\/uploads\/2013\/01\/suenos-fragiles-5.jpg 1200w, https:\/\/fvarelaart.com\/wp-content\/uploads\/2013\/01\/suenos-fragiles-5-400x258.jpg 400w, https:\/\/fvarelaart.com\/wp-content\/uploads\/2013\/01\/suenos-fragiles-5-768x495.jpg 768w\" sizes=\"auto, (max-width: 1200px) 100vw, 1200px\" \/>\n\t\t\t\t\t\t\t\t\t\t\t\t\t<\/a>\n\t\t\t\t\t\t\t\t\t\t\t<\/div>\n\t\t\t\t\t\t\t\t\t\t\t\t\t\t\t<div class=\"wd-gallery-item wd-col\">\n\t\t\t\t\t\t\t\t\t\t\t\t\t<a  href=\"https:\/\/fvarelaart.com\/wp-content\/uploads\/2024\/03\/fernando-varela-suenos-fragiles-1.jpeg\" data-width=\"1650\" data-height=\"1100\" data-index=\"14\" data-elementor-open-lightbox=\"no\">\n\t\t\t\t\t\t\n\t\t\t\t\t\t<img loading=\"lazy\" decoding=\"async\" width=\"1200\" height=\"800\" src=\"https:\/\/fvarelaart.com\/wp-content\/uploads\/2024\/03\/fernando-varela-suenos-fragiles-1-1200x800.jpeg\" class=\"attachment-large size-large\" alt=\"fernando-varela-suenos-fragiles-1\" srcset=\"https:\/\/fvarelaart.com\/wp-content\/uploads\/2024\/03\/fernando-varela-suenos-fragiles-1-1200x800.jpeg 1200w, https:\/\/fvarelaart.com\/wp-content\/uploads\/2024\/03\/fernando-varela-suenos-fragiles-1-400x267.jpeg 400w, https:\/\/fvarelaart.com\/wp-content\/uploads\/2024\/03\/fernando-varela-suenos-fragiles-1-768x512.jpeg 768w, https:\/\/fvarelaart.com\/wp-content\/uploads\/2024\/03\/fernando-varela-suenos-fragiles-1-1536x1024.jpeg 1536w, https:\/\/fvarelaart.com\/wp-content\/uploads\/2024\/03\/fernando-varela-suenos-fragiles-1.jpeg 1650w\" sizes=\"auto, (max-width: 1200px) 100vw, 1200px\" \/>\n\t\t\t\t\t\t\t\t\t\t\t\t\t<\/a>\n\t\t\t\t\t\t\t\t\t\t\t<\/div>\n\t\t\t\t\t\t\t\t\t\t\t\t\t\t\t<div class=\"wd-gallery-item wd-col\">\n\t\t\t\t\t\t\t\t\t\t\t\t\t<a  href=\"https:\/\/fvarelaart.com\/wp-content\/uploads\/2024\/03\/fernando-varela-suenos-fragiles-2.jpeg\" data-width=\"1650\" data-height=\"1100\" data-index=\"15\" data-elementor-open-lightbox=\"no\">\n\t\t\t\t\t\t\n\t\t\t\t\t\t<img loading=\"lazy\" decoding=\"async\" width=\"1200\" height=\"800\" src=\"https:\/\/fvarelaart.com\/wp-content\/uploads\/2024\/03\/fernando-varela-suenos-fragiles-2-1200x800.jpeg\" class=\"attachment-large size-large\" alt=\"fernando-varela-suenos-fragiles-2\" srcset=\"https:\/\/fvarelaart.com\/wp-content\/uploads\/2024\/03\/fernando-varela-suenos-fragiles-2-1200x800.jpeg 1200w, https:\/\/fvarelaart.com\/wp-content\/uploads\/2024\/03\/fernando-varela-suenos-fragiles-2-400x267.jpeg 400w, https:\/\/fvarelaart.com\/wp-content\/uploads\/2024\/03\/fernando-varela-suenos-fragiles-2-768x512.jpeg 768w, https:\/\/fvarelaart.com\/wp-content\/uploads\/2024\/03\/fernando-varela-suenos-fragiles-2-1536x1024.jpeg 1536w, https:\/\/fvarelaart.com\/wp-content\/uploads\/2024\/03\/fernando-varela-suenos-fragiles-2.jpeg 1650w\" sizes=\"auto, (max-width: 1200px) 100vw, 1200px\" \/>\n\t\t\t\t\t\t\t\t\t\t\t\t\t<\/a>\n\t\t\t\t\t\t\t\t\t\t\t<\/div>\n\t\t\t\t\t\t\t\t\t\t\t\t\t\t\t<div class=\"wd-gallery-item wd-col\">\n\t\t\t\t\t\t\t\t\t\t\t\t\t<a  href=\"https:\/\/fvarelaart.com\/wp-content\/uploads\/2024\/03\/fernando-varela-suenos-fragiles-3.jpeg\" data-width=\"1650\" data-height=\"1100\" data-index=\"16\" data-elementor-open-lightbox=\"no\">\n\t\t\t\t\t\t\n\t\t\t\t\t\t<img loading=\"lazy\" decoding=\"async\" width=\"1200\" height=\"800\" src=\"https:\/\/fvarelaart.com\/wp-content\/uploads\/2024\/03\/fernando-varela-suenos-fragiles-3-1200x800.jpeg\" class=\"attachment-large size-large\" alt=\"fernando-varela-suenos-fragiles-3\" srcset=\"https:\/\/fvarelaart.com\/wp-content\/uploads\/2024\/03\/fernando-varela-suenos-fragiles-3-1200x800.jpeg 1200w, https:\/\/fvarelaart.com\/wp-content\/uploads\/2024\/03\/fernando-varela-suenos-fragiles-3-400x267.jpeg 400w, https:\/\/fvarelaart.com\/wp-content\/uploads\/2024\/03\/fernando-varela-suenos-fragiles-3-768x512.jpeg 768w, https:\/\/fvarelaart.com\/wp-content\/uploads\/2024\/03\/fernando-varela-suenos-fragiles-3-1536x1024.jpeg 1536w, https:\/\/fvarelaart.com\/wp-content\/uploads\/2024\/03\/fernando-varela-suenos-fragiles-3.jpeg 1650w\" sizes=\"auto, (max-width: 1200px) 100vw, 1200px\" \/>\n\t\t\t\t\t\t\t\t\t\t\t\t\t<\/a>\n\t\t\t\t\t\t\t\t\t\t\t<\/div>\n\t\t\t\t\t\t\t\t\t\t\t\t\t\t\t<div class=\"wd-gallery-item wd-col\">\n\t\t\t\t\t\t\t\t\t\t\t\t\t<a  href=\"https:\/\/fvarelaart.com\/wp-content\/uploads\/2024\/03\/fernando-varela-suenos-fragiles-4.jpeg\" data-width=\"1650\" data-height=\"1100\" data-index=\"17\" data-elementor-open-lightbox=\"no\">\n\t\t\t\t\t\t\n\t\t\t\t\t\t<img loading=\"lazy\" decoding=\"async\" width=\"1200\" height=\"800\" src=\"https:\/\/fvarelaart.com\/wp-content\/uploads\/2024\/03\/fernando-varela-suenos-fragiles-4-1200x800.jpeg\" class=\"attachment-large size-large\" alt=\"fernando-varela-suenos-fragiles-4\" srcset=\"https:\/\/fvarelaart.com\/wp-content\/uploads\/2024\/03\/fernando-varela-suenos-fragiles-4-1200x800.jpeg 1200w, https:\/\/fvarelaart.com\/wp-content\/uploads\/2024\/03\/fernando-varela-suenos-fragiles-4-400x267.jpeg 400w, https:\/\/fvarelaart.com\/wp-content\/uploads\/2024\/03\/fernando-varela-suenos-fragiles-4-768x512.jpeg 768w, https:\/\/fvarelaart.com\/wp-content\/uploads\/2024\/03\/fernando-varela-suenos-fragiles-4-1536x1024.jpeg 1536w, https:\/\/fvarelaart.com\/wp-content\/uploads\/2024\/03\/fernando-varela-suenos-fragiles-4.jpeg 1650w\" sizes=\"auto, (max-width: 1200px) 100vw, 1200px\" \/>\n\t\t\t\t\t\t\t\t\t\t\t\t\t<\/a>\n\t\t\t\t\t\t\t\t\t\t\t<\/div>\n\t\t\t\t\t\t\t\t\t\t\t\t\t\t\t<div class=\"wd-gallery-item wd-col\">\n\t\t\t\t\t\t\t\t\t\t\t\t\t<a  href=\"https:\/\/fvarelaart.com\/wp-content\/uploads\/2024\/03\/fernando-varela-suenos-fragiles-5.jpeg\" data-width=\"1650\" data-height=\"1100\" data-index=\"18\" data-elementor-open-lightbox=\"no\">\n\t\t\t\t\t\t\n\t\t\t\t\t\t<img loading=\"lazy\" decoding=\"async\" width=\"1200\" height=\"800\" src=\"https:\/\/fvarelaart.com\/wp-content\/uploads\/2024\/03\/fernando-varela-suenos-fragiles-5-1200x800.jpeg\" class=\"attachment-large size-large\" alt=\"fernando-varela-suenos-fragiles-5\" srcset=\"https:\/\/fvarelaart.com\/wp-content\/uploads\/2024\/03\/fernando-varela-suenos-fragiles-5-1200x800.jpeg 1200w, https:\/\/fvarelaart.com\/wp-content\/uploads\/2024\/03\/fernando-varela-suenos-fragiles-5-400x267.jpeg 400w, https:\/\/fvarelaart.com\/wp-content\/uploads\/2024\/03\/fernando-varela-suenos-fragiles-5-768x512.jpeg 768w, https:\/\/fvarelaart.com\/wp-content\/uploads\/2024\/03\/fernando-varela-suenos-fragiles-5-1536x1024.jpeg 1536w, https:\/\/fvarelaart.com\/wp-content\/uploads\/2024\/03\/fernando-varela-suenos-fragiles-5.jpeg 1650w\" sizes=\"auto, (max-width: 1200px) 100vw, 1200px\" \/>\n\t\t\t\t\t\t\t\t\t\t\t\t\t<\/a>\n\t\t\t\t\t\t\t\t\t\t\t<\/div>\n\t\t\t\t\t\t\t\t\t\t\t\t\t\t\t<div class=\"wd-gallery-item wd-col\">\n\t\t\t\t\t\t\t\t\t\t\t\t\t<a  href=\"https:\/\/fvarelaart.com\/wp-content\/uploads\/2024\/03\/fernando-varela-suenos-fragiles-6.jpeg\" data-width=\"1650\" data-height=\"1100\" data-index=\"19\" data-elementor-open-lightbox=\"no\">\n\t\t\t\t\t\t\n\t\t\t\t\t\t<img loading=\"lazy\" decoding=\"async\" width=\"1200\" height=\"800\" src=\"https:\/\/fvarelaart.com\/wp-content\/uploads\/2024\/03\/fernando-varela-suenos-fragiles-6-1200x800.jpeg\" class=\"attachment-large size-large\" alt=\"fernando-varela-suenos-fragiles-6\" srcset=\"https:\/\/fvarelaart.com\/wp-content\/uploads\/2024\/03\/fernando-varela-suenos-fragiles-6-1200x800.jpeg 1200w, https:\/\/fvarelaart.com\/wp-content\/uploads\/2024\/03\/fernando-varela-suenos-fragiles-6-400x267.jpeg 400w, https:\/\/fvarelaart.com\/wp-content\/uploads\/2024\/03\/fernando-varela-suenos-fragiles-6-768x512.jpeg 768w, https:\/\/fvarelaart.com\/wp-content\/uploads\/2024\/03\/fernando-varela-suenos-fragiles-6-1536x1024.jpeg 1536w, https:\/\/fvarelaart.com\/wp-content\/uploads\/2024\/03\/fernando-varela-suenos-fragiles-6.jpeg 1650w\" sizes=\"auto, (max-width: 1200px) 100vw, 1200px\" \/>\n\t\t\t\t\t\t\t\t\t\t\t\t\t<\/a>\n\t\t\t\t\t\t\t\t\t\t\t<\/div>\n\t\t\t\t\t\t\t\t\t\t\t\t\t\t\t<div class=\"wd-gallery-item wd-col\">\n\t\t\t\t\t\t\t\t\t\t\t\t\t<a  href=\"https:\/\/fvarelaart.com\/wp-content\/uploads\/2024\/03\/fernando-varela-suenos-fragiles-7.jpeg\" data-width=\"1650\" data-height=\"1100\" data-index=\"20\" data-elementor-open-lightbox=\"no\">\n\t\t\t\t\t\t\n\t\t\t\t\t\t<img loading=\"lazy\" decoding=\"async\" width=\"1200\" height=\"800\" src=\"https:\/\/fvarelaart.com\/wp-content\/uploads\/2024\/03\/fernando-varela-suenos-fragiles-7-1200x800.jpeg\" class=\"attachment-large size-large\" alt=\"fernando-varela-suenos-fragiles-7\" srcset=\"https:\/\/fvarelaart.com\/wp-content\/uploads\/2024\/03\/fernando-varela-suenos-fragiles-7-1200x800.jpeg 1200w, https:\/\/fvarelaart.com\/wp-content\/uploads\/2024\/03\/fernando-varela-suenos-fragiles-7-400x267.jpeg 400w, https:\/\/fvarelaart.com\/wp-content\/uploads\/2024\/03\/fernando-varela-suenos-fragiles-7-768x512.jpeg 768w, https:\/\/fvarelaart.com\/wp-content\/uploads\/2024\/03\/fernando-varela-suenos-fragiles-7-1536x1024.jpeg 1536w, https:\/\/fvarelaart.com\/wp-content\/uploads\/2024\/03\/fernando-varela-suenos-fragiles-7.jpeg 1650w\" sizes=\"auto, (max-width: 1200px) 100vw, 1200px\" \/>\n\t\t\t\t\t\t\t\t\t\t\t\t\t<\/a>\n\t\t\t\t\t\t\t\t\t\t\t<\/div>\n\t\t\t\t\t\t\t\t\t\t\t\t\t<\/div>\n\t\t\t\t\t<\/div>\n\t\t\t\t\t\t<\/div>\n\t\t\t\t<\/div>\n\t\t\t\t\t<\/div>\n\t\t<\/div>\n\t\t\t\t\t<\/div>\n\t\t<\/section>\n\t\t<div class=\"wd-negative-gap elementor-element elementor-element-b3ad690 e-flex e-con-boxed e-con e-parent\" data-id=\"b3ad690\" data-element_type=\"container\">\n\t\t\t\t\t<div class=\"e-con-inner\">\n\t\t\t\t<div class=\"elementor-element elementor-element-2d99850 color-scheme-inherit text-left elementor-widget elementor-widget-text-editor\" data-id=\"2d99850\" data-element_type=\"widget\" data-widget_type=\"text-editor.default\">\n\t\t\t\t<div class=\"elementor-widget-container\">\n\t\t\t\t\t\t\t\t\t\t\t\t<link rel=\"stylesheet\" id=\"elementor-post-20177-css\" href=\"https:\/\/fvarelaart.com\/wp-content\/uploads\/elementor\/css\/post-20177.css?ver=1774667754\" type=\"text\/css\" media=\"all\">\n\t\t\t\t\t<div data-elementor-type=\"wp-post\" data-elementor-id=\"20177\" class=\"elementor elementor-20177\" data-elementor-post-type=\"cms_block\">\n\t\t\t\t\t\t<section class=\"elementor-section elementor-top-section elementor-element elementor-element-dd6baa9 wd-section-stretch-content elementor-reverse-mobile block elementor-section-boxed elementor-section-height-default elementor-section-height-default\" data-id=\"dd6baa9\" data-element_type=\"section\">\n\t\t\t\t\t\t<div class=\"elementor-container elementor-column-gap-no\">\n\t\t\t\t\t<div class=\"elementor-column elementor-col-100 elementor-top-column elementor-element elementor-element-b4f3dd6\" data-id=\"b4f3dd6\" data-element_type=\"column\">\n\t\t\t<div class=\"elementor-widget-wrap elementor-element-populated\">\n\t\t\t\t\t\t<div class=\"elementor-element elementor-element-d93b616 elementor-widget elementor-widget-heading\" data-id=\"d93b616\" data-element_type=\"widget\" data-widget_type=\"heading.default\">\n\t\t\t\t<div class=\"elementor-widget-container\">\n\t\t\t\t\t<h1 class=\"elementor-heading-title elementor-size-default\">Other Exhibitions<\/h1>\t\t\t\t<\/div>\n\t\t\t\t<\/div>\n\t\t\t\t<div class=\"elementor-element elementor-element-1b13bce elementor-widget-divider--view-line elementor-widget elementor-widget-divider\" data-id=\"1b13bce\" data-element_type=\"widget\" data-widget_type=\"divider.default\">\n\t\t\t\t<div class=\"elementor-widget-container\">\n\t\t\t\t\t\t\t<div class=\"elementor-divider\">\n\t\t\t<span class=\"elementor-divider-separator\">\n\t\t\t\t\t\t<\/span>\n\t\t<\/div>\n\t\t\t\t\t\t<\/div>\n\t\t\t\t<\/div>\n\t\t\t\t<div class=\"elementor-element elementor-element-ace778d elementor-arrows-position-outside elementor-widget elementor-widget-loop-carousel\" data-id=\"ace778d\" data-element_type=\"widget\" data-settings=\"{&quot;template_id&quot;:20169,&quot;slides_to_show&quot;:&quot;4&quot;,&quot;_skin&quot;:&quot;post&quot;,&quot;slides_to_show_tablet_extra&quot;:&quot;3&quot;,&quot;slides_to_show_tablet&quot;:&quot;2&quot;,&quot;slides_to_show_mobile_extra&quot;:&quot;2&quot;,&quot;slides_to_show_mobile&quot;:&quot;1&quot;,&quot;slides_to_scroll&quot;:&quot;1&quot;,&quot;edit_handle_selector&quot;:&quot;.elementor-loop-container&quot;,&quot;speed&quot;:500,&quot;arrows&quot;:&quot;yes&quot;,&quot;image_spacing_custom&quot;:{&quot;unit&quot;:&quot;px&quot;,&quot;size&quot;:10,&quot;sizes&quot;:[]},&quot;image_spacing_custom_tablet_extra&quot;:{&quot;unit&quot;:&quot;px&quot;,&quot;size&quot;:&quot;&quot;,&quot;sizes&quot;:[]},&quot;image_spacing_custom_tablet&quot;:{&quot;unit&quot;:&quot;px&quot;,&quot;size&quot;:&quot;&quot;,&quot;sizes&quot;:[]},&quot;image_spacing_custom_mobile_extra&quot;:{&quot;unit&quot;:&quot;px&quot;,&quot;size&quot;:&quot;&quot;,&quot;sizes&quot;:[]},&quot;image_spacing_custom_mobile&quot;:{&quot;unit&quot;:&quot;px&quot;,&quot;size&quot;:&quot;&quot;,&quot;sizes&quot;:[]}}\" data-widget_type=\"loop-carousel.post\">\n\t\t\t\t<div class=\"elementor-widget-container\">\n\t\t\t\t\t\t\t<div class=\"swiper elementor-loop-container elementor-grid\" role=\"list\" dir=\"ltr\">\n\t\t\t\t<div class=\"swiper-wrapper\" aria-live=\"polite\">\n\t\t<style id=\"loop-20169\">.elementor-20169 .elementor-element.elementor-element-5c0bbbc{--display:flex;--flex-direction:column;--container-widget-width:100%;--container-widget-height:initial;--container-widget-flex-grow:0;--container-widget-align-self:initial;--flex-wrap-mobile:wrap;--gap:0px 0px;--row-gap:0px;--column-gap:0px;}.elementor-20169 .elementor-element.elementor-element-43de545 > .elementor-widget-container{margin:10px 0px 5px 0px;}.elementor-20169 .elementor-element.elementor-element-43de545{text-align:center;}.elementor-20169 .elementor-element.elementor-element-43de545 .elementor-heading-title{font-size:1.3em;color:var( --e-global-color-text );}.elementor-20169 .elementor-element.elementor-element-0b80b6d > .elementor-widget-container{margin:0px 0px 5px 0px;}.elementor-20169 .elementor-element.elementor-element-0b80b6d{text-align:center;}.elementor-20169 .elementor-element.elementor-element-0b80b6d .elementor-heading-title{font-size:0.8em;color:var( --e-global-color-text );}.elementor-20169 .elementor-element.elementor-element-6c7dfb5{text-align:center;}.elementor-20169 .elementor-element.elementor-element-6c7dfb5 .elementor-heading-title{font-size:0.8em;color:var( --e-global-color-text );}@media(max-width:767px){.elementor-20169 .elementor-element.elementor-element-0b80b6d > .elementor-widget-container{margin:0px 0px 0px 0px;padding:0px 0px 0px 0px;}.elementor-20169 .elementor-element.elementor-element-0b80b6d .elementor-heading-title{font-size:0.8em;line-height:0.1em;}.elementor-20169 .elementor-element.elementor-element-6c7dfb5 > .elementor-widget-container{margin:0px 0px 0px 0px;padding:0px 0px 0px 0px;}.elementor-20169 .elementor-element.elementor-element-6c7dfb5 .elementor-heading-title{font-size:0.8em;line-height:0.1em;}}<\/style>\t\t<div data-elementor-type=\"loop-item\" data-elementor-id=\"20169\" class=\"elementor elementor-20169 swiper-slide e-loop-item e-loop-item-22809 post-22809 portfolio type-portfolio status-publish has-post-thumbnail hentry project-cat-161\" data-elementor-post-type=\"elementor_library\" role=\"group\" aria-roledescription=\"slide\" data-custom-edit-handle=\"1\">\n\t\t\t<div class=\"wd-negative-gap elementor-element elementor-element-5c0bbbc e-flex e-con-boxed e-con e-parent\" data-id=\"5c0bbbc\" data-element_type=\"container\">\n\t\t\t\t\t<div class=\"e-con-inner\">\n\t\t\t\t<div class=\"elementor-element elementor-element-c470322 elementor-widget elementor-widget-image\" data-id=\"c470322\" data-element_type=\"widget\" data-widget_type=\"image.default\">\n\t\t\t\t<div class=\"elementor-widget-container\">\n\t\t\t\t\t\t\t\t\t\t\t\t\t\t\t\t<a href=\"https:\/\/fvarelaart.com\/en\/expo\/echoes-of-the-other\/\">\n\t\t\t\t\t\t\t<img decoding=\"async\" src=\"https:\/\/fvarelaart.com\/wp-content\/uploads\/elementor\/thumbs\/fernando-varela-echoes-2025-12-scaled-rg2jglly8ke3zz7ui3lspa7qxqz66eqp7nyyr64xjg.jpeg\" title=\"fernando-varela-echoes-2025-12\" alt=\"fernando-varela-echoes-2025-12\" loading=\"lazy\" \/>\t\t\t\t\t\t\t\t<\/a>\n\t\t\t\t\t\t\t\t\t\t\t\t\t\t\t<\/div>\n\t\t\t\t<\/div>\n\t\t\t\t<div class=\"elementor-element elementor-element-43de545 notraducir elementor-widget elementor-widget-heading\" data-id=\"43de545\" data-element_type=\"widget\" data-widget_type=\"heading.default\">\n\t\t\t\t<div class=\"elementor-widget-container\">\n\t\t\t\t\t<h2 class=\"elementor-heading-title elementor-size-default\"><a href=\"https:\/\/fvarelaart.com\/en\/expo\/echoes-of-the-other\/\">Echoes of the Other<\/a><\/h2>\t\t\t\t<\/div>\n\t\t\t\t<\/div>\n\t\t\t\t<div class=\"elementor-element elementor-element-0b80b6d elementor-widget elementor-widget-heading\" data-id=\"0b80b6d\" data-element_type=\"widget\" data-widget_type=\"heading.default\">\n\t\t\t\t<div class=\"elementor-widget-container\">\n\t\t\t\t\t<h2 class=\"elementor-heading-title elementor-size-default\"><a href=\"https:\/\/fvarelaart.com\/en\/expo\/echoes-of-the-other\/\">Concept_11<\/a><\/h2>\t\t\t\t<\/div>\n\t\t\t\t<\/div>\n\t\t\t\t<div class=\"elementor-element elementor-element-6c7dfb5 elementor-widget elementor-widget-heading\" data-id=\"6c7dfb5\" data-element_type=\"widget\" data-widget_type=\"heading.default\">\n\t\t\t\t<div class=\"elementor-widget-container\">\n\t\t\t\t\t<h2 class=\"elementor-heading-title elementor-size-default\"><a href=\"https:\/\/fvarelaart.com\/en\/expo\/echoes-of-the-other\/\">2025<\/a><\/h2>\t\t\t\t<\/div>\n\t\t\t\t<\/div>\n\t\t\t\t\t<\/div>\n\t\t\t\t<\/div>\n\t\t\t\t<\/div>\n\t\t\t\t<div data-elementor-type=\"loop-item\" data-elementor-id=\"20169\" class=\"elementor elementor-20169 swiper-slide e-loop-item e-loop-item-22749 post-22749 portfolio type-portfolio status-publish has-post-thumbnail hentry project-cat-161\" data-elementor-post-type=\"elementor_library\" role=\"group\" aria-roledescription=\"slide\" data-custom-edit-handle=\"1\">\n\t\t\t<div class=\"wd-negative-gap elementor-element elementor-element-5c0bbbc e-flex e-con-boxed e-con e-parent\" data-id=\"5c0bbbc\" data-element_type=\"container\">\n\t\t\t\t\t<div class=\"e-con-inner\">\n\t\t\t\t<div class=\"elementor-element elementor-element-c470322 elementor-widget elementor-widget-image\" data-id=\"c470322\" data-element_type=\"widget\" data-widget_type=\"image.default\">\n\t\t\t\t<div class=\"elementor-widget-container\">\n\t\t\t\t\t\t\t\t\t\t\t\t\t\t\t\t<a href=\"https:\/\/fvarelaart.com\/en\/expo\/forma-y-vacio-upsilon-new-york\/\">\n\t\t\t\t\t\t\t<img decoding=\"async\" src=\"https:\/\/fvarelaart.com\/wp-content\/uploads\/elementor\/thumbs\/fernando-varela-upsylon-2024-enlazando-mundos-22-rg2ie5zisfs19z1mxhiyqzd8ikevfy5t9fo8bv4fyk.jpg\" title=\"ferando-varela-upsylon-2024-linking-worlds-22\" alt=\"fernando-varela-upsylon-2024-enlazando-mundos-22\" loading=\"lazy\" \/>\t\t\t\t\t\t\t\t<\/a>\n\t\t\t\t\t\t\t\t\t\t\t\t\t\t\t<\/div>\n\t\t\t\t<\/div>\n\t\t\t\t<div class=\"elementor-element elementor-element-43de545 notraducir elementor-widget elementor-widget-heading\" data-id=\"43de545\" data-element_type=\"widget\" data-widget_type=\"heading.default\">\n\t\t\t\t<div class=\"elementor-widget-container\">\n\t\t\t\t\t<h2 class=\"elementor-heading-title elementor-size-default\"><a href=\"https:\/\/fvarelaart.com\/en\/expo\/forma-y-vacio-upsilon-new-york\/\">Form and Emptiness: Fernando Varela and Carmen Herrera<\/a><\/h2>\t\t\t\t<\/div>\n\t\t\t\t<\/div>\n\t\t\t\t<div class=\"elementor-element elementor-element-0b80b6d elementor-widget elementor-widget-heading\" data-id=\"0b80b6d\" data-element_type=\"widget\" data-widget_type=\"heading.default\">\n\t\t\t\t<div class=\"elementor-widget-container\">\n\t\t\t\t\t<h2 class=\"elementor-heading-title elementor-size-default\"><a href=\"https:\/\/fvarelaart.com\/en\/expo\/forma-y-vacio-upsilon-new-york\/\">Upsilon Gallery<\/a><\/h2>\t\t\t\t<\/div>\n\t\t\t\t<\/div>\n\t\t\t\t<div class=\"elementor-element elementor-element-6c7dfb5 elementor-widget elementor-widget-heading\" data-id=\"6c7dfb5\" data-element_type=\"widget\" data-widget_type=\"heading.default\">\n\t\t\t\t<div class=\"elementor-widget-container\">\n\t\t\t\t\t<h2 class=\"elementor-heading-title elementor-size-default\"><a href=\"https:\/\/fvarelaart.com\/en\/expo\/forma-y-vacio-upsilon-new-york\/\">2025<\/a><\/h2>\t\t\t\t<\/div>\n\t\t\t\t<\/div>\n\t\t\t\t\t<\/div>\n\t\t\t\t<\/div>\n\t\t\t\t<\/div>\n\t\t\t\t<div data-elementor-type=\"loop-item\" data-elementor-id=\"20169\" class=\"elementor elementor-20169 swiper-slide e-loop-item e-loop-item-22640 post-22640 portfolio type-portfolio status-publish has-post-thumbnail hentry project-cat-159\" data-elementor-post-type=\"elementor_library\" role=\"group\" aria-roledescription=\"slide\" data-custom-edit-handle=\"1\">\n\t\t\t<div class=\"wd-negative-gap elementor-element elementor-element-5c0bbbc e-flex e-con-boxed e-con e-parent\" data-id=\"5c0bbbc\" data-element_type=\"container\">\n\t\t\t\t\t<div class=\"e-con-inner\">\n\t\t\t\t<div class=\"elementor-element elementor-element-c470322 elementor-widget elementor-widget-image\" data-id=\"c470322\" data-element_type=\"widget\" data-widget_type=\"image.default\">\n\t\t\t\t<div class=\"elementor-widget-container\">\n\t\t\t\t\t\t\t\t\t\t\t\t\t\t\t\t<a href=\"https:\/\/fvarelaart.com\/en\/expo\/ensayos-sobre-el-infinito-2\/\">\n\t\t\t\t\t\t\t<img decoding=\"async\" src=\"https:\/\/fvarelaart.com\/wp-content\/uploads\/elementor\/thumbs\/fernando-varela-facci-2024-enlazando-mundos-7-scaled-rfmld94gvccoi3oxaixeym7aj5p5p6t2dsog7xtgb0.jpg\" title=\"fernando-varela-facci-2024-linking-worlds-7\" alt=\"fernando-varela-facci-2024-enlazando-mundos-7\" loading=\"lazy\" \/>\t\t\t\t\t\t\t\t<\/a>\n\t\t\t\t\t\t\t\t\t\t\t\t\t\t\t<\/div>\n\t\t\t\t<\/div>\n\t\t\t\t<div class=\"elementor-element elementor-element-43de545 notraducir elementor-widget elementor-widget-heading\" data-id=\"43de545\" data-element_type=\"widget\" data-widget_type=\"heading.default\">\n\t\t\t\t<div class=\"elementor-widget-container\">\n\t\t\t\t\t<h2 class=\"elementor-heading-title elementor-size-default\"><a href=\"https:\/\/fvarelaart.com\/en\/expo\/ensayos-sobre-el-infinito-2\/\">Linking Worlds<\/a><\/h2>\t\t\t\t<\/div>\n\t\t\t\t<\/div>\n\t\t\t\t<div class=\"elementor-element elementor-element-0b80b6d elementor-widget elementor-widget-heading\" data-id=\"0b80b6d\" data-element_type=\"widget\" data-widget_type=\"heading.default\">\n\t\t\t\t<div class=\"elementor-widget-container\">\n\t\t\t\t\t<h2 class=\"elementor-heading-title elementor-size-default\"><a href=\"https:\/\/fvarelaart.com\/en\/expo\/ensayos-sobre-el-infinito-2\/\">Museum of Modern Art<\/a><\/h2>\t\t\t\t<\/div>\n\t\t\t\t<\/div>\n\t\t\t\t<div class=\"elementor-element elementor-element-6c7dfb5 elementor-widget elementor-widget-heading\" data-id=\"6c7dfb5\" data-element_type=\"widget\" data-widget_type=\"heading.default\">\n\t\t\t\t<div class=\"elementor-widget-container\">\n\t\t\t\t\t<h2 class=\"elementor-heading-title elementor-size-default\"><a href=\"https:\/\/fvarelaart.com\/en\/expo\/ensayos-sobre-el-infinito-2\/\">2024<\/a><\/h2>\t\t\t\t<\/div>\n\t\t\t\t<\/div>\n\t\t\t\t\t<\/div>\n\t\t\t\t<\/div>\n\t\t\t\t<\/div>\n\t\t\t\t<div data-elementor-type=\"loop-item\" data-elementor-id=\"20169\" class=\"elementor elementor-20169 swiper-slide e-loop-item e-loop-item-556 post-556 portfolio type-portfolio status-publish has-post-thumbnail hentry project-cat-137\" data-elementor-post-type=\"elementor_library\" role=\"group\" aria-roledescription=\"slide\" data-custom-edit-handle=\"1\">\n\t\t\t<div class=\"wd-negative-gap elementor-element elementor-element-5c0bbbc e-flex e-con-boxed e-con e-parent\" data-id=\"5c0bbbc\" data-element_type=\"container\">\n\t\t\t\t\t<div class=\"e-con-inner\">\n\t\t\t\t<div class=\"elementor-element elementor-element-c470322 elementor-widget elementor-widget-image\" data-id=\"c470322\" data-element_type=\"widget\" data-widget_type=\"image.default\">\n\t\t\t\t<div class=\"elementor-widget-container\">\n\t\t\t\t\t\t\t\t\t\t\t\t\t\t\t\t<a href=\"https:\/\/fvarelaart.com\/en\/expo\/mundos\/\">\n\t\t\t\t\t\t\t<img decoding=\"async\" src=\"https:\/\/fvarelaart.com\/wp-content\/uploads\/elementor\/thumbs\/mundos-7-qirk66532lyqw6c15lln93chwzyznl343ii3vl6958.jpg\" title=\"worlds-7\" alt=\"mundos-7\" loading=\"lazy\" \/>\t\t\t\t\t\t\t\t<\/a>\n\t\t\t\t\t\t\t\t\t\t\t\t\t\t\t<\/div>\n\t\t\t\t<\/div>\n\t\t\t\t<div class=\"elementor-element elementor-element-43de545 notraducir elementor-widget elementor-widget-heading\" data-id=\"43de545\" data-element_type=\"widget\" data-widget_type=\"heading.default\">\n\t\t\t\t<div class=\"elementor-widget-container\">\n\t\t\t\t\t<h2 class=\"elementor-heading-title elementor-size-default\"><a href=\"https:\/\/fvarelaart.com\/en\/expo\/mundos\/\">MUNDOS \u2013 Los Tr\u00e1nsitos de Fernando Varela<\/a><\/h2>\t\t\t\t<\/div>\n\t\t\t\t<\/div>\n\t\t\t\t<div class=\"elementor-element elementor-element-0b80b6d elementor-widget elementor-widget-heading\" data-id=\"0b80b6d\" data-element_type=\"widget\" data-widget_type=\"heading.default\">\n\t\t\t\t<div class=\"elementor-widget-container\">\n\t\t\t\t\t<h2 class=\"elementor-heading-title elementor-size-default\"><a href=\"https:\/\/fvarelaart.com\/en\/expo\/mundos\/\">Eduardo Le\u00f3n Jimenes Cultural Center<\/a><\/h2>\t\t\t\t<\/div>\n\t\t\t\t<\/div>\n\t\t\t\t<div class=\"elementor-element elementor-element-6c7dfb5 elementor-widget elementor-widget-heading\" data-id=\"6c7dfb5\" data-element_type=\"widget\" data-widget_type=\"heading.default\">\n\t\t\t\t<div class=\"elementor-widget-container\">\n\t\t\t\t\t<h2 class=\"elementor-heading-title elementor-size-default\"><a href=\"https:\/\/fvarelaart.com\/en\/expo\/mundos\/\">2022<\/a><\/h2>\t\t\t\t<\/div>\n\t\t\t\t<\/div>\n\t\t\t\t\t<\/div>\n\t\t\t\t<\/div>\n\t\t\t\t<\/div>\n\t\t\t\t<div data-elementor-type=\"loop-item\" data-elementor-id=\"20169\" class=\"elementor elementor-20169 swiper-slide e-loop-item e-loop-item-21225 post-21225 portfolio type-portfolio status-publish has-post-thumbnail hentry project-cat-137\" data-elementor-post-type=\"elementor_library\" role=\"group\" aria-roledescription=\"slide\" data-custom-edit-handle=\"1\">\n\t\t\t<div class=\"wd-negative-gap elementor-element elementor-element-5c0bbbc e-flex e-con-boxed e-con e-parent\" data-id=\"5c0bbbc\" data-element_type=\"container\">\n\t\t\t\t\t<div class=\"e-con-inner\">\n\t\t\t\t<div class=\"elementor-element elementor-element-c470322 elementor-widget elementor-widget-image\" data-id=\"c470322\" data-element_type=\"widget\" data-widget_type=\"image.default\">\n\t\t\t\t<div class=\"elementor-widget-container\">\n\t\t\t\t\t\t\t\t\t\t\t\t\t\t\t\t<a href=\"https:\/\/fvarelaart.com\/en\/expo\/ensayos-sobre-el-infinito\/\">\n\t\t\t\t\t\t\t<img decoding=\"async\" src=\"https:\/\/fvarelaart.com\/wp-content\/uploads\/elementor\/thumbs\/fernando-varela-ensayo-infinito-13-qkhtpsndlg6xozfpdq7hgtzlxxi8gz4i1rx9tgyrpo.jpg\" title=\"fernando-varela-essay-infinito-13\" alt=\"fernando-varela-ensayo-infinito-13\" loading=\"lazy\" \/>\t\t\t\t\t\t\t\t<\/a>\n\t\t\t\t\t\t\t\t\t\t\t\t\t\t\t<\/div>\n\t\t\t\t<\/div>\n\t\t\t\t<div class=\"elementor-element elementor-element-43de545 notraducir elementor-widget elementor-widget-heading\" data-id=\"43de545\" data-element_type=\"widget\" data-widget_type=\"heading.default\">\n\t\t\t\t<div class=\"elementor-widget-container\">\n\t\t\t\t\t<h2 class=\"elementor-heading-title elementor-size-default\"><a href=\"https:\/\/fvarelaart.com\/en\/expo\/ensayos-sobre-el-infinito\/\">Ensayos sobre el Infinito<\/a><\/h2>\t\t\t\t<\/div>\n\t\t\t\t<\/div>\n\t\t\t\t<div class=\"elementor-element elementor-element-0b80b6d elementor-widget elementor-widget-heading\" data-id=\"0b80b6d\" data-element_type=\"widget\" data-widget_type=\"heading.default\">\n\t\t\t\t<div class=\"elementor-widget-container\">\n\t\t\t\t\t<h2 class=\"elementor-heading-title elementor-size-default\"><a href=\"https:\/\/fvarelaart.com\/en\/expo\/ensayos-sobre-el-infinito\/\">Lucy Garc\u00eda Contemporary Art<\/a><\/h2>\t\t\t\t<\/div>\n\t\t\t\t<\/div>\n\t\t\t\t<div class=\"elementor-element elementor-element-6c7dfb5 elementor-widget elementor-widget-heading\" data-id=\"6c7dfb5\" data-element_type=\"widget\" data-widget_type=\"heading.default\">\n\t\t\t\t<div class=\"elementor-widget-container\">\n\t\t\t\t\t<h2 class=\"elementor-heading-title elementor-size-default\"><a href=\"https:\/\/fvarelaart.com\/en\/expo\/ensayos-sobre-el-infinito\/\">2022<\/a><\/h2>\t\t\t\t<\/div>\n\t\t\t\t<\/div>\n\t\t\t\t\t<\/div>\n\t\t\t\t<\/div>\n\t\t\t\t<\/div>\n\t\t\t\t<div data-elementor-type=\"loop-item\" data-elementor-id=\"20169\" class=\"elementor elementor-20169 swiper-slide e-loop-item e-loop-item-21228 post-21228 portfolio type-portfolio status-publish has-post-thumbnail hentry project-cat-125\" data-elementor-post-type=\"elementor_library\" role=\"group\" aria-roledescription=\"slide\" data-custom-edit-handle=\"1\">\n\t\t\t<div class=\"wd-negative-gap elementor-element elementor-element-5c0bbbc e-flex e-con-boxed e-con e-parent\" data-id=\"5c0bbbc\" data-element_type=\"container\">\n\t\t\t\t\t<div class=\"e-con-inner\">\n\t\t\t\t<div class=\"elementor-element elementor-element-c470322 elementor-widget elementor-widget-image\" data-id=\"c470322\" data-element_type=\"widget\" data-widget_type=\"image.default\">\n\t\t\t\t<div class=\"elementor-widget-container\">\n\t\t\t\t\t\t\t\t\t\t\t\t\t\t\t\t<a href=\"https:\/\/fvarelaart.com\/en\/expo\/forma-y-vacio-2013-2019\/\">\n\t\t\t\t\t\t\t<img decoding=\"async\" src=\"https:\/\/fvarelaart.com\/wp-content\/uploads\/elementor\/thumbs\/fernando-varela-forma-vacio-puerto-rico-2013-2019-28-scaled-qkeb9emxtcbc901a4xksgm1xavnj1sge5jh5vau6z0.jpeg\" title=\"fernando-varela-form-vacio-puerto-rico-2013-2019-28\" alt=\"fernando-varela-forma-vacio-puerto-rico-2013-2019-28\" loading=\"lazy\" \/>\t\t\t\t\t\t\t\t<\/a>\n\t\t\t\t\t\t\t\t\t\t\t\t\t\t\t<\/div>\n\t\t\t\t<\/div>\n\t\t\t\t<div class=\"elementor-element elementor-element-43de545 notraducir elementor-widget elementor-widget-heading\" data-id=\"43de545\" data-element_type=\"widget\" data-widget_type=\"heading.default\">\n\t\t\t\t<div class=\"elementor-widget-container\">\n\t\t\t\t\t<h2 class=\"elementor-heading-title elementor-size-default\"><a href=\"https:\/\/fvarelaart.com\/en\/expo\/forma-y-vacio-2013-2019\/\">Forma y Vacio 2013 \u2013 2019<\/a><\/h2>\t\t\t\t<\/div>\n\t\t\t\t<\/div>\n\t\t\t\t<div class=\"elementor-element elementor-element-0b80b6d elementor-widget elementor-widget-heading\" data-id=\"0b80b6d\" data-element_type=\"widget\" data-widget_type=\"heading.default\">\n\t\t\t\t<div class=\"elementor-widget-container\">\n\t\t\t\t\t<h2 class=\"elementor-heading-title elementor-size-default\"><a href=\"https:\/\/fvarelaart.com\/en\/expo\/forma-y-vacio-2013-2019\/\">Museum of the Americas<\/a><\/h2>\t\t\t\t<\/div>\n\t\t\t\t<\/div>\n\t\t\t\t<div class=\"elementor-element elementor-element-6c7dfb5 elementor-widget elementor-widget-heading\" data-id=\"6c7dfb5\" data-element_type=\"widget\" data-widget_type=\"heading.default\">\n\t\t\t\t<div class=\"elementor-widget-container\">\n\t\t\t\t\t<h2 class=\"elementor-heading-title elementor-size-default\"><a href=\"https:\/\/fvarelaart.com\/en\/expo\/forma-y-vacio-2013-2019\/\">2019<\/a><\/h2>\t\t\t\t<\/div>\n\t\t\t\t<\/div>\n\t\t\t\t\t<\/div>\n\t\t\t\t<\/div>\n\t\t\t\t<\/div>\n\t\t\t\t<\/div>\n\t\t<\/div>\n\t\t\t\t\t<div class=\"elementor-swiper-button elementor-swiper-button-prev\" role=\"button\" tabindex=\"0\" aria-label=\"Previous\">\n\t\t\t\t<i aria-hidden=\"true\" class=\"eicon-chevron-left\"><\/i>\t\t\t<\/div>\n\t\t\t<div class=\"elementor-swiper-button elementor-swiper-button-next\" role=\"button\" tabindex=\"0\" aria-label=\"Next\">\n\t\t\t\t<i aria-hidden=\"true\" class=\"eicon-chevron-right\"><\/i>\t\t\t<\/div>\n\t\t\t\t\t\t<\/div>\n\t\t\t\t<\/div>\n\t\t\t\t\t<\/div>\n\t\t<\/div>\n\t\t\t\t\t<\/div>\n\t\t<\/section>\n\t\t\t\t<\/div>\n\t\t\t\t\t\t\t\t\t\t<\/div>\n\t\t\t\t<\/div>\n\t\t\t\t\t<\/div>\n\t\t\t\t<\/div>\n\t\t\t\t<\/div>","protected":false},"excerpt":{"rendered":"<p>Exhibitions &gt; Fragile Dreams \u00ab\u2026Sail again through the tropical seas and return to the islands and the metamorphoses<\/p>","protected":false},"featured_media":21099,"menu_order":7,"template":"","meta":{"_acf_changed":false,"_links_to":"","_links_to_target":""},"project-cat":[145],"class_list":["post-20833","portfolio","type-portfolio","status-publish","has-post-thumbnail","hentry","project-cat-145"],"acf":[],"yoast_head":"<!-- This site is optimized with the Yoast SEO plugin v26.5 - https:\/\/yoast.com\/wordpress\/plugins\/seo\/ -->\n<title>Sue\u00f1os Fr\u00e1giles - Fernando Varela<\/title>\n<meta name=\"robots\" content=\"index, follow, max-snippet:-1, max-image-preview:large, max-video-preview:-1\" \/>\n<link rel=\"canonical\" href=\"https:\/\/fvarelaart.com\/en\/expo\/suenos-fragiles\/\" \/>\n<meta property=\"og:locale\" content=\"en_US\" \/>\n<meta property=\"og:type\" content=\"article\" \/>\n<meta property=\"og:title\" content=\"Sue\u00f1os Fr\u00e1giles - Fernando Varela\" \/>\n<meta property=\"og:description\" content=\"Exposiciones &gt; Sue\u00f1os Fr\u00e1giles \u00ab&#8230;Navega de nuevo por los mares del tropico y vuelve a las islas y las metamorfosis\" \/>\n<meta property=\"og:url\" content=\"https:\/\/fvarelaart.com\/en\/expo\/suenos-fragiles\/\" \/>\n<meta property=\"og:site_name\" content=\"Fernando Varela\" \/>\n<meta property=\"article:modified_time\" content=\"2024-03-17T17:11:56+00:00\" \/>\n<meta property=\"og:image\" content=\"https:\/\/fvarelaart.com\/wp-content\/uploads\/2008\/01\/727b01_3349c49942d24ae696ae23dddc7ee262.jpg\" \/>\n\t<meta property=\"og:image:width\" content=\"1071\" \/>\n\t<meta property=\"og:image:height\" content=\"1200\" \/>\n\t<meta property=\"og:image:type\" content=\"image\/jpeg\" \/>\n<meta name=\"twitter:card\" content=\"summary_large_image\" \/>\n<meta name=\"twitter:label1\" content=\"Est. reading time\" \/>\n\t<meta name=\"twitter:data1\" content=\"9 minutes\" \/>\n<script type=\"application\/ld+json\" class=\"yoast-schema-graph\">{\"@context\":\"https:\/\/schema.org\",\"@graph\":[{\"@type\":\"WebPage\",\"@id\":\"https:\/\/fvarelaart.com\/expo\/suenos-fragiles\/\",\"url\":\"https:\/\/fvarelaart.com\/expo\/suenos-fragiles\/\",\"name\":\"Sue\u00f1os Fr\u00e1giles - Fernando Varela\",\"isPartOf\":{\"@id\":\"https:\/\/fvarelaart.com\/#website\"},\"primaryImageOfPage\":{\"@id\":\"https:\/\/fvarelaart.com\/expo\/suenos-fragiles\/#primaryimage\"},\"image\":{\"@id\":\"https:\/\/fvarelaart.com\/expo\/suenos-fragiles\/#primaryimage\"},\"thumbnailUrl\":\"https:\/\/fvarelaart.com\/wp-content\/uploads\/2008\/01\/727b01_3349c49942d24ae696ae23dddc7ee262.jpg\",\"datePublished\":\"2008-01-01T19:41:41+00:00\",\"dateModified\":\"2024-03-17T17:11:56+00:00\",\"breadcrumb\":{\"@id\":\"https:\/\/fvarelaart.com\/expo\/suenos-fragiles\/#breadcrumb\"},\"inLanguage\":\"en-US\",\"potentialAction\":[{\"@type\":\"ReadAction\",\"target\":[\"https:\/\/fvarelaart.com\/expo\/suenos-fragiles\/\"]}]},{\"@type\":\"ImageObject\",\"inLanguage\":\"en-US\",\"@id\":\"https:\/\/fvarelaart.com\/expo\/suenos-fragiles\/#primaryimage\",\"url\":\"https:\/\/fvarelaart.com\/wp-content\/uploads\/2008\/01\/727b01_3349c49942d24ae696ae23dddc7ee262.jpg\",\"contentUrl\":\"https:\/\/fvarelaart.com\/wp-content\/uploads\/2008\/01\/727b01_3349c49942d24ae696ae23dddc7ee262.jpg\",\"width\":1071,\"height\":1200},{\"@type\":\"BreadcrumbList\",\"@id\":\"https:\/\/fvarelaart.com\/expo\/suenos-fragiles\/#breadcrumb\",\"itemListElement\":[{\"@type\":\"ListItem\",\"position\":1,\"name\":\"Home\",\"item\":\"https:\/\/fvarelaart.com\/\"},{\"@type\":\"ListItem\",\"position\":2,\"name\":\"Portfolio\",\"item\":\"https:\/\/fvarelaart.com\/en\/expo\/\"},{\"@type\":\"ListItem\",\"position\":3,\"name\":\"Sue\u00f1os Fr\u00e1giles\"}]},{\"@type\":\"WebSite\",\"@id\":\"https:\/\/fvarelaart.com\/#website\",\"url\":\"https:\/\/fvarelaart.com\/\",\"name\":\"Fernando Varela\",\"description\":\"\",\"publisher\":{\"@id\":\"https:\/\/fvarelaart.com\/#organization\"},\"potentialAction\":[{\"@type\":\"SearchAction\",\"target\":{\"@type\":\"EntryPoint\",\"urlTemplate\":\"https:\/\/fvarelaart.com\/?s={search_term_string}\"},\"query-input\":{\"@type\":\"PropertyValueSpecification\",\"valueRequired\":true,\"valueName\":\"search_term_string\"}}],\"inLanguage\":\"en-US\"},{\"@type\":\"Organization\",\"@id\":\"https:\/\/fvarelaart.com\/#organization\",\"name\":\"Fernando Varela\",\"url\":\"https:\/\/fvarelaart.com\/\",\"logo\":{\"@type\":\"ImageObject\",\"inLanguage\":\"en-US\",\"@id\":\"https:\/\/fvarelaart.com\/#\/schema\/logo\/image\/\",\"url\":\"https:\/\/fvarelaart.com\/wp-content\/uploads\/2023\/11\/varela-logo.jpg\",\"contentUrl\":\"https:\/\/fvarelaart.com\/wp-content\/uploads\/2023\/11\/varela-logo.jpg\",\"width\":800,\"height\":356,\"caption\":\"Fernando Varela\"},\"image\":{\"@id\":\"https:\/\/fvarelaart.com\/#\/schema\/logo\/image\/\"},\"sameAs\":[\"https:\/\/www.instagram.com\/fernandovarelaart\/\"]}]}<\/script>\n<!-- \/ Yoast SEO plugin. -->","yoast_head_json":{"title":"Sue\u00f1os Fr\u00e1giles - Fernando Varela","robots":{"index":"index","follow":"follow","max-snippet":"max-snippet:-1","max-image-preview":"max-image-preview:large","max-video-preview":"max-video-preview:-1"},"canonical":"https:\/\/fvarelaart.com\/en\/expo\/suenos-fragiles\/","og_locale":"en_US","og_type":"article","og_title":"Sue\u00f1os Fr\u00e1giles - Fernando Varela","og_description":"Exposiciones &gt; Sue\u00f1os Fr\u00e1giles \u00ab&#8230;Navega de nuevo por los mares del tropico y vuelve a las islas y las metamorfosis","og_url":"https:\/\/fvarelaart.com\/en\/expo\/suenos-fragiles\/","og_site_name":"Fernando Varela","article_modified_time":"2024-03-17T17:11:56+00:00","og_image":[{"width":1071,"height":1200,"url":"https:\/\/fvarelaart.com\/wp-content\/uploads\/2008\/01\/727b01_3349c49942d24ae696ae23dddc7ee262.jpg","type":"image\/jpeg"}],"twitter_card":"summary_large_image","twitter_misc":{"Est. reading time":"9 minutes"},"schema":{"@context":"https:\/\/schema.org","@graph":[{"@type":"WebPage","@id":"https:\/\/fvarelaart.com\/expo\/suenos-fragiles\/","url":"https:\/\/fvarelaart.com\/expo\/suenos-fragiles\/","name":"Sue\u00f1os Fr\u00e1giles - Fernando Varela","isPartOf":{"@id":"https:\/\/fvarelaart.com\/#website"},"primaryImageOfPage":{"@id":"https:\/\/fvarelaart.com\/expo\/suenos-fragiles\/#primaryimage"},"image":{"@id":"https:\/\/fvarelaart.com\/expo\/suenos-fragiles\/#primaryimage"},"thumbnailUrl":"https:\/\/fvarelaart.com\/wp-content\/uploads\/2008\/01\/727b01_3349c49942d24ae696ae23dddc7ee262.jpg","datePublished":"2008-01-01T19:41:41+00:00","dateModified":"2024-03-17T17:11:56+00:00","breadcrumb":{"@id":"https:\/\/fvarelaart.com\/expo\/suenos-fragiles\/#breadcrumb"},"inLanguage":"en-US","potentialAction":[{"@type":"ReadAction","target":["https:\/\/fvarelaart.com\/expo\/suenos-fragiles\/"]}]},{"@type":"ImageObject","inLanguage":"en-US","@id":"https:\/\/fvarelaart.com\/expo\/suenos-fragiles\/#primaryimage","url":"https:\/\/fvarelaart.com\/wp-content\/uploads\/2008\/01\/727b01_3349c49942d24ae696ae23dddc7ee262.jpg","contentUrl":"https:\/\/fvarelaart.com\/wp-content\/uploads\/2008\/01\/727b01_3349c49942d24ae696ae23dddc7ee262.jpg","width":1071,"height":1200},{"@type":"BreadcrumbList","@id":"https:\/\/fvarelaart.com\/expo\/suenos-fragiles\/#breadcrumb","itemListElement":[{"@type":"ListItem","position":1,"name":"Home","item":"https:\/\/fvarelaart.com\/"},{"@type":"ListItem","position":2,"name":"Portfolio","item":"https:\/\/fvarelaart.com\/en\/expo\/"},{"@type":"ListItem","position":3,"name":"Sue\u00f1os Fr\u00e1giles"}]},{"@type":"WebSite","@id":"https:\/\/fvarelaart.com\/#website","url":"https:\/\/fvarelaart.com\/","name":"Fernando Varela","description":"","publisher":{"@id":"https:\/\/fvarelaart.com\/#organization"},"potentialAction":[{"@type":"SearchAction","target":{"@type":"EntryPoint","urlTemplate":"https:\/\/fvarelaart.com\/?s={search_term_string}"},"query-input":{"@type":"PropertyValueSpecification","valueRequired":true,"valueName":"search_term_string"}}],"inLanguage":"en-US"},{"@type":"Organization","@id":"https:\/\/fvarelaart.com\/#organization","name":"Fernando Varela","url":"https:\/\/fvarelaart.com\/","logo":{"@type":"ImageObject","inLanguage":"en-US","@id":"https:\/\/fvarelaart.com\/#\/schema\/logo\/image\/","url":"https:\/\/fvarelaart.com\/wp-content\/uploads\/2023\/11\/varela-logo.jpg","contentUrl":"https:\/\/fvarelaart.com\/wp-content\/uploads\/2023\/11\/varela-logo.jpg","width":800,"height":356,"caption":"Fernando Varela"},"image":{"@id":"https:\/\/fvarelaart.com\/#\/schema\/logo\/image\/"},"sameAs":["https:\/\/www.instagram.com\/fernandovarelaart\/"]}]}},"_links":{"self":[{"href":"https:\/\/fvarelaart.com\/en\/wp-json\/wp\/v2\/portfolio\/20833","targetHints":{"allow":["GET"]}}],"collection":[{"href":"https:\/\/fvarelaart.com\/en\/wp-json\/wp\/v2\/portfolio"}],"about":[{"href":"https:\/\/fvarelaart.com\/en\/wp-json\/wp\/v2\/types\/portfolio"}],"version-history":[{"count":5,"href":"https:\/\/fvarelaart.com\/en\/wp-json\/wp\/v2\/portfolio\/20833\/revisions"}],"predecessor-version":[{"id":22412,"href":"https:\/\/fvarelaart.com\/en\/wp-json\/wp\/v2\/portfolio\/20833\/revisions\/22412"}],"wp:featuredmedia":[{"embeddable":true,"href":"https:\/\/fvarelaart.com\/en\/wp-json\/wp\/v2\/media\/21099"}],"wp:attachment":[{"href":"https:\/\/fvarelaart.com\/en\/wp-json\/wp\/v2\/media?parent=20833"}],"wp:term":[{"taxonomy":"project-cat","embeddable":true,"href":"https:\/\/fvarelaart.com\/en\/wp-json\/wp\/v2\/project-cat?post=20833"}],"curies":[{"name":"wp","href":"https:\/\/api.w.org\/{rel}","templated":true}]}}