{"id":20755,"date":"2013-01-01T19:41:41","date_gmt":"2013-01-01T19:41:41","guid":{"rendered":"https:\/\/fvarelaart.com\/?post_type=portfolio&#038;p=20755"},"modified":"2024-04-03T00:23:23","modified_gmt":"2024-04-03T00:23:23","slug":"origenes-formas-primarias","status":"publish","type":"portfolio","link":"https:\/\/fvarelaart.com\/en\/expo\/origenes-formas-primarias\/","title":{"rendered":"Or\u00edgenes y Formas Primarias"},"content":{"rendered":"<div data-elementor-type=\"wp-post\" data-elementor-id=\"20755\" class=\"elementor elementor-20755\" data-elementor-post-type=\"portfolio\">\n\t\t\t\t\t\t<section class=\"wd-negative-gap elementor-section elementor-top-section elementor-element elementor-element-117814c elementor-section-content-top elementor-section-full_width max-width-container elementor-section-height-default elementor-section-height-default\" data-id=\"117814c\" data-element_type=\"section\">\n\t\t\t\t\t\t<div class=\"elementor-container elementor-column-gap-default\">\n\t\t\t\t\t<div class=\"elementor-column elementor-col-50 elementor-top-column elementor-element elementor-element-d8abf71 sticky-parent\" data-id=\"d8abf71\" data-element_type=\"column\">\n\t\t\t<div class=\"elementor-widget-wrap elementor-element-populated\">\n\t\t\t\t\t\t<div class=\"elementor-element elementor-element-8fae8e8 bread elementor-widget elementor-widget-wd_text_block\" data-id=\"8fae8e8\" data-element_type=\"widget\" data-widget_type=\"wd_text_block.default\">\n\t\t\t\t<div class=\"elementor-widget-container\">\n\t\t\t\t\t\t\t<div class=\"wd-text-block reset-last-child text-left\">\n\t\t\t\n\t\t\t<strong><a href=\"https:\/\/fernandovarelaart.com\/exposiciones\/\">Exhibitions<\/a> <\/strong>&gt; Or\u00edgenes y Formas Primarias\n\t\t\t\t\t<\/div>\n\t\t\t\t\t\t<\/div>\n\t\t\t\t<\/div>\n\t\t\t\t<div class=\"elementor-element elementor-element-5271f29 notraducir elementor-widget elementor-widget-heading\" data-id=\"5271f29\" data-element_type=\"widget\" data-widget_type=\"heading.default\">\n\t\t\t\t<div class=\"elementor-widget-container\">\n\t\t\t\t\t<h2 class=\"elementor-heading-title elementor-size-default\">Museum of Modern Art (MAM)<\/h2>\t\t\t\t<\/div>\n\t\t\t\t<\/div>\n\t\t\t\t<div class=\"elementor-element elementor-element-3ec2db6 text-right color-scheme-inherit elementor-widget elementor-widget-text-editor\" data-id=\"3ec2db6\" data-element_type=\"widget\" data-widget_type=\"text-editor.default\">\n\t\t\t\t<div class=\"elementor-widget-container\">\n\t\t\t\t\t\t\t\t\tSanto Domingo Dominican Republic\t\t\t\t\t\t\t\t<\/div>\n\t\t\t\t<\/div>\n\t\t\t\t<div class=\"elementor-element elementor-element-0075fcd text-right color-scheme-inherit elementor-widget elementor-widget-text-editor\" data-id=\"0075fcd\" data-element_type=\"widget\" data-widget_type=\"text-editor.default\">\n\t\t\t\t<div class=\"elementor-widget-container\">\n\t\t\t\t\t\t\t\t\t2013\t\t\t\t\t\t\t\t<\/div>\n\t\t\t\t<\/div>\n\t\t\t\t<div class=\"elementor-element elementor-element-2870c2b color-scheme-inherit text-left elementor-widget elementor-widget-text-editor\" data-id=\"2870c2b\" data-element_type=\"widget\" data-widget_type=\"text-editor.default\">\n\t\t\t\t<div class=\"elementor-widget-container\">\n\t\t\t\t\t\t\t\t\t<p>Although, according to Jean Baudrillard, art has become iconoclastic today - but a modern iconoclasm, which no longer consists of breaking images but of manufacturing them, with a profusion of images in which there is nothing to see; images that literally leave no traces, without aesthetic consequences, survive, outside of this trend, in his general view, an art committed to its time and its own destiny. This is the case of many artists who, inside and outside our context, venture down the less easy path. Their works are the result of their experience and personal search, which leads them to create forms that make up realities full of meaning.<\/p><p>In the works of Fernando Varela we find that constant, which defines the work as a way of self-knowledge and access to the transcendental and from the spiritual dimension of art, he seeks to transcend the limits of sensible reality, to find answers to questions that seek to be resolved from his philosophical study of reality and being, connecting with that current of thought that emerged with the historical avant-garde, which has in Mondrian \u2013 an artist he is interested in and studies \u2013 one of its greatest representatives and who understands art as an inquiry of the absolute.<\/p><p>In fact, art is for Varela a way of life, and the act of creation is a necessity that has led him since his beginnings to constantly reinvent himself in a perfect balance \u2013 conceptual formal \u2013 between abstraction and figuration, between construction and deconstruction, achieving through the stubborn reiteration of forms, representing and transmitting their vision of the world and their ideas regarding their surrounding reality.<\/p><p>In Origins and Primary Forms, he alludes, through basic elements, to the beginning of all things, to their primordial origin. From his conceptual and stylistic maturity and with technical mastery, he formally begins with the point as the minimal element of representation, to form the line that takes an ovoid shape and is constantly repeated as a precise and inexhaustible element.\u00a0<\/p>\t\t\t\t\t\t\t\t<\/div>\n\t\t\t\t<\/div>\n\t\t\t\t\t<\/div>\n\t\t<\/div>\n\t\t\t\t<div class=\"elementor-column elementor-col-50 elementor-top-column elementor-element elementor-element-4ecd982 sticky-parent\" data-id=\"4ecd982\" data-element_type=\"column\">\n\t\t\t<div class=\"elementor-widget-wrap elementor-element-populated\">\n\t\t\t\t\t\t<div class=\"elementor-element elementor-element-76bb9e2 color-scheme-inherit text-left elementor-widget elementor-widget-text-editor\" data-id=\"76bb9e2\" data-element_type=\"widget\" data-widget_type=\"text-editor.default\">\n\t\t\t\t<div class=\"elementor-widget-container\">\n\t\t\t\t\t\t\t\t\t<p>Such precision in his drawing is extrapolated to the sober and concise chromaticism that expresses, through that reduced palette and his careful compositions, what I understand as his quest for perfection. A perfection related to the work itself, to nature, and to creation.<\/p><p>Recreated spirituality that, as a leitmotif, is reiterated throughout more than three decades of artistic production, and that takes shape in this corpus made up of thirty-nine works, which make up this exhibition, in which the greats expressly predominate. formats.<\/p><p>Origins and Primary Forms, is therefore an anthological exhibition, which collects some of his most recent works and was born with a traveling vocation, in an attempt to cross the borders of time and physical space, to position itself internationally in the right place that belongs to it. : as one of the most important contemporary artists in our country, allowing his works to be not only witnesses and testimonies of the time, and a reflection of his inner world; but also a vehicle that connects him with the reality that surrounds him, expressing his \u201cphilosophical and mystical reflections.\u201d Those that underlie the depths of the spirit, combining in these two series, symbology, graphics and mysticism, with works, which in their own words, \u201cstart from the point as the origin of the entire universe, creating new forms that return to the origin, and like this, until eternity.\u201d<\/p><p><strong class=\"notraducir\">Mar\u00eda Elena Ditr\u00e9n<\/strong><br \/>Director of the Museum of Modern Art Dominican Republic<\/p>\t\t\t\t\t\t\t\t<\/div>\n\t\t\t\t<\/div>\n\t\t\t\t<div class=\"elementor-element elementor-element-431608a elementor-widget elementor-widget-video\" data-id=\"431608a\" data-element_type=\"widget\" data-settings=\"{&quot;youtube_url&quot;:&quot;https:\\\/\\\/www.youtube.com\\\/watch?v=4oBwN4r7VA4&quot;,&quot;video_type&quot;:&quot;youtube&quot;,&quot;controls&quot;:&quot;yes&quot;}\" data-widget_type=\"video.default\">\n\t\t\t\t<div class=\"elementor-widget-container\">\n\t\t\t\t\t\t\t<div class=\"elementor-wrapper elementor-open-inline\">\n\t\t\t<div class=\"elementor-video\"><\/div>\t\t<\/div>\n\t\t\t\t\t\t<\/div>\n\t\t\t\t<\/div>\n\t\t\t\t\t<\/div>\n\t\t<\/div>\n\t\t\t\t\t<\/div>\n\t\t<\/section>\n\t\t\t\t<section class=\"elementor-section elementor-top-section elementor-element elementor-element-9a9be76 elementor-reverse-mobile elementor-section-full_width elementor-section-stretched elementor-section-height-default elementor-section-height-default\" data-id=\"9a9be76\" data-element_type=\"section\" data-settings=\"{&quot;stretch_section&quot;:&quot;section-stretched&quot;}\">\n\t\t\t\t\t\t<div class=\"elementor-container elementor-column-gap-no\">\n\t\t\t\t\t<div class=\"elementor-column elementor-col-100 elementor-top-column elementor-element elementor-element-3dc6049\" data-id=\"3dc6049\" data-element_type=\"column\">\n\t\t\t<div class=\"elementor-widget-wrap elementor-element-populated\">\n\t\t\t\t\t\t<div class=\"elementor-element elementor-element-38ff8d3 wd-width-100 elementor-widget elementor-widget-wd_images_gallery\" data-id=\"38ff8d3\" data-element_type=\"widget\" data-widget_type=\"wd_images_gallery.default\">\n\t\t\t\t<div class=\"elementor-widget-container\">\n\t\t\t\t\t\t\t<div class=\"wd-images-gallery photoswipe-images\" style=\"--wd-align-items:center; --wd-justify-content:center;\">\n\t\t\t\t\t\t<div class=\"wd-masonry wd-grid-f-col\" style=\"--wd-col-lg:3;--wd-col-md:3;--wd-col-sm:1;--wd-gap-lg:20px;--wd-gap-sm:10px;\" >\n\t\t\t\t\t\t\t\t\t\t\t\t\t\t\t\t\t\t<div class=\"wd-gallery-item wd-col\">\n\t\t\t\t\t\t\t\t\t\t\t\t\t<a  href=\"https:\/\/fvarelaart.com\/wp-content\/uploads\/2024\/03\/fernando-varela-origines-formas-primarias-12.jpeg\" data-width=\"755\" data-height=\"1100\" data-index=\"1\" data-elementor-open-lightbox=\"no\">\n\t\t\t\t\t\t\n\t\t\t\t\t\t<img loading=\"lazy\" decoding=\"async\" width=\"549\" height=\"800\" src=\"https:\/\/fvarelaart.com\/wp-content\/uploads\/2024\/03\/fernando-varela-origines-formas-primarias-12-549x800.jpeg\" class=\"attachment-large size-large\" alt=\"fernando-varela-origines-formas-primarias-12\" srcset=\"https:\/\/fvarelaart.com\/wp-content\/uploads\/2024\/03\/fernando-varela-origines-formas-primarias-12-549x800.jpeg 549w, https:\/\/fvarelaart.com\/wp-content\/uploads\/2024\/03\/fernando-varela-origines-formas-primarias-12-206x300.jpeg 206w, https:\/\/fvarelaart.com\/wp-content\/uploads\/2024\/03\/fernando-varela-origines-formas-primarias-12.jpeg 755w\" sizes=\"auto, (max-width: 549px) 100vw, 549px\" \/>\n\t\t\t\t\t\t\t\t\t\t\t\t\t<\/a>\n\t\t\t\t\t\t\t\t\t\t\t<\/div>\n\t\t\t\t\t\t\t\t\t\t\t\t\t\t\t<div class=\"wd-gallery-item wd-col\">\n\t\t\t\t\t\t\t\t\t\t\t\t\t<a  href=\"https:\/\/fvarelaart.com\/wp-content\/uploads\/2024\/03\/fernando-varela-origines-formas-primarias-9.jpeg\" data-width=\"1500\" data-height=\"1000\" data-index=\"2\" data-elementor-open-lightbox=\"no\">\n\t\t\t\t\t\t\n\t\t\t\t\t\t<img loading=\"lazy\" decoding=\"async\" width=\"1200\" height=\"800\" src=\"https:\/\/fvarelaart.com\/wp-content\/uploads\/2024\/03\/fernando-varela-origines-formas-primarias-9-1200x800.jpeg\" class=\"attachment-large size-large\" alt=\"fernando-varela-origines-formas-primarias-9\" srcset=\"https:\/\/fvarelaart.com\/wp-content\/uploads\/2024\/03\/fernando-varela-origines-formas-primarias-9-1200x800.jpeg 1200w, https:\/\/fvarelaart.com\/wp-content\/uploads\/2024\/03\/fernando-varela-origines-formas-primarias-9-400x267.jpeg 400w, https:\/\/fvarelaart.com\/wp-content\/uploads\/2024\/03\/fernando-varela-origines-formas-primarias-9-768x512.jpeg 768w, https:\/\/fvarelaart.com\/wp-content\/uploads\/2024\/03\/fernando-varela-origines-formas-primarias-9.jpeg 1500w\" sizes=\"auto, (max-width: 1200px) 100vw, 1200px\" \/>\n\t\t\t\t\t\t\t\t\t\t\t\t\t<\/a>\n\t\t\t\t\t\t\t\t\t\t\t<\/div>\n\t\t\t\t\t\t\t\t\t\t\t\t\t\t\t<div class=\"wd-gallery-item wd-col\">\n\t\t\t\t\t\t\t\t\t\t\t\t\t<a  href=\"https:\/\/fvarelaart.com\/wp-content\/uploads\/2024\/03\/fernando-varela-origines-formas-primarias-16.jpeg\" data-width=\"1500\" data-height=\"342\" data-index=\"3\" data-elementor-open-lightbox=\"no\">\n\t\t\t\t\t\t\n\t\t\t\t\t\t<img loading=\"lazy\" decoding=\"async\" width=\"1300\" height=\"296\" src=\"https:\/\/fvarelaart.com\/wp-content\/uploads\/2024\/03\/fernando-varela-origines-formas-primarias-16-1300x296.jpeg\" class=\"attachment-large size-large\" alt=\"fernando-varela-origines-formas-primarias-16\" srcset=\"https:\/\/fvarelaart.com\/wp-content\/uploads\/2024\/03\/fernando-varela-origines-formas-primarias-16-1300x296.jpeg 1300w, https:\/\/fvarelaart.com\/wp-content\/uploads\/2024\/03\/fernando-varela-origines-formas-primarias-16-400x91.jpeg 400w, https:\/\/fvarelaart.com\/wp-content\/uploads\/2024\/03\/fernando-varela-origines-formas-primarias-16-768x175.jpeg 768w, https:\/\/fvarelaart.com\/wp-content\/uploads\/2024\/03\/fernando-varela-origines-formas-primarias-16.jpeg 1500w\" sizes=\"auto, (max-width: 1300px) 100vw, 1300px\" \/>\n\t\t\t\t\t\t\t\t\t\t\t\t\t<\/a>\n\t\t\t\t\t\t\t\t\t\t\t<\/div>\n\t\t\t\t\t\t\t\t\t\t\t\t\t\t\t<div class=\"wd-gallery-item wd-col\">\n\t\t\t\t\t\t\t\t\t\t\t\t\t<a  href=\"https:\/\/fvarelaart.com\/wp-content\/uploads\/2024\/03\/fernando-varela-origines-formas-primarias-25.jpeg\" data-width=\"1500\" data-height=\"1000\" data-index=\"4\" data-elementor-open-lightbox=\"no\">\n\t\t\t\t\t\t\n\t\t\t\t\t\t<img loading=\"lazy\" decoding=\"async\" width=\"1200\" height=\"800\" src=\"https:\/\/fvarelaart.com\/wp-content\/uploads\/2024\/03\/fernando-varela-origines-formas-primarias-25-1200x800.jpeg\" class=\"attachment-large size-large\" alt=\"fernando-varela-origines-formas-primarias-25\" srcset=\"https:\/\/fvarelaart.com\/wp-content\/uploads\/2024\/03\/fernando-varela-origines-formas-primarias-25-1200x800.jpeg 1200w, https:\/\/fvarelaart.com\/wp-content\/uploads\/2024\/03\/fernando-varela-origines-formas-primarias-25-400x267.jpeg 400w, https:\/\/fvarelaart.com\/wp-content\/uploads\/2024\/03\/fernando-varela-origines-formas-primarias-25-768x512.jpeg 768w, https:\/\/fvarelaart.com\/wp-content\/uploads\/2024\/03\/fernando-varela-origines-formas-primarias-25.jpeg 1500w\" sizes=\"auto, (max-width: 1200px) 100vw, 1200px\" \/>\n\t\t\t\t\t\t\t\t\t\t\t\t\t<\/a>\n\t\t\t\t\t\t\t\t\t\t\t<\/div>\n\t\t\t\t\t\t\t\t\t\t\t\t\t\t\t<div class=\"wd-gallery-item wd-col\">\n\t\t\t\t\t\t\t\t\t\t\t\t\t<a  href=\"https:\/\/fvarelaart.com\/wp-content\/uploads\/2024\/03\/fernando-varela-origines-formas-primarias-20.jpeg\" data-width=\"1500\" data-height=\"1000\" data-index=\"5\" data-elementor-open-lightbox=\"no\">\n\t\t\t\t\t\t\n\t\t\t\t\t\t<img loading=\"lazy\" decoding=\"async\" width=\"1200\" height=\"800\" src=\"https:\/\/fvarelaart.com\/wp-content\/uploads\/2024\/03\/fernando-varela-origines-formas-primarias-20-1200x800.jpeg\" class=\"attachment-large size-large\" alt=\"fernando-varela-origines-formas-primarias-20\" srcset=\"https:\/\/fvarelaart.com\/wp-content\/uploads\/2024\/03\/fernando-varela-origines-formas-primarias-20-1200x800.jpeg 1200w, https:\/\/fvarelaart.com\/wp-content\/uploads\/2024\/03\/fernando-varela-origines-formas-primarias-20-400x267.jpeg 400w, https:\/\/fvarelaart.com\/wp-content\/uploads\/2024\/03\/fernando-varela-origines-formas-primarias-20-768x512.jpeg 768w, https:\/\/fvarelaart.com\/wp-content\/uploads\/2024\/03\/fernando-varela-origines-formas-primarias-20.jpeg 1500w\" sizes=\"auto, (max-width: 1200px) 100vw, 1200px\" \/>\n\t\t\t\t\t\t\t\t\t\t\t\t\t<\/a>\n\t\t\t\t\t\t\t\t\t\t\t<\/div>\n\t\t\t\t\t\t\t\t\t\t\t\t\t\t\t<div class=\"wd-gallery-item wd-col\">\n\t\t\t\t\t\t\t\t\t\t\t\t\t<a  href=\"https:\/\/fvarelaart.com\/wp-content\/uploads\/2024\/03\/fernando-varela-origines-formas-primarias-23.jpeg\" data-width=\"1500\" data-height=\"1000\" data-index=\"6\" data-elementor-open-lightbox=\"no\">\n\t\t\t\t\t\t\n\t\t\t\t\t\t<img loading=\"lazy\" decoding=\"async\" width=\"1200\" height=\"800\" src=\"https:\/\/fvarelaart.com\/wp-content\/uploads\/2024\/03\/fernando-varela-origines-formas-primarias-23-1200x800.jpeg\" class=\"attachment-large size-large\" alt=\"fernando-varela-origines-formas-primarias-23\" srcset=\"https:\/\/fvarelaart.com\/wp-content\/uploads\/2024\/03\/fernando-varela-origines-formas-primarias-23-1200x800.jpeg 1200w, https:\/\/fvarelaart.com\/wp-content\/uploads\/2024\/03\/fernando-varela-origines-formas-primarias-23-400x267.jpeg 400w, https:\/\/fvarelaart.com\/wp-content\/uploads\/2024\/03\/fernando-varela-origines-formas-primarias-23-768x512.jpeg 768w, https:\/\/fvarelaart.com\/wp-content\/uploads\/2024\/03\/fernando-varela-origines-formas-primarias-23.jpeg 1500w\" sizes=\"auto, (max-width: 1200px) 100vw, 1200px\" \/>\n\t\t\t\t\t\t\t\t\t\t\t\t\t<\/a>\n\t\t\t\t\t\t\t\t\t\t\t<\/div>\n\t\t\t\t\t\t\t\t\t\t\t\t\t\t\t<div class=\"wd-gallery-item wd-col\">\n\t\t\t\t\t\t\t\t\t\t\t\t\t<a  href=\"https:\/\/fvarelaart.com\/wp-content\/uploads\/2024\/03\/fernando-varela-origines-formas-primarias-19.jpeg\" data-width=\"1500\" data-height=\"1000\" data-index=\"7\" data-elementor-open-lightbox=\"no\">\n\t\t\t\t\t\t\n\t\t\t\t\t\t<img loading=\"lazy\" decoding=\"async\" width=\"1200\" height=\"800\" src=\"https:\/\/fvarelaart.com\/wp-content\/uploads\/2024\/03\/fernando-varela-origines-formas-primarias-19-1200x800.jpeg\" class=\"attachment-large size-large\" alt=\"fernando-varela-origines-formas-primarias-19\" srcset=\"https:\/\/fvarelaart.com\/wp-content\/uploads\/2024\/03\/fernando-varela-origines-formas-primarias-19-1200x800.jpeg 1200w, https:\/\/fvarelaart.com\/wp-content\/uploads\/2024\/03\/fernando-varela-origines-formas-primarias-19-400x267.jpeg 400w, https:\/\/fvarelaart.com\/wp-content\/uploads\/2024\/03\/fernando-varela-origines-formas-primarias-19-768x512.jpeg 768w, https:\/\/fvarelaart.com\/wp-content\/uploads\/2024\/03\/fernando-varela-origines-formas-primarias-19.jpeg 1500w\" sizes=\"auto, (max-width: 1200px) 100vw, 1200px\" \/>\n\t\t\t\t\t\t\t\t\t\t\t\t\t<\/a>\n\t\t\t\t\t\t\t\t\t\t\t<\/div>\n\t\t\t\t\t\t\t\t\t\t\t\t\t\t\t<div class=\"wd-gallery-item wd-col\">\n\t\t\t\t\t\t\t\t\t\t\t\t\t<a  href=\"https:\/\/fvarelaart.com\/wp-content\/uploads\/2024\/03\/fernando-varela-origines-formas-primarias-17.jpeg\" data-width=\"1500\" data-height=\"1000\" data-index=\"8\" data-elementor-open-lightbox=\"no\">\n\t\t\t\t\t\t\n\t\t\t\t\t\t<img loading=\"lazy\" decoding=\"async\" width=\"1200\" height=\"800\" src=\"https:\/\/fvarelaart.com\/wp-content\/uploads\/2024\/03\/fernando-varela-origines-formas-primarias-17-1200x800.jpeg\" class=\"attachment-large size-large\" alt=\"fernando-varela-origines-formas-primarias-17\" srcset=\"https:\/\/fvarelaart.com\/wp-content\/uploads\/2024\/03\/fernando-varela-origines-formas-primarias-17-1200x800.jpeg 1200w, https:\/\/fvarelaart.com\/wp-content\/uploads\/2024\/03\/fernando-varela-origines-formas-primarias-17-400x267.jpeg 400w, https:\/\/fvarelaart.com\/wp-content\/uploads\/2024\/03\/fernando-varela-origines-formas-primarias-17-768x512.jpeg 768w, https:\/\/fvarelaart.com\/wp-content\/uploads\/2024\/03\/fernando-varela-origines-formas-primarias-17.jpeg 1500w\" sizes=\"auto, (max-width: 1200px) 100vw, 1200px\" \/>\n\t\t\t\t\t\t\t\t\t\t\t\t\t<\/a>\n\t\t\t\t\t\t\t\t\t\t\t<\/div>\n\t\t\t\t\t\t\t\t\t\t\t\t\t\t\t<div class=\"wd-gallery-item wd-col\">\n\t\t\t\t\t\t\t\t\t\t\t\t\t<a  href=\"https:\/\/fvarelaart.com\/wp-content\/uploads\/2024\/03\/fernando-varela-origines-formas-primarias-18.jpeg\" data-width=\"1179\" data-height=\"1100\" data-index=\"9\" data-elementor-open-lightbox=\"no\">\n\t\t\t\t\t\t\n\t\t\t\t\t\t<img loading=\"lazy\" decoding=\"async\" width=\"857\" height=\"800\" src=\"https:\/\/fvarelaart.com\/wp-content\/uploads\/2024\/03\/fernando-varela-origines-formas-primarias-18-857x800.jpeg\" class=\"attachment-large size-large\" alt=\"fernando-varela-origines-formas-primarias-18\" srcset=\"https:\/\/fvarelaart.com\/wp-content\/uploads\/2024\/03\/fernando-varela-origines-formas-primarias-18-857x800.jpeg 857w, https:\/\/fvarelaart.com\/wp-content\/uploads\/2024\/03\/fernando-varela-origines-formas-primarias-18-322x300.jpeg 322w, https:\/\/fvarelaart.com\/wp-content\/uploads\/2024\/03\/fernando-varela-origines-formas-primarias-18-768x717.jpeg 768w, https:\/\/fvarelaart.com\/wp-content\/uploads\/2024\/03\/fernando-varela-origines-formas-primarias-18.jpeg 1179w\" sizes=\"auto, (max-width: 857px) 100vw, 857px\" \/>\n\t\t\t\t\t\t\t\t\t\t\t\t\t<\/a>\n\t\t\t\t\t\t\t\t\t\t\t<\/div>\n\t\t\t\t\t\t\t\t\t\t\t\t\t\t\t<div class=\"wd-gallery-item wd-col\">\n\t\t\t\t\t\t\t\t\t\t\t\t\t<a  href=\"https:\/\/fvarelaart.com\/wp-content\/uploads\/2024\/03\/fernando-varela-origines-formas-primarias-8.jpeg\" data-width=\"1200\" data-height=\"761\" data-index=\"10\" data-elementor-open-lightbox=\"no\">\n\t\t\t\t\t\t\n\t\t\t\t\t\t<img loading=\"lazy\" decoding=\"async\" width=\"1200\" height=\"761\" src=\"https:\/\/fvarelaart.com\/wp-content\/uploads\/2024\/03\/fernando-varela-origines-formas-primarias-8.jpeg\" class=\"attachment-large size-large\" alt=\"fernando-varela-origines-formas-primarias-8\" srcset=\"https:\/\/fvarelaart.com\/wp-content\/uploads\/2024\/03\/fernando-varela-origines-formas-primarias-8.jpeg 1200w, https:\/\/fvarelaart.com\/wp-content\/uploads\/2024\/03\/fernando-varela-origines-formas-primarias-8-400x254.jpeg 400w, https:\/\/fvarelaart.com\/wp-content\/uploads\/2024\/03\/fernando-varela-origines-formas-primarias-8-768x487.jpeg 768w\" sizes=\"auto, (max-width: 1200px) 100vw, 1200px\" \/>\n\t\t\t\t\t\t\t\t\t\t\t\t\t<\/a>\n\t\t\t\t\t\t\t\t\t\t\t<\/div>\n\t\t\t\t\t\t\t\t\t\t\t\t\t\t\t<div class=\"wd-gallery-item wd-col\">\n\t\t\t\t\t\t\t\t\t\t\t\t\t<a  href=\"https:\/\/fvarelaart.com\/wp-content\/uploads\/2024\/03\/fernando-varela-origines-formas-primarias-14.jpeg\" data-width=\"1200\" data-height=\"801\" data-index=\"11\" data-elementor-open-lightbox=\"no\">\n\t\t\t\t\t\t\n\t\t\t\t\t\t<img loading=\"lazy\" decoding=\"async\" width=\"1199\" height=\"800\" src=\"https:\/\/fvarelaart.com\/wp-content\/uploads\/2024\/03\/fernando-varela-origines-formas-primarias-14.jpeg\" class=\"attachment-large size-large\" alt=\"fernando-varela-origines-formas-primarias-14\" srcset=\"https:\/\/fvarelaart.com\/wp-content\/uploads\/2024\/03\/fernando-varela-origines-formas-primarias-14.jpeg 1200w, https:\/\/fvarelaart.com\/wp-content\/uploads\/2024\/03\/fernando-varela-origines-formas-primarias-14-400x267.jpeg 400w, https:\/\/fvarelaart.com\/wp-content\/uploads\/2024\/03\/fernando-varela-origines-formas-primarias-14-768x513.jpeg 768w\" sizes=\"auto, (max-width: 1199px) 100vw, 1199px\" \/>\n\t\t\t\t\t\t\t\t\t\t\t\t\t<\/a>\n\t\t\t\t\t\t\t\t\t\t\t<\/div>\n\t\t\t\t\t\t\t\t\t\t\t\t\t\t\t<div class=\"wd-gallery-item wd-col\">\n\t\t\t\t\t\t\t\t\t\t\t\t\t<a  href=\"https:\/\/fvarelaart.com\/wp-content\/uploads\/2024\/03\/fernando-varela-origines-formas-primarias-21.jpeg\" data-width=\"1200\" data-height=\"801\" data-index=\"12\" data-elementor-open-lightbox=\"no\">\n\t\t\t\t\t\t\n\t\t\t\t\t\t<img loading=\"lazy\" decoding=\"async\" width=\"1199\" height=\"800\" src=\"https:\/\/fvarelaart.com\/wp-content\/uploads\/2024\/03\/fernando-varela-origines-formas-primarias-21.jpeg\" class=\"attachment-large size-large\" alt=\"fernando-varela-origines-formas-primarias-21\" srcset=\"https:\/\/fvarelaart.com\/wp-content\/uploads\/2024\/03\/fernando-varela-origines-formas-primarias-21.jpeg 1200w, https:\/\/fvarelaart.com\/wp-content\/uploads\/2024\/03\/fernando-varela-origines-formas-primarias-21-400x267.jpeg 400w, https:\/\/fvarelaart.com\/wp-content\/uploads\/2024\/03\/fernando-varela-origines-formas-primarias-21-768x513.jpeg 768w\" sizes=\"auto, (max-width: 1199px) 100vw, 1199px\" \/>\n\t\t\t\t\t\t\t\t\t\t\t\t\t<\/a>\n\t\t\t\t\t\t\t\t\t\t\t<\/div>\n\t\t\t\t\t\t\t\t\t\t\t\t\t\t\t<div class=\"wd-gallery-item wd-col\">\n\t\t\t\t\t\t\t\t\t\t\t\t\t<a  href=\"https:\/\/fvarelaart.com\/wp-content\/uploads\/2024\/03\/fernando-varela-origines-formas-primarias-29.jpeg\" data-width=\"1500\" data-height=\"1000\" data-index=\"13\" data-elementor-open-lightbox=\"no\">\n\t\t\t\t\t\t\n\t\t\t\t\t\t<img loading=\"lazy\" decoding=\"async\" width=\"1200\" height=\"800\" src=\"https:\/\/fvarelaart.com\/wp-content\/uploads\/2024\/03\/fernando-varela-origines-formas-primarias-29-1200x800.jpeg\" class=\"attachment-large size-large\" alt=\"fernando-varela-origines-formas-primarias-29\" srcset=\"https:\/\/fvarelaart.com\/wp-content\/uploads\/2024\/03\/fernando-varela-origines-formas-primarias-29-1200x800.jpeg 1200w, https:\/\/fvarelaart.com\/wp-content\/uploads\/2024\/03\/fernando-varela-origines-formas-primarias-29-400x267.jpeg 400w, https:\/\/fvarelaart.com\/wp-content\/uploads\/2024\/03\/fernando-varela-origines-formas-primarias-29-768x512.jpeg 768w, https:\/\/fvarelaart.com\/wp-content\/uploads\/2024\/03\/fernando-varela-origines-formas-primarias-29.jpeg 1500w\" sizes=\"auto, (max-width: 1200px) 100vw, 1200px\" \/>\n\t\t\t\t\t\t\t\t\t\t\t\t\t<\/a>\n\t\t\t\t\t\t\t\t\t\t\t<\/div>\n\t\t\t\t\t\t\t\t\t\t\t\t\t\t\t<div class=\"wd-gallery-item wd-col\">\n\t\t\t\t\t\t\t\t\t\t\t\t\t<a  href=\"https:\/\/fvarelaart.com\/wp-content\/uploads\/2024\/03\/fernando-varela-origines-formas-primarias-36.jpeg\" data-width=\"1500\" data-height=\"1000\" data-index=\"14\" data-elementor-open-lightbox=\"no\">\n\t\t\t\t\t\t\n\t\t\t\t\t\t<img loading=\"lazy\" decoding=\"async\" width=\"1200\" height=\"800\" src=\"https:\/\/fvarelaart.com\/wp-content\/uploads\/2024\/03\/fernando-varela-origines-formas-primarias-36-1200x800.jpeg\" class=\"attachment-large size-large\" alt=\"fernando-varela-origines-formas-primarias-36\" srcset=\"https:\/\/fvarelaart.com\/wp-content\/uploads\/2024\/03\/fernando-varela-origines-formas-primarias-36-1200x800.jpeg 1200w, https:\/\/fvarelaart.com\/wp-content\/uploads\/2024\/03\/fernando-varela-origines-formas-primarias-36-400x267.jpeg 400w, https:\/\/fvarelaart.com\/wp-content\/uploads\/2024\/03\/fernando-varela-origines-formas-primarias-36-768x512.jpeg 768w, https:\/\/fvarelaart.com\/wp-content\/uploads\/2024\/03\/fernando-varela-origines-formas-primarias-36.jpeg 1500w\" sizes=\"auto, (max-width: 1200px) 100vw, 1200px\" \/>\n\t\t\t\t\t\t\t\t\t\t\t\t\t<\/a>\n\t\t\t\t\t\t\t\t\t\t\t<\/div>\n\t\t\t\t\t\t\t\t\t\t\t\t\t\t\t<div class=\"wd-gallery-item wd-col\">\n\t\t\t\t\t\t\t\t\t\t\t\t\t<a  href=\"https:\/\/fvarelaart.com\/wp-content\/uploads\/2024\/03\/fernando-varela-origines-formas-primarias-38.jpeg\" data-width=\"1500\" data-height=\"1000\" data-index=\"15\" data-elementor-open-lightbox=\"no\">\n\t\t\t\t\t\t\n\t\t\t\t\t\t<img loading=\"lazy\" decoding=\"async\" width=\"1200\" height=\"800\" src=\"https:\/\/fvarelaart.com\/wp-content\/uploads\/2024\/03\/fernando-varela-origines-formas-primarias-38-1200x800.jpeg\" class=\"attachment-large size-large\" alt=\"fernando-varela-origines-formas-primarias-38\" srcset=\"https:\/\/fvarelaart.com\/wp-content\/uploads\/2024\/03\/fernando-varela-origines-formas-primarias-38-1200x800.jpeg 1200w, https:\/\/fvarelaart.com\/wp-content\/uploads\/2024\/03\/fernando-varela-origines-formas-primarias-38-400x267.jpeg 400w, https:\/\/fvarelaart.com\/wp-content\/uploads\/2024\/03\/fernando-varela-origines-formas-primarias-38-768x512.jpeg 768w, https:\/\/fvarelaart.com\/wp-content\/uploads\/2024\/03\/fernando-varela-origines-formas-primarias-38.jpeg 1500w\" sizes=\"auto, (max-width: 1200px) 100vw, 1200px\" \/>\n\t\t\t\t\t\t\t\t\t\t\t\t\t<\/a>\n\t\t\t\t\t\t\t\t\t\t\t<\/div>\n\t\t\t\t\t\t\t\t\t\t\t\t\t\t\t<div class=\"wd-gallery-item wd-col\">\n\t\t\t\t\t\t\t\t\t\t\t\t\t<a  href=\"https:\/\/fvarelaart.com\/wp-content\/uploads\/2024\/03\/fernando-varela-origines-formas-primarias-13.jpeg\" data-width=\"1200\" data-height=\"800\" data-index=\"16\" data-elementor-open-lightbox=\"no\">\n\t\t\t\t\t\t\n\t\t\t\t\t\t<img loading=\"lazy\" decoding=\"async\" width=\"1200\" height=\"800\" src=\"https:\/\/fvarelaart.com\/wp-content\/uploads\/2024\/03\/fernando-varela-origines-formas-primarias-13.jpeg\" class=\"attachment-large size-large\" alt=\"fernando-varela-origines-formas-primarias-13\" srcset=\"https:\/\/fvarelaart.com\/wp-content\/uploads\/2024\/03\/fernando-varela-origines-formas-primarias-13.jpeg 1200w, https:\/\/fvarelaart.com\/wp-content\/uploads\/2024\/03\/fernando-varela-origines-formas-primarias-13-400x267.jpeg 400w, https:\/\/fvarelaart.com\/wp-content\/uploads\/2024\/03\/fernando-varela-origines-formas-primarias-13-768x512.jpeg 768w\" sizes=\"auto, (max-width: 1200px) 100vw, 1200px\" \/>\n\t\t\t\t\t\t\t\t\t\t\t\t\t<\/a>\n\t\t\t\t\t\t\t\t\t\t\t<\/div>\n\t\t\t\t\t\t\t\t\t\t\t\t\t\t\t<div class=\"wd-gallery-item wd-col\">\n\t\t\t\t\t\t\t\t\t\t\t\t\t<a  href=\"https:\/\/fvarelaart.com\/wp-content\/uploads\/2024\/03\/fernando-varela-origines-formas-primarias-10.jpeg\" data-width=\"1142\" data-height=\"1100\" data-index=\"17\" data-elementor-open-lightbox=\"no\">\n\t\t\t\t\t\t\n\t\t\t\t\t\t<img loading=\"lazy\" decoding=\"async\" width=\"831\" height=\"800\" src=\"https:\/\/fvarelaart.com\/wp-content\/uploads\/2024\/03\/fernando-varela-origines-formas-primarias-10-831x800.jpeg\" class=\"attachment-large size-large\" alt=\"fernando-varela-origines-formas-primarias-10\" srcset=\"https:\/\/fvarelaart.com\/wp-content\/uploads\/2024\/03\/fernando-varela-origines-formas-primarias-10-831x800.jpeg 831w, https:\/\/fvarelaart.com\/wp-content\/uploads\/2024\/03\/fernando-varela-origines-formas-primarias-10-311x300.jpeg 311w, https:\/\/fvarelaart.com\/wp-content\/uploads\/2024\/03\/fernando-varela-origines-formas-primarias-10-768x740.jpeg 768w, https:\/\/fvarelaart.com\/wp-content\/uploads\/2024\/03\/fernando-varela-origines-formas-primarias-10.jpeg 1142w\" sizes=\"auto, (max-width: 831px) 100vw, 831px\" \/>\n\t\t\t\t\t\t\t\t\t\t\t\t\t<\/a>\n\t\t\t\t\t\t\t\t\t\t\t<\/div>\n\t\t\t\t\t\t\t\t\t\t\t\t\t\t\t<div class=\"wd-gallery-item wd-col\">\n\t\t\t\t\t\t\t\t\t\t\t\t\t<a  href=\"https:\/\/fvarelaart.com\/wp-content\/uploads\/2024\/03\/fernando-varela-origines-formas-primarias-1.jpeg\" data-width=\"1200\" data-height=\"786\" data-index=\"18\" data-elementor-open-lightbox=\"no\">\n\t\t\t\t\t\t\n\t\t\t\t\t\t<img loading=\"lazy\" decoding=\"async\" width=\"1200\" height=\"786\" src=\"https:\/\/fvarelaart.com\/wp-content\/uploads\/2024\/03\/fernando-varela-origines-formas-primarias-1.jpeg\" class=\"attachment-large size-large\" alt=\"fernando-varela-origines-formas-primarias-1\" srcset=\"https:\/\/fvarelaart.com\/wp-content\/uploads\/2024\/03\/fernando-varela-origines-formas-primarias-1.jpeg 1200w, https:\/\/fvarelaart.com\/wp-content\/uploads\/2024\/03\/fernando-varela-origines-formas-primarias-1-400x262.jpeg 400w, https:\/\/fvarelaart.com\/wp-content\/uploads\/2024\/03\/fernando-varela-origines-formas-primarias-1-768x503.jpeg 768w\" sizes=\"auto, (max-width: 1200px) 100vw, 1200px\" \/>\n\t\t\t\t\t\t\t\t\t\t\t\t\t<\/a>\n\t\t\t\t\t\t\t\t\t\t\t<\/div>\n\t\t\t\t\t\t\t\t\t\t\t\t\t\t\t<div class=\"wd-gallery-item wd-col\">\n\t\t\t\t\t\t\t\t\t\t\t\t\t<a  href=\"https:\/\/fvarelaart.com\/wp-content\/uploads\/2024\/03\/fernando-varela-origines-formas-primarias-24.jpeg\" data-width=\"1200\" data-height=\"506\" data-index=\"19\" data-elementor-open-lightbox=\"no\">\n\t\t\t\t\t\t\n\t\t\t\t\t\t<img loading=\"lazy\" decoding=\"async\" width=\"1200\" height=\"506\" src=\"https:\/\/fvarelaart.com\/wp-content\/uploads\/2024\/03\/fernando-varela-origines-formas-primarias-24.jpeg\" class=\"attachment-large size-large\" alt=\"fernando-varela-origines-formas-primarias-24\" srcset=\"https:\/\/fvarelaart.com\/wp-content\/uploads\/2024\/03\/fernando-varela-origines-formas-primarias-24.jpeg 1200w, https:\/\/fvarelaart.com\/wp-content\/uploads\/2024\/03\/fernando-varela-origines-formas-primarias-24-400x169.jpeg 400w, https:\/\/fvarelaart.com\/wp-content\/uploads\/2024\/03\/fernando-varela-origines-formas-primarias-24-768x324.jpeg 768w\" sizes=\"auto, (max-width: 1200px) 100vw, 1200px\" \/>\n\t\t\t\t\t\t\t\t\t\t\t\t\t<\/a>\n\t\t\t\t\t\t\t\t\t\t\t<\/div>\n\t\t\t\t\t\t\t\t\t\t\t\t\t\t\t<div class=\"wd-gallery-item wd-col\">\n\t\t\t\t\t\t\t\t\t\t\t\t\t<a  href=\"https:\/\/fvarelaart.com\/wp-content\/uploads\/2024\/03\/fernando-varela-origines-formas-primarias-22.jpeg\" data-width=\"1140\" data-height=\"1100\" data-index=\"20\" data-elementor-open-lightbox=\"no\">\n\t\t\t\t\t\t\n\t\t\t\t\t\t<img loading=\"lazy\" decoding=\"async\" width=\"829\" height=\"800\" src=\"https:\/\/fvarelaart.com\/wp-content\/uploads\/2024\/03\/fernando-varela-origines-formas-primarias-22-829x800.jpeg\" class=\"attachment-large size-large\" alt=\"fernando-varela-origines-formas-primarias-22\" srcset=\"https:\/\/fvarelaart.com\/wp-content\/uploads\/2024\/03\/fernando-varela-origines-formas-primarias-22-829x800.jpeg 829w, https:\/\/fvarelaart.com\/wp-content\/uploads\/2024\/03\/fernando-varela-origines-formas-primarias-22-311x300.jpeg 311w, https:\/\/fvarelaart.com\/wp-content\/uploads\/2024\/03\/fernando-varela-origines-formas-primarias-22-768x741.jpeg 768w, https:\/\/fvarelaart.com\/wp-content\/uploads\/2024\/03\/fernando-varela-origines-formas-primarias-22.jpeg 1140w\" sizes=\"auto, (max-width: 829px) 100vw, 829px\" \/>\n\t\t\t\t\t\t\t\t\t\t\t\t\t<\/a>\n\t\t\t\t\t\t\t\t\t\t\t<\/div>\n\t\t\t\t\t\t\t\t\t\t\t\t\t\t\t<div class=\"wd-gallery-item wd-col\">\n\t\t\t\t\t\t\t\t\t\t\t\t\t<a  href=\"https:\/\/fvarelaart.com\/wp-content\/uploads\/2024\/03\/fernando-varela-origines-formas-primarias-26.jpeg\" data-width=\"1046\" data-height=\"1036\" data-index=\"21\" data-elementor-open-lightbox=\"no\">\n\t\t\t\t\t\t\n\t\t\t\t\t\t<img loading=\"lazy\" decoding=\"async\" width=\"808\" height=\"800\" src=\"https:\/\/fvarelaart.com\/wp-content\/uploads\/2024\/03\/fernando-varela-origines-formas-primarias-26-808x800.jpeg\" class=\"attachment-large size-large\" alt=\"fernando-varela-origines-formas-primarias-26\" srcset=\"https:\/\/fvarelaart.com\/wp-content\/uploads\/2024\/03\/fernando-varela-origines-formas-primarias-26-808x800.jpeg 808w, https:\/\/fvarelaart.com\/wp-content\/uploads\/2024\/03\/fernando-varela-origines-formas-primarias-26-303x300.jpeg 303w, https:\/\/fvarelaart.com\/wp-content\/uploads\/2024\/03\/fernando-varela-origines-formas-primarias-26-150x150.jpeg 150w, https:\/\/fvarelaart.com\/wp-content\/uploads\/2024\/03\/fernando-varela-origines-formas-primarias-26-768x761.jpeg 768w, https:\/\/fvarelaart.com\/wp-content\/uploads\/2024\/03\/fernando-varela-origines-formas-primarias-26.jpeg 1046w\" sizes=\"auto, (max-width: 808px) 100vw, 808px\" \/>\n\t\t\t\t\t\t\t\t\t\t\t\t\t<\/a>\n\t\t\t\t\t\t\t\t\t\t\t<\/div>\n\t\t\t\t\t\t\t\t\t\t\t\t\t\t\t<div class=\"wd-gallery-item wd-col\">\n\t\t\t\t\t\t\t\t\t\t\t\t\t<a  href=\"https:\/\/fvarelaart.com\/wp-content\/uploads\/2024\/03\/fernando-varela-origines-formas-primarias-28.jpeg\" data-width=\"1200\" data-height=\"457\" data-index=\"22\" data-elementor-open-lightbox=\"no\">\n\t\t\t\t\t\t\n\t\t\t\t\t\t<img loading=\"lazy\" decoding=\"async\" width=\"1200\" height=\"457\" src=\"https:\/\/fvarelaart.com\/wp-content\/uploads\/2024\/03\/fernando-varela-origines-formas-primarias-28.jpeg\" class=\"attachment-large size-large\" alt=\"fernando-varela-origines-formas-primarias-28\" srcset=\"https:\/\/fvarelaart.com\/wp-content\/uploads\/2024\/03\/fernando-varela-origines-formas-primarias-28.jpeg 1200w, https:\/\/fvarelaart.com\/wp-content\/uploads\/2024\/03\/fernando-varela-origines-formas-primarias-28-400x152.jpeg 400w, https:\/\/fvarelaart.com\/wp-content\/uploads\/2024\/03\/fernando-varela-origines-formas-primarias-28-768x292.jpeg 768w\" sizes=\"auto, (max-width: 1200px) 100vw, 1200px\" \/>\n\t\t\t\t\t\t\t\t\t\t\t\t\t<\/a>\n\t\t\t\t\t\t\t\t\t\t\t<\/div>\n\t\t\t\t\t\t\t\t\t\t\t\t\t\t\t<div class=\"wd-gallery-item wd-col\">\n\t\t\t\t\t\t\t\t\t\t\t\t\t<a  href=\"https:\/\/fvarelaart.com\/wp-content\/uploads\/2024\/03\/fernando-varela-origines-formas-primarias-31.jpeg\" data-width=\"1200\" data-height=\"684\" data-index=\"23\" data-elementor-open-lightbox=\"no\">\n\t\t\t\t\t\t\n\t\t\t\t\t\t<img loading=\"lazy\" decoding=\"async\" width=\"1200\" height=\"684\" src=\"https:\/\/fvarelaart.com\/wp-content\/uploads\/2024\/03\/fernando-varela-origines-formas-primarias-31.jpeg\" class=\"attachment-large size-large\" alt=\"fernando-varela-origines-formas-primarias-31\" srcset=\"https:\/\/fvarelaart.com\/wp-content\/uploads\/2024\/03\/fernando-varela-origines-formas-primarias-31.jpeg 1200w, https:\/\/fvarelaart.com\/wp-content\/uploads\/2024\/03\/fernando-varela-origines-formas-primarias-31-400x228.jpeg 400w, https:\/\/fvarelaart.com\/wp-content\/uploads\/2024\/03\/fernando-varela-origines-formas-primarias-31-768x438.jpeg 768w\" sizes=\"auto, (max-width: 1200px) 100vw, 1200px\" \/>\n\t\t\t\t\t\t\t\t\t\t\t\t\t<\/a>\n\t\t\t\t\t\t\t\t\t\t\t<\/div>\n\t\t\t\t\t\t\t\t\t\t\t\t\t\t\t<div class=\"wd-gallery-item wd-col\">\n\t\t\t\t\t\t\t\t\t\t\t\t\t<a  href=\"https:\/\/fvarelaart.com\/wp-content\/uploads\/2024\/03\/fernando-varela-origines-formas-primarias-27.jpeg\" data-width=\"1200\" data-height=\"692\" data-index=\"24\" data-elementor-open-lightbox=\"no\">\n\t\t\t\t\t\t\n\t\t\t\t\t\t<img loading=\"lazy\" decoding=\"async\" width=\"1200\" height=\"692\" src=\"https:\/\/fvarelaart.com\/wp-content\/uploads\/2024\/03\/fernando-varela-origines-formas-primarias-27.jpeg\" class=\"attachment-large size-large\" alt=\"fernando-varela-origines-formas-primarias-27\" srcset=\"https:\/\/fvarelaart.com\/wp-content\/uploads\/2024\/03\/fernando-varela-origines-formas-primarias-27.jpeg 1200w, https:\/\/fvarelaart.com\/wp-content\/uploads\/2024\/03\/fernando-varela-origines-formas-primarias-27-400x231.jpeg 400w, https:\/\/fvarelaart.com\/wp-content\/uploads\/2024\/03\/fernando-varela-origines-formas-primarias-27-768x443.jpeg 768w\" sizes=\"auto, (max-width: 1200px) 100vw, 1200px\" \/>\n\t\t\t\t\t\t\t\t\t\t\t\t\t<\/a>\n\t\t\t\t\t\t\t\t\t\t\t<\/div>\n\t\t\t\t\t\t\t\t\t\t\t\t\t\t\t<div class=\"wd-gallery-item wd-col\">\n\t\t\t\t\t\t\t\t\t\t\t\t\t<a  href=\"https:\/\/fvarelaart.com\/wp-content\/uploads\/2024\/03\/fernando-varela-origines-formas-primarias-33.jpeg\" data-width=\"1200\" data-height=\"790\" data-index=\"25\" data-elementor-open-lightbox=\"no\">\n\t\t\t\t\t\t\n\t\t\t\t\t\t<img loading=\"lazy\" decoding=\"async\" width=\"1200\" height=\"790\" src=\"https:\/\/fvarelaart.com\/wp-content\/uploads\/2024\/03\/fernando-varela-origines-formas-primarias-33.jpeg\" class=\"attachment-large size-large\" alt=\"fernando-varela-origines-formas-primarias-33\" srcset=\"https:\/\/fvarelaart.com\/wp-content\/uploads\/2024\/03\/fernando-varela-origines-formas-primarias-33.jpeg 1200w, https:\/\/fvarelaart.com\/wp-content\/uploads\/2024\/03\/fernando-varela-origines-formas-primarias-33-400x263.jpeg 400w, https:\/\/fvarelaart.com\/wp-content\/uploads\/2024\/03\/fernando-varela-origines-formas-primarias-33-768x506.jpeg 768w\" sizes=\"auto, (max-width: 1200px) 100vw, 1200px\" \/>\n\t\t\t\t\t\t\t\t\t\t\t\t\t<\/a>\n\t\t\t\t\t\t\t\t\t\t\t<\/div>\n\t\t\t\t\t\t\t\t\t\t\t\t\t\t\t<div class=\"wd-gallery-item wd-col\">\n\t\t\t\t\t\t\t\t\t\t\t\t\t<a  href=\"https:\/\/fvarelaart.com\/wp-content\/uploads\/2024\/03\/fernando-varela-origines-formas-primarias-30.jpeg\" data-width=\"1200\" data-height=\"787\" data-index=\"26\" data-elementor-open-lightbox=\"no\">\n\t\t\t\t\t\t\n\t\t\t\t\t\t<img loading=\"lazy\" decoding=\"async\" width=\"1200\" height=\"787\" src=\"https:\/\/fvarelaart.com\/wp-content\/uploads\/2024\/03\/fernando-varela-origines-formas-primarias-30.jpeg\" class=\"attachment-large size-large\" alt=\"fernando-varela-origines-formas-primarias-30\" srcset=\"https:\/\/fvarelaart.com\/wp-content\/uploads\/2024\/03\/fernando-varela-origines-formas-primarias-30.jpeg 1200w, https:\/\/fvarelaart.com\/wp-content\/uploads\/2024\/03\/fernando-varela-origines-formas-primarias-30-400x262.jpeg 400w, https:\/\/fvarelaart.com\/wp-content\/uploads\/2024\/03\/fernando-varela-origines-formas-primarias-30-768x504.jpeg 768w\" sizes=\"auto, (max-width: 1200px) 100vw, 1200px\" \/>\n\t\t\t\t\t\t\t\t\t\t\t\t\t<\/a>\n\t\t\t\t\t\t\t\t\t\t\t<\/div>\n\t\t\t\t\t\t\t\t\t\t\t\t\t\t\t<div class=\"wd-gallery-item wd-col\">\n\t\t\t\t\t\t\t\t\t\t\t\t\t<a  href=\"https:\/\/fvarelaart.com\/wp-content\/uploads\/2024\/03\/fernando-varela-origines-formas-primarias-39.jpeg\" data-width=\"1500\" data-height=\"1000\" data-index=\"27\" data-elementor-open-lightbox=\"no\">\n\t\t\t\t\t\t\n\t\t\t\t\t\t<img loading=\"lazy\" decoding=\"async\" width=\"1200\" height=\"800\" src=\"https:\/\/fvarelaart.com\/wp-content\/uploads\/2024\/03\/fernando-varela-origines-formas-primarias-39-1200x800.jpeg\" class=\"attachment-large size-large\" alt=\"fernando-varela-origines-formas-primarias-39\" srcset=\"https:\/\/fvarelaart.com\/wp-content\/uploads\/2024\/03\/fernando-varela-origines-formas-primarias-39-1200x800.jpeg 1200w, https:\/\/fvarelaart.com\/wp-content\/uploads\/2024\/03\/fernando-varela-origines-formas-primarias-39-400x267.jpeg 400w, https:\/\/fvarelaart.com\/wp-content\/uploads\/2024\/03\/fernando-varela-origines-formas-primarias-39-768x512.jpeg 768w, https:\/\/fvarelaart.com\/wp-content\/uploads\/2024\/03\/fernando-varela-origines-formas-primarias-39.jpeg 1500w\" sizes=\"auto, (max-width: 1200px) 100vw, 1200px\" \/>\n\t\t\t\t\t\t\t\t\t\t\t\t\t<\/a>\n\t\t\t\t\t\t\t\t\t\t\t<\/div>\n\t\t\t\t\t\t\t\t\t\t\t\t\t\t\t<div class=\"wd-gallery-item wd-col\">\n\t\t\t\t\t\t\t\t\t\t\t\t\t<a  href=\"https:\/\/fvarelaart.com\/wp-content\/uploads\/2024\/03\/fernando-varela-origines-formas-primarias-37.jpeg\" data-width=\"1095\" data-height=\"1100\" data-index=\"28\" data-elementor-open-lightbox=\"no\">\n\t\t\t\t\t\t\n\t\t\t\t\t\t<img loading=\"lazy\" decoding=\"async\" width=\"796\" height=\"800\" src=\"https:\/\/fvarelaart.com\/wp-content\/uploads\/2024\/03\/fernando-varela-origines-formas-primarias-37-796x800.jpeg\" class=\"attachment-large size-large\" alt=\"fernando-varela-origines-formas-primarias-37\" srcset=\"https:\/\/fvarelaart.com\/wp-content\/uploads\/2024\/03\/fernando-varela-origines-formas-primarias-37-796x800.jpeg 796w, https:\/\/fvarelaart.com\/wp-content\/uploads\/2024\/03\/fernando-varela-origines-formas-primarias-37-299x300.jpeg 299w, https:\/\/fvarelaart.com\/wp-content\/uploads\/2024\/03\/fernando-varela-origines-formas-primarias-37-150x150.jpeg 150w, https:\/\/fvarelaart.com\/wp-content\/uploads\/2024\/03\/fernando-varela-origines-formas-primarias-37-768x772.jpeg 768w, https:\/\/fvarelaart.com\/wp-content\/uploads\/2024\/03\/fernando-varela-origines-formas-primarias-37.jpeg 1095w\" sizes=\"auto, (max-width: 796px) 100vw, 796px\" \/>\n\t\t\t\t\t\t\t\t\t\t\t\t\t<\/a>\n\t\t\t\t\t\t\t\t\t\t\t<\/div>\n\t\t\t\t\t\t\t\t\t\t\t\t\t\t\t<div class=\"wd-gallery-item wd-col\">\n\t\t\t\t\t\t\t\t\t\t\t\t\t<a  href=\"https:\/\/fvarelaart.com\/wp-content\/uploads\/2024\/03\/fernando-varela-origines-formas-primarias-34.jpeg\" data-width=\"1200\" data-height=\"1097\" data-index=\"29\" data-elementor-open-lightbox=\"no\">\n\t\t\t\t\t\t\n\t\t\t\t\t\t<img loading=\"lazy\" decoding=\"async\" width=\"875\" height=\"800\" src=\"https:\/\/fvarelaart.com\/wp-content\/uploads\/2024\/03\/fernando-varela-origines-formas-primarias-34-875x800.jpeg\" class=\"attachment-large size-large\" alt=\"fernando-varela-origines-formas-primarias-34\" srcset=\"https:\/\/fvarelaart.com\/wp-content\/uploads\/2024\/03\/fernando-varela-origines-formas-primarias-34-875x800.jpeg 875w, https:\/\/fvarelaart.com\/wp-content\/uploads\/2024\/03\/fernando-varela-origines-formas-primarias-34-328x300.jpeg 328w, https:\/\/fvarelaart.com\/wp-content\/uploads\/2024\/03\/fernando-varela-origines-formas-primarias-34-768x702.jpeg 768w, https:\/\/fvarelaart.com\/wp-content\/uploads\/2024\/03\/fernando-varela-origines-formas-primarias-34.jpeg 1200w\" sizes=\"auto, (max-width: 875px) 100vw, 875px\" \/>\n\t\t\t\t\t\t\t\t\t\t\t\t\t<\/a>\n\t\t\t\t\t\t\t\t\t\t\t<\/div>\n\t\t\t\t\t\t\t\t\t\t\t\t\t\t\t<div class=\"wd-gallery-item wd-col\">\n\t\t\t\t\t\t\t\t\t\t\t\t\t<a  href=\"https:\/\/fvarelaart.com\/wp-content\/uploads\/2024\/03\/fernando-varela-origines-formas-primarias-40.jpeg\" data-width=\"1500\" data-height=\"1000\" data-index=\"30\" data-elementor-open-lightbox=\"no\">\n\t\t\t\t\t\t\n\t\t\t\t\t\t<img loading=\"lazy\" decoding=\"async\" width=\"1200\" height=\"800\" src=\"https:\/\/fvarelaart.com\/wp-content\/uploads\/2024\/03\/fernando-varela-origines-formas-primarias-40-1200x800.jpeg\" class=\"attachment-large size-large\" alt=\"fernando-varela-origines-formas-primarias-40\" srcset=\"https:\/\/fvarelaart.com\/wp-content\/uploads\/2024\/03\/fernando-varela-origines-formas-primarias-40-1200x800.jpeg 1200w, https:\/\/fvarelaart.com\/wp-content\/uploads\/2024\/03\/fernando-varela-origines-formas-primarias-40-400x267.jpeg 400w, https:\/\/fvarelaart.com\/wp-content\/uploads\/2024\/03\/fernando-varela-origines-formas-primarias-40-768x512.jpeg 768w, https:\/\/fvarelaart.com\/wp-content\/uploads\/2024\/03\/fernando-varela-origines-formas-primarias-40.jpeg 1500w\" sizes=\"auto, (max-width: 1200px) 100vw, 1200px\" \/>\n\t\t\t\t\t\t\t\t\t\t\t\t\t<\/a>\n\t\t\t\t\t\t\t\t\t\t\t<\/div>\n\t\t\t\t\t\t\t\t\t\t\t\t\t\t\t<div class=\"wd-gallery-item wd-col\">\n\t\t\t\t\t\t\t\t\t\t\t\t\t<a  href=\"https:\/\/fvarelaart.com\/wp-content\/uploads\/2024\/03\/fernando-varela-origines-formas-primarias-4.jpeg\" data-width=\"1200\" data-height=\"957\" data-index=\"31\" data-elementor-open-lightbox=\"no\">\n\t\t\t\t\t\t\n\t\t\t\t\t\t<img loading=\"lazy\" decoding=\"async\" width=\"1003\" height=\"800\" src=\"https:\/\/fvarelaart.com\/wp-content\/uploads\/2024\/03\/fernando-varela-origines-formas-primarias-4-1003x800.jpeg\" class=\"attachment-large size-large\" alt=\"fernando-varela-origines-formas-primarias-4\" srcset=\"https:\/\/fvarelaart.com\/wp-content\/uploads\/2024\/03\/fernando-varela-origines-formas-primarias-4-1003x800.jpeg 1003w, https:\/\/fvarelaart.com\/wp-content\/uploads\/2024\/03\/fernando-varela-origines-formas-primarias-4-376x300.jpeg 376w, https:\/\/fvarelaart.com\/wp-content\/uploads\/2024\/03\/fernando-varela-origines-formas-primarias-4-768x612.jpeg 768w, https:\/\/fvarelaart.com\/wp-content\/uploads\/2024\/03\/fernando-varela-origines-formas-primarias-4.jpeg 1200w\" sizes=\"auto, (max-width: 1003px) 100vw, 1003px\" \/>\n\t\t\t\t\t\t\t\t\t\t\t\t\t<\/a>\n\t\t\t\t\t\t\t\t\t\t\t<\/div>\n\t\t\t\t\t\t\t\t\t\t\t\t\t\t\t<div class=\"wd-gallery-item wd-col\">\n\t\t\t\t\t\t\t\t\t\t\t\t\t<a  href=\"https:\/\/fvarelaart.com\/wp-content\/uploads\/2024\/03\/fernando-varela-origines-formas-primarias-2.jpeg\" data-width=\"1200\" data-height=\"957\" data-index=\"32\" data-elementor-open-lightbox=\"no\">\n\t\t\t\t\t\t\n\t\t\t\t\t\t<img loading=\"lazy\" decoding=\"async\" width=\"1003\" height=\"800\" src=\"https:\/\/fvarelaart.com\/wp-content\/uploads\/2024\/03\/fernando-varela-origines-formas-primarias-2-1003x800.jpeg\" class=\"attachment-large size-large\" alt=\"fernando-varela-origines-formas-primarias-2\" srcset=\"https:\/\/fvarelaart.com\/wp-content\/uploads\/2024\/03\/fernando-varela-origines-formas-primarias-2-1003x800.jpeg 1003w, https:\/\/fvarelaart.com\/wp-content\/uploads\/2024\/03\/fernando-varela-origines-formas-primarias-2-376x300.jpeg 376w, https:\/\/fvarelaart.com\/wp-content\/uploads\/2024\/03\/fernando-varela-origines-formas-primarias-2-768x612.jpeg 768w, https:\/\/fvarelaart.com\/wp-content\/uploads\/2024\/03\/fernando-varela-origines-formas-primarias-2.jpeg 1200w\" sizes=\"auto, (max-width: 1003px) 100vw, 1003px\" \/>\n\t\t\t\t\t\t\t\t\t\t\t\t\t<\/a>\n\t\t\t\t\t\t\t\t\t\t\t<\/div>\n\t\t\t\t\t\t\t\t\t\t\t\t\t\t\t<div class=\"wd-gallery-item wd-col\">\n\t\t\t\t\t\t\t\t\t\t\t\t\t<a  href=\"https:\/\/fvarelaart.com\/wp-content\/uploads\/2024\/03\/fernando-varela-origines-formas-primarias-3.jpeg\" data-width=\"1200\" data-height=\"933\" data-index=\"33\" data-elementor-open-lightbox=\"no\">\n\t\t\t\t\t\t\n\t\t\t\t\t\t<img loading=\"lazy\" decoding=\"async\" width=\"1029\" height=\"800\" src=\"https:\/\/fvarelaart.com\/wp-content\/uploads\/2024\/03\/fernando-varela-origines-formas-primarias-3-1029x800.jpeg\" class=\"attachment-large size-large\" alt=\"fernando-varela-origines-formas-primarias-3\" srcset=\"https:\/\/fvarelaart.com\/wp-content\/uploads\/2024\/03\/fernando-varela-origines-formas-primarias-3-1029x800.jpeg 1029w, https:\/\/fvarelaart.com\/wp-content\/uploads\/2024\/03\/fernando-varela-origines-formas-primarias-3-386x300.jpeg 386w, https:\/\/fvarelaart.com\/wp-content\/uploads\/2024\/03\/fernando-varela-origines-formas-primarias-3-768x597.jpeg 768w, https:\/\/fvarelaart.com\/wp-content\/uploads\/2024\/03\/fernando-varela-origines-formas-primarias-3.jpeg 1200w\" sizes=\"auto, (max-width: 1029px) 100vw, 1029px\" \/>\n\t\t\t\t\t\t\t\t\t\t\t\t\t<\/a>\n\t\t\t\t\t\t\t\t\t\t\t<\/div>\n\t\t\t\t\t\t\t\t\t\t\t\t\t\t\t<div class=\"wd-gallery-item wd-col\">\n\t\t\t\t\t\t\t\t\t\t\t\t\t<a  href=\"https:\/\/fvarelaart.com\/wp-content\/uploads\/2024\/03\/fernando-varela-origines-formas-primarias-32.jpeg\" data-width=\"1200\" data-height=\"970\" data-index=\"34\" data-elementor-open-lightbox=\"no\">\n\t\t\t\t\t\t\n\t\t\t\t\t\t<img loading=\"lazy\" decoding=\"async\" width=\"990\" height=\"800\" src=\"https:\/\/fvarelaart.com\/wp-content\/uploads\/2024\/03\/fernando-varela-origines-formas-primarias-32-990x800.jpeg\" class=\"attachment-large size-large\" alt=\"fernando-varela-origines-formas-primarias-32\" srcset=\"https:\/\/fvarelaart.com\/wp-content\/uploads\/2024\/03\/fernando-varela-origines-formas-primarias-32-990x800.jpeg 990w, https:\/\/fvarelaart.com\/wp-content\/uploads\/2024\/03\/fernando-varela-origines-formas-primarias-32-371x300.jpeg 371w, https:\/\/fvarelaart.com\/wp-content\/uploads\/2024\/03\/fernando-varela-origines-formas-primarias-32-768x621.jpeg 768w, https:\/\/fvarelaart.com\/wp-content\/uploads\/2024\/03\/fernando-varela-origines-formas-primarias-32.jpeg 1200w\" sizes=\"auto, (max-width: 990px) 100vw, 990px\" \/>\n\t\t\t\t\t\t\t\t\t\t\t\t\t<\/a>\n\t\t\t\t\t\t\t\t\t\t\t<\/div>\n\t\t\t\t\t\t\t\t\t\t\t\t\t\t\t<div class=\"wd-gallery-item wd-col\">\n\t\t\t\t\t\t\t\t\t\t\t\t\t<a  href=\"https:\/\/fvarelaart.com\/wp-content\/uploads\/2024\/03\/fernando-varela-origines-formas-primarias-11.jpeg\" data-width=\"1200\" data-height=\"964\" data-index=\"35\" data-elementor-open-lightbox=\"no\">\n\t\t\t\t\t\t\n\t\t\t\t\t\t<img loading=\"lazy\" decoding=\"async\" width=\"996\" height=\"800\" src=\"https:\/\/fvarelaart.com\/wp-content\/uploads\/2024\/03\/fernando-varela-origines-formas-primarias-11-996x800.jpeg\" class=\"attachment-large size-large\" alt=\"fernando-varela-origines-formas-primarias-11\" srcset=\"https:\/\/fvarelaart.com\/wp-content\/uploads\/2024\/03\/fernando-varela-origines-formas-primarias-11-996x800.jpeg 996w, https:\/\/fvarelaart.com\/wp-content\/uploads\/2024\/03\/fernando-varela-origines-formas-primarias-11-373x300.jpeg 373w, https:\/\/fvarelaart.com\/wp-content\/uploads\/2024\/03\/fernando-varela-origines-formas-primarias-11-768x617.jpeg 768w, https:\/\/fvarelaart.com\/wp-content\/uploads\/2024\/03\/fernando-varela-origines-formas-primarias-11.jpeg 1200w\" sizes=\"auto, (max-width: 996px) 100vw, 996px\" \/>\n\t\t\t\t\t\t\t\t\t\t\t\t\t<\/a>\n\t\t\t\t\t\t\t\t\t\t\t<\/div>\n\t\t\t\t\t\t\t\t\t\t\t\t\t\t\t<div class=\"wd-gallery-item wd-col\">\n\t\t\t\t\t\t\t\t\t\t\t\t\t<a  href=\"https:\/\/fvarelaart.com\/wp-content\/uploads\/2024\/03\/fernando-varela-origines-formas-primarias-5.jpeg\" data-width=\"1200\" data-height=\"953\" data-index=\"36\" data-elementor-open-lightbox=\"no\">\n\t\t\t\t\t\t\n\t\t\t\t\t\t<img loading=\"lazy\" decoding=\"async\" width=\"1007\" height=\"800\" src=\"https:\/\/fvarelaart.com\/wp-content\/uploads\/2024\/03\/fernando-varela-origines-formas-primarias-5-1007x800.jpeg\" class=\"attachment-large size-large\" alt=\"fernando-varela-origines-formas-primarias-5\" srcset=\"https:\/\/fvarelaart.com\/wp-content\/uploads\/2024\/03\/fernando-varela-origines-formas-primarias-5-1007x800.jpeg 1007w, https:\/\/fvarelaart.com\/wp-content\/uploads\/2024\/03\/fernando-varela-origines-formas-primarias-5-378x300.jpeg 378w, https:\/\/fvarelaart.com\/wp-content\/uploads\/2024\/03\/fernando-varela-origines-formas-primarias-5-768x610.jpeg 768w, https:\/\/fvarelaart.com\/wp-content\/uploads\/2024\/03\/fernando-varela-origines-formas-primarias-5.jpeg 1200w\" sizes=\"auto, (max-width: 1007px) 100vw, 1007px\" \/>\n\t\t\t\t\t\t\t\t\t\t\t\t\t<\/a>\n\t\t\t\t\t\t\t\t\t\t\t<\/div>\n\t\t\t\t\t\t\t\t\t\t\t\t\t\t\t<div class=\"wd-gallery-item wd-col\">\n\t\t\t\t\t\t\t\t\t\t\t\t\t<a  href=\"https:\/\/fvarelaart.com\/wp-content\/uploads\/2024\/03\/fernando-varela-origines-formas-primarias-35.jpeg\" data-width=\"1200\" data-height=\"917\" data-index=\"37\" data-elementor-open-lightbox=\"no\">\n\t\t\t\t\t\t\n\t\t\t\t\t\t<img loading=\"lazy\" decoding=\"async\" width=\"1047\" height=\"800\" src=\"https:\/\/fvarelaart.com\/wp-content\/uploads\/2024\/03\/fernando-varela-origines-formas-primarias-35-1047x800.jpeg\" class=\"attachment-large size-large\" alt=\"fernando-varela-origines-formas-primarias-35\" srcset=\"https:\/\/fvarelaart.com\/wp-content\/uploads\/2024\/03\/fernando-varela-origines-formas-primarias-35-1047x800.jpeg 1047w, https:\/\/fvarelaart.com\/wp-content\/uploads\/2024\/03\/fernando-varela-origines-formas-primarias-35-393x300.jpeg 393w, https:\/\/fvarelaart.com\/wp-content\/uploads\/2024\/03\/fernando-varela-origines-formas-primarias-35-768x587.jpeg 768w, https:\/\/fvarelaart.com\/wp-content\/uploads\/2024\/03\/fernando-varela-origines-formas-primarias-35.jpeg 1200w\" sizes=\"auto, (max-width: 1047px) 100vw, 1047px\" \/>\n\t\t\t\t\t\t\t\t\t\t\t\t\t<\/a>\n\t\t\t\t\t\t\t\t\t\t\t<\/div>\n\t\t\t\t\t\t\t\t\t\t\t\t\t\t\t<div class=\"wd-gallery-item wd-col\">\n\t\t\t\t\t\t\t\t\t\t\t\t\t<a  href=\"https:\/\/fvarelaart.com\/wp-content\/uploads\/2024\/03\/fernando-varela-origines-formas-primarias-6.jpeg\" data-width=\"1200\" data-height=\"958\" data-index=\"38\" data-elementor-open-lightbox=\"no\">\n\t\t\t\t\t\t\n\t\t\t\t\t\t<img loading=\"lazy\" decoding=\"async\" width=\"1002\" height=\"800\" src=\"https:\/\/fvarelaart.com\/wp-content\/uploads\/2024\/03\/fernando-varela-origines-formas-primarias-6-1002x800.jpeg\" class=\"attachment-large size-large\" alt=\"fernando-varela-origines-formas-primarias-6\" srcset=\"https:\/\/fvarelaart.com\/wp-content\/uploads\/2024\/03\/fernando-varela-origines-formas-primarias-6-1002x800.jpeg 1002w, https:\/\/fvarelaart.com\/wp-content\/uploads\/2024\/03\/fernando-varela-origines-formas-primarias-6-376x300.jpeg 376w, https:\/\/fvarelaart.com\/wp-content\/uploads\/2024\/03\/fernando-varela-origines-formas-primarias-6-768x613.jpeg 768w, https:\/\/fvarelaart.com\/wp-content\/uploads\/2024\/03\/fernando-varela-origines-formas-primarias-6.jpeg 1200w\" sizes=\"auto, (max-width: 1002px) 100vw, 1002px\" \/>\n\t\t\t\t\t\t\t\t\t\t\t\t\t<\/a>\n\t\t\t\t\t\t\t\t\t\t\t<\/div>\n\t\t\t\t\t\t\t\t\t\t\t\t\t\t\t<div class=\"wd-gallery-item wd-col\">\n\t\t\t\t\t\t\t\t\t\t\t\t\t<a  href=\"https:\/\/fvarelaart.com\/wp-content\/uploads\/2024\/03\/fernando-varela-origines-formas-primarias-7.jpeg\" data-width=\"1200\" data-height=\"961\" data-index=\"39\" data-elementor-open-lightbox=\"no\">\n\t\t\t\t\t\t\n\t\t\t\t\t\t<img loading=\"lazy\" decoding=\"async\" width=\"999\" height=\"800\" src=\"https:\/\/fvarelaart.com\/wp-content\/uploads\/2024\/03\/fernando-varela-origines-formas-primarias-7-999x800.jpeg\" class=\"attachment-large size-large\" alt=\"fernando-varela-origines-formas-primarias-7\" srcset=\"https:\/\/fvarelaart.com\/wp-content\/uploads\/2024\/03\/fernando-varela-origines-formas-primarias-7-999x800.jpeg 999w, https:\/\/fvarelaart.com\/wp-content\/uploads\/2024\/03\/fernando-varela-origines-formas-primarias-7-375x300.jpeg 375w, https:\/\/fvarelaart.com\/wp-content\/uploads\/2024\/03\/fernando-varela-origines-formas-primarias-7-768x615.jpeg 768w, https:\/\/fvarelaart.com\/wp-content\/uploads\/2024\/03\/fernando-varela-origines-formas-primarias-7.jpeg 1200w\" sizes=\"auto, (max-width: 999px) 100vw, 999px\" \/>\n\t\t\t\t\t\t\t\t\t\t\t\t\t<\/a>\n\t\t\t\t\t\t\t\t\t\t\t<\/div>\n\t\t\t\t\t\t\t\t\t\t\t\t\t\t\t<div class=\"wd-gallery-item wd-col\">\n\t\t\t\t\t\t\t\t\t\t\t\t\t<a  href=\"https:\/\/fvarelaart.com\/wp-content\/uploads\/2024\/03\/fernando-varela-origines-formas-primarias-15.jpeg\" data-width=\"1200\" data-height=\"963\" data-index=\"40\" data-elementor-open-lightbox=\"no\">\n\t\t\t\t\t\t\n\t\t\t\t\t\t<img loading=\"lazy\" decoding=\"async\" width=\"997\" height=\"800\" src=\"https:\/\/fvarelaart.com\/wp-content\/uploads\/2024\/03\/fernando-varela-origines-formas-primarias-15-997x800.jpeg\" class=\"attachment-large size-large\" alt=\"fernando-varela-origines-formas-primarias-15\" srcset=\"https:\/\/fvarelaart.com\/wp-content\/uploads\/2024\/03\/fernando-varela-origines-formas-primarias-15-997x800.jpeg 997w, https:\/\/fvarelaart.com\/wp-content\/uploads\/2024\/03\/fernando-varela-origines-formas-primarias-15-374x300.jpeg 374w, https:\/\/fvarelaart.com\/wp-content\/uploads\/2024\/03\/fernando-varela-origines-formas-primarias-15-768x616.jpeg 768w, https:\/\/fvarelaart.com\/wp-content\/uploads\/2024\/03\/fernando-varela-origines-formas-primarias-15.jpeg 1200w\" sizes=\"auto, (max-width: 997px) 100vw, 997px\" \/>\n\t\t\t\t\t\t\t\t\t\t\t\t\t<\/a>\n\t\t\t\t\t\t\t\t\t\t\t<\/div>\n\t\t\t\t\t\t\t\t\t\t\t\t\t<\/div>\n\t\t\t\t\t<\/div>\n\t\t\t\t\t\t<\/div>\n\t\t\t\t<\/div>\n\t\t\t\t<div class=\"elementor-element elementor-element-f89bd3f elementor-widget elementor-widget-heading\" data-id=\"f89bd3f\" data-element_type=\"widget\" data-widget_type=\"heading.default\">\n\t\t\t\t<div class=\"elementor-widget-container\">\n\t\t\t\t\t<h1 class=\"elementor-heading-title elementor-size-default\">Related Articles<\/h1>\t\t\t\t<\/div>\n\t\t\t\t<\/div>\n\t\t\t\t<div class=\"elementor-element elementor-element-4f51531 elementor-widget-divider--view-line elementor-widget elementor-widget-divider\" data-id=\"4f51531\" data-element_type=\"widget\" data-widget_type=\"divider.default\">\n\t\t\t\t<div class=\"elementor-widget-container\">\n\t\t\t\t\t\t\t<div class=\"elementor-divider\">\n\t\t\t<span class=\"elementor-divider-separator\">\n\t\t\t\t\t\t<\/span>\n\t\t<\/div>\n\t\t\t\t\t\t<\/div>\n\t\t\t\t<\/div>\n\t\t\t\t<div class=\"elementor-element elementor-element-f5b3808 elementor-grid-2 elementor-grid-tablet-2 elementor-grid-mobile-1 elementor-widget elementor-widget-loop-grid\" data-id=\"f5b3808\" data-element_type=\"widget\" data-settings=\"{&quot;template_id&quot;:20279,&quot;columns&quot;:2,&quot;_skin&quot;:&quot;post&quot;,&quot;columns_tablet&quot;:&quot;2&quot;,&quot;columns_mobile&quot;:&quot;1&quot;,&quot;edit_handle_selector&quot;:&quot;[data-elementor-type=\\&quot;loop-item\\&quot;]&quot;,&quot;row_gap&quot;:{&quot;unit&quot;:&quot;px&quot;,&quot;size&quot;:&quot;&quot;,&quot;sizes&quot;:[]},&quot;row_gap_tablet_extra&quot;:{&quot;unit&quot;:&quot;px&quot;,&quot;size&quot;:&quot;&quot;,&quot;sizes&quot;:[]},&quot;row_gap_tablet&quot;:{&quot;unit&quot;:&quot;px&quot;,&quot;size&quot;:&quot;&quot;,&quot;sizes&quot;:[]},&quot;row_gap_mobile_extra&quot;:{&quot;unit&quot;:&quot;px&quot;,&quot;size&quot;:&quot;&quot;,&quot;sizes&quot;:[]},&quot;row_gap_mobile&quot;:{&quot;unit&quot;:&quot;px&quot;,&quot;size&quot;:&quot;&quot;,&quot;sizes&quot;:[]}}\" data-widget_type=\"loop-grid.post\">\n\t\t\t\t<div class=\"elementor-widget-container\">\n\t\t\t\t\t\t\t<div class=\"elementor-loop-container elementor-grid\" role=\"list\">\n\t\t<style id=\"loop-20279\">.elementor-20279 .elementor-element.elementor-element-d90b1b6{--display:flex;--flex-direction:row;--container-widget-width:initial;--container-widget-height:100%;--container-widget-flex-grow:1;--container-widget-align-self:stretch;--flex-wrap-mobile:wrap;--gap:0px 0px;--row-gap:0px;--column-gap:0px;}.elementor-20279 .elementor-element.elementor-element-d90b1b6.e-con{--flex-grow:0;--flex-shrink:0;}.elementor-20279 .elementor-element.elementor-element-419a8be{--display:flex;--flex-direction:column;--container-widget-width:100%;--container-widget-height:initial;--container-widget-flex-grow:0;--container-widget-align-self:initial;--flex-wrap-mobile:wrap;}.elementor-20279 .elementor-element.elementor-element-253528a img{border-radius:5px 5px 5px 5px;}.elementor-20279 .elementor-element.elementor-element-64a793f{--display:flex;--flex-direction:column;--container-widget-width:100%;--container-widget-height:initial;--container-widget-flex-grow:0;--container-widget-align-self:initial;--flex-wrap-mobile:wrap;--gap:3px 0px;--row-gap:3px;--column-gap:0px;}.elementor-20279 .elementor-element.elementor-element-7b344dc .elementor-heading-title{font-size:1.2em;line-height:1.4em;}.elementor-20279 .elementor-element.elementor-element-6a63de1 > .elementor-widget-container{margin:0px 0px 0px 10px;}.elementor-20279 .elementor-element.elementor-element-6a63de1 .elementor-heading-title{font-size:1.1em;font-weight:500;line-height:1.4em;}.elementor-20279 .elementor-element.elementor-element-2abb2bf > .elementor-widget-container{margin:0px 0px 0px 10px;}.elementor-20279 .elementor-element.elementor-element-2abb2bf .elementor-heading-title{font-size:0.9em;font-style:italic;line-height:1.4em;}.elementor-20279 .elementor-element.elementor-element-b122614 > .elementor-widget-container{margin:0px 0px 0px 10px;}.elementor-20279 .elementor-element.elementor-element-b122614 .elementor-heading-title{font-size:0.9em;line-height:1.4em;}@media(max-width:767px){.elementor-20279 .elementor-element.elementor-element-7b344dc{text-align:center;}.elementor-20279 .elementor-element.elementor-element-6a63de1{text-align:center;}.elementor-20279 .elementor-element.elementor-element-2abb2bf{text-align:center;}.elementor-20279 .elementor-element.elementor-element-b122614{text-align:center;}}@media(min-width:768px){.elementor-20279 .elementor-element.elementor-element-d90b1b6{--width:100%;}.elementor-20279 .elementor-element.elementor-element-419a8be{--width:24%;}.elementor-20279 .elementor-element.elementor-element-64a793f{--width:66.6666%;}}@media(max-width:1200px) and (min-width:768px){.elementor-20279 .elementor-element.elementor-element-d90b1b6{--width:614px;}}<\/style>\t\t<div data-elementor-type=\"loop-item\" data-elementor-id=\"20279\" class=\"elementor elementor-20279 e-loop-item e-loop-item-21983 post-21983 post type-post status-publish format-standard has-post-thumbnail hentry category-articulos tag-origenes\" data-elementor-post-type=\"elementor_library\" data-custom-edit-handle=\"1\">\n\t\t\t<div class=\"elementor-element elementor-element-d90b1b6 e-con-full e-flex e-con e-parent\" data-id=\"d90b1b6\" data-element_type=\"container\">\n\t\t<div class=\"elementor-element elementor-element-419a8be e-con-full e-flex e-con e-child\" data-id=\"419a8be\" data-element_type=\"container\">\n\t\t\t\t<div class=\"elementor-element elementor-element-253528a elementor-widget elementor-widget-image\" data-id=\"253528a\" data-element_type=\"widget\" data-widget_type=\"image.default\">\n\t\t\t\t<div class=\"elementor-widget-container\">\n\t\t\t\t\t\t\t\t\t\t\t\t\t\t\t\t<a href=\"https:\/\/fvarelaart.com\/en\/articulos\/esculpir-el-silencio-la-obra-de-fernando-varela2-6\/\">\n\t\t\t\t\t\t\t<img loading=\"lazy\" decoding=\"async\" width=\"371\" height=\"300\" src=\"https:\/\/fvarelaart.com\/wp-content\/uploads\/2024\/03\/fernando-varela-origines-formas-primarias-32-371x300.jpeg\" class=\"attachment-medium size-medium wp-image-21558\" alt=\"\" srcset=\"https:\/\/fvarelaart.com\/wp-content\/uploads\/2024\/03\/fernando-varela-origines-formas-primarias-32-371x300.jpeg 371w, https:\/\/fvarelaart.com\/wp-content\/uploads\/2024\/03\/fernando-varela-origines-formas-primarias-32-990x800.jpeg 990w, https:\/\/fvarelaart.com\/wp-content\/uploads\/2024\/03\/fernando-varela-origines-formas-primarias-32-768x621.jpeg 768w, https:\/\/fvarelaart.com\/wp-content\/uploads\/2024\/03\/fernando-varela-origines-formas-primarias-32.jpeg 1200w\" sizes=\"auto, (max-width: 371px) 100vw, 371px\" \/>\t\t\t\t\t\t\t\t<\/a>\n\t\t\t\t\t\t\t\t\t\t\t\t\t\t\t<\/div>\n\t\t\t\t<\/div>\n\t\t\t\t<\/div>\n\t\t<div class=\"elementor-element elementor-element-64a793f e-con-full e-flex e-con e-child\" data-id=\"64a793f\" data-element_type=\"container\">\n\t\t\t\t<div class=\"elementor-element elementor-element-7b344dc notraducir elementor-widget elementor-widget-heading\" data-id=\"7b344dc\" data-element_type=\"widget\" data-widget_type=\"heading.default\">\n\t\t\t\t<div class=\"elementor-widget-container\">\n\t\t\t\t\t<h4 class=\"elementor-heading-title elementor-size-default\"><a href=\"https:\/\/fvarelaart.com\/en\/articulos\/esculpir-el-silencio-la-obra-de-fernando-varela2-6\/\">Space and Form<\/a><\/h4>\t\t\t\t<\/div>\n\t\t\t\t<\/div>\n\t\t\t\t<div class=\"elementor-element elementor-element-6a63de1 notraducir elementor-widget elementor-widget-heading\" data-id=\"6a63de1\" data-element_type=\"widget\" data-widget_type=\"heading.default\">\n\t\t\t\t<div class=\"elementor-widget-container\">\n\t\t\t\t\t<p class=\"elementor-heading-title elementor-size-default\"><a href=\"https:\/\/fvarelaart.com\/en\/articulos\/esculpir-el-silencio-la-obra-de-fernando-varela2-6\/\">Fernando Varela<\/a><\/p>\t\t\t\t<\/div>\n\t\t\t\t<\/div>\n\t\t\t\t<div class=\"elementor-element elementor-element-b122614 elementor-widget elementor-widget-heading\" data-id=\"b122614\" data-element_type=\"widget\" data-widget_type=\"heading.default\">\n\t\t\t\t<div class=\"elementor-widget-container\">\n\t\t\t\t\t<p class=\"elementor-heading-title elementor-size-default\"><a href=\"https:\/\/fvarelaart.com\/en\/articulos\/esculpir-el-silencio-la-obra-de-fernando-varela2-6\/\">2013<\/a><\/p>\t\t\t\t<\/div>\n\t\t\t\t<\/div>\n\t\t\t\t<\/div>\n\t\t\t\t<\/div>\n\t\t\t\t<\/div>\n\t\t\t\t<div data-elementor-type=\"loop-item\" data-elementor-id=\"20279\" class=\"elementor elementor-20279 e-loop-item e-loop-item-21988 post-21988 post type-post status-publish format-standard has-post-thumbnail hentry category-articulos tag-origenes\" data-elementor-post-type=\"elementor_library\" data-custom-edit-handle=\"1\">\n\t\t\t<div class=\"elementor-element elementor-element-d90b1b6 e-con-full e-flex e-con e-parent\" data-id=\"d90b1b6\" data-element_type=\"container\">\n\t\t<div class=\"elementor-element elementor-element-419a8be e-con-full e-flex e-con e-child\" data-id=\"419a8be\" data-element_type=\"container\">\n\t\t\t\t<div class=\"elementor-element elementor-element-253528a elementor-widget elementor-widget-image\" data-id=\"253528a\" data-element_type=\"widget\" data-widget_type=\"image.default\">\n\t\t\t\t<div class=\"elementor-widget-container\">\n\t\t\t\t\t\t\t\t\t\t\t\t\t\t\t\t<a href=\"https:\/\/fvarelaart.com\/en\/articulos\/esculpir-el-silencio-la-obra-de-fernando-varela2-6-2\/\">\n\t\t\t\t\t\t\t<img loading=\"lazy\" decoding=\"async\" width=\"299\" height=\"300\" src=\"https:\/\/fvarelaart.com\/wp-content\/uploads\/2013\/01\/origenes-formas-primarias-24-1-299x300.jpg\" class=\"attachment-medium size-medium wp-image-20835\" alt=\"\" srcset=\"https:\/\/fvarelaart.com\/wp-content\/uploads\/2013\/01\/origenes-formas-primarias-24-1-299x300.jpg 299w, https:\/\/fvarelaart.com\/wp-content\/uploads\/2013\/01\/origenes-formas-primarias-24-1-797x800.jpg 797w, https:\/\/fvarelaart.com\/wp-content\/uploads\/2013\/01\/origenes-formas-primarias-24-1-150x150.jpg 150w, https:\/\/fvarelaart.com\/wp-content\/uploads\/2013\/01\/origenes-formas-primarias-24-1-768x771.jpg 768w, https:\/\/fvarelaart.com\/wp-content\/uploads\/2013\/01\/origenes-formas-primarias-24-1.jpg 1068w\" sizes=\"auto, (max-width: 299px) 100vw, 299px\" \/>\t\t\t\t\t\t\t\t<\/a>\n\t\t\t\t\t\t\t\t\t\t\t\t\t\t\t<\/div>\n\t\t\t\t<\/div>\n\t\t\t\t<\/div>\n\t\t<div class=\"elementor-element elementor-element-64a793f e-con-full e-flex e-con e-child\" data-id=\"64a793f\" data-element_type=\"container\">\n\t\t\t\t<div class=\"elementor-element elementor-element-7b344dc notraducir elementor-widget elementor-widget-heading\" data-id=\"7b344dc\" data-element_type=\"widget\" data-widget_type=\"heading.default\">\n\t\t\t\t<div class=\"elementor-widget-container\">\n\t\t\t\t\t<h4 class=\"elementor-heading-title elementor-size-default\"><a href=\"https:\/\/fvarelaart.com\/en\/articulos\/esculpir-el-silencio-la-obra-de-fernando-varela2-6-2\/\">From the sublime to the contemplative: &quot;Form and Void&quot;<\/a><\/h4>\t\t\t\t<\/div>\n\t\t\t\t<\/div>\n\t\t\t\t<div class=\"elementor-element elementor-element-6a63de1 notraducir elementor-widget elementor-widget-heading\" data-id=\"6a63de1\" data-element_type=\"widget\" data-widget_type=\"heading.default\">\n\t\t\t\t<div class=\"elementor-widget-container\">\n\t\t\t\t\t<p class=\"elementor-heading-title elementor-size-default\"><a href=\"https:\/\/fvarelaart.com\/en\/articulos\/esculpir-el-silencio-la-obra-de-fernando-varela2-6-2\/\">Clara Caminero K.<\/a><\/p>\t\t\t\t<\/div>\n\t\t\t\t<\/div>\n\t\t\t\t<div class=\"elementor-element elementor-element-2abb2bf notraducir elementor-widget elementor-widget-heading\" data-id=\"2abb2bf\" data-element_type=\"widget\" data-widget_type=\"heading.default\">\n\t\t\t\t<div class=\"elementor-widget-container\">\n\t\t\t\t\t<p class=\"elementor-heading-title elementor-size-default\"><a href=\"https:\/\/fvarelaart.com\/en\/articulos\/esculpir-el-silencio-la-obra-de-fernando-varela2-6-2\/\">Independent Curator<\/a><\/p>\t\t\t\t<\/div>\n\t\t\t\t<\/div>\n\t\t\t\t<div class=\"elementor-element elementor-element-b122614 elementor-widget elementor-widget-heading\" data-id=\"b122614\" data-element_type=\"widget\" data-widget_type=\"heading.default\">\n\t\t\t\t<div class=\"elementor-widget-container\">\n\t\t\t\t\t<p class=\"elementor-heading-title elementor-size-default\"><a href=\"https:\/\/fvarelaart.com\/en\/articulos\/esculpir-el-silencio-la-obra-de-fernando-varela2-6-2\/\">2013<\/a><\/p>\t\t\t\t<\/div>\n\t\t\t\t<\/div>\n\t\t\t\t<\/div>\n\t\t\t\t<\/div>\n\t\t\t\t<\/div>\n\t\t\t\t<div data-elementor-type=\"loop-item\" data-elementor-id=\"20279\" class=\"elementor elementor-20279 e-loop-item e-loop-item-21993 post-21993 post type-post status-publish format-standard has-post-thumbnail hentry category-articulos tag-origenes\" data-elementor-post-type=\"elementor_library\" data-custom-edit-handle=\"1\">\n\t\t\t<div class=\"elementor-element elementor-element-d90b1b6 e-con-full e-flex e-con e-parent\" data-id=\"d90b1b6\" data-element_type=\"container\">\n\t\t<div class=\"elementor-element elementor-element-419a8be e-con-full e-flex e-con e-child\" data-id=\"419a8be\" data-element_type=\"container\">\n\t\t\t\t<div class=\"elementor-element elementor-element-253528a elementor-widget elementor-widget-image\" data-id=\"253528a\" data-element_type=\"widget\" data-widget_type=\"image.default\">\n\t\t\t\t<div class=\"elementor-widget-container\">\n\t\t\t\t\t\t\t\t\t\t\t\t\t\t\t\t<a href=\"https:\/\/fvarelaart.com\/en\/articulos\/esculpir-el-silencio-la-obra-de-fernando-varela2-6-2-2\/\">\n\t\t\t\t\t\t\t<img loading=\"lazy\" decoding=\"async\" width=\"400\" height=\"267\" src=\"https:\/\/fvarelaart.com\/wp-content\/uploads\/2024\/03\/fernando-varela-origines-formas-primarias-2011-38-400x267.jpeg\" class=\"attachment-medium size-medium wp-image-21608\" alt=\"\" srcset=\"https:\/\/fvarelaart.com\/wp-content\/uploads\/2024\/03\/fernando-varela-origines-formas-primarias-2011-38-400x267.jpeg 400w, https:\/\/fvarelaart.com\/wp-content\/uploads\/2024\/03\/fernando-varela-origines-formas-primarias-2011-38.jpeg 768w\" sizes=\"auto, (max-width: 400px) 100vw, 400px\" \/>\t\t\t\t\t\t\t\t<\/a>\n\t\t\t\t\t\t\t\t\t\t\t\t\t\t\t<\/div>\n\t\t\t\t<\/div>\n\t\t\t\t<\/div>\n\t\t<div class=\"elementor-element elementor-element-64a793f e-con-full e-flex e-con e-child\" data-id=\"64a793f\" data-element_type=\"container\">\n\t\t\t\t<div class=\"elementor-element elementor-element-7b344dc notraducir elementor-widget elementor-widget-heading\" data-id=\"7b344dc\" data-element_type=\"widget\" data-widget_type=\"heading.default\">\n\t\t\t\t<div class=\"elementor-widget-container\">\n\t\t\t\t\t<h4 class=\"elementor-heading-title elementor-size-default\"><a href=\"https:\/\/fvarelaart.com\/en\/articulos\/esculpir-el-silencio-la-obra-de-fernando-varela2-6-2-2\/\">The Perennial Condition of the Human Being<\/a><\/h4>\t\t\t\t<\/div>\n\t\t\t\t<\/div>\n\t\t\t\t<div class=\"elementor-element elementor-element-6a63de1 notraducir elementor-widget elementor-widget-heading\" data-id=\"6a63de1\" data-element_type=\"widget\" data-widget_type=\"heading.default\">\n\t\t\t\t<div class=\"elementor-widget-container\">\n\t\t\t\t\t<p class=\"elementor-heading-title elementor-size-default\"><a href=\"https:\/\/fvarelaart.com\/en\/articulos\/esculpir-el-silencio-la-obra-de-fernando-varela2-6-2-2\/\">Carol Damian<\/a><\/p>\t\t\t\t<\/div>\n\t\t\t\t<\/div>\n\t\t\t\t<div class=\"elementor-element elementor-element-2abb2bf notraducir elementor-widget elementor-widget-heading\" data-id=\"2abb2bf\" data-element_type=\"widget\" data-widget_type=\"heading.default\">\n\t\t\t\t<div class=\"elementor-widget-container\">\n\t\t\t\t\t<p class=\"elementor-heading-title elementor-size-default\"><a href=\"https:\/\/fvarelaart.com\/en\/articulos\/esculpir-el-silencio-la-obra-de-fernando-varela2-6-2-2\/\">Chief Curator, The Frost Museum, Florida-International University<\/a><\/p>\t\t\t\t<\/div>\n\t\t\t\t<\/div>\n\t\t\t\t<div class=\"elementor-element elementor-element-b122614 elementor-widget elementor-widget-heading\" data-id=\"b122614\" data-element_type=\"widget\" data-widget_type=\"heading.default\">\n\t\t\t\t<div class=\"elementor-widget-container\">\n\t\t\t\t\t<p class=\"elementor-heading-title elementor-size-default\"><a href=\"https:\/\/fvarelaart.com\/en\/articulos\/esculpir-el-silencio-la-obra-de-fernando-varela2-6-2-2\/\">2013<\/a><\/p>\t\t\t\t<\/div>\n\t\t\t\t<\/div>\n\t\t\t\t<\/div>\n\t\t\t\t<\/div>\n\t\t\t\t<\/div>\n\t\t\t\t<div data-elementor-type=\"loop-item\" data-elementor-id=\"20279\" class=\"elementor elementor-20279 e-loop-item e-loop-item-22093 post-22093 post type-post status-publish format-standard has-post-thumbnail hentry category-articulos tag-origenes\" data-elementor-post-type=\"elementor_library\" data-custom-edit-handle=\"1\">\n\t\t\t<div class=\"elementor-element elementor-element-d90b1b6 e-con-full e-flex e-con e-parent\" data-id=\"d90b1b6\" data-element_type=\"container\">\n\t\t<div class=\"elementor-element elementor-element-419a8be e-con-full e-flex e-con e-child\" data-id=\"419a8be\" data-element_type=\"container\">\n\t\t\t\t<div class=\"elementor-element elementor-element-253528a elementor-widget elementor-widget-image\" data-id=\"253528a\" data-element_type=\"widget\" data-widget_type=\"image.default\">\n\t\t\t\t<div class=\"elementor-widget-container\">\n\t\t\t\t\t\t\t\t\t\t\t\t\t\t\t\t<a href=\"https:\/\/fvarelaart.com\/en\/articulos\/esculpir-el-silencio-la-obra-de-fernando-varela2-6-4\/\">\n\t\t\t\t\t\t\t<img loading=\"lazy\" decoding=\"async\" width=\"400\" height=\"267\" src=\"https:\/\/fvarelaart.com\/wp-content\/uploads\/2024\/03\/fernando-varela-origines-formas-primarias-40-400x267.jpeg\" class=\"attachment-medium size-medium wp-image-21566\" alt=\"\" srcset=\"https:\/\/fvarelaart.com\/wp-content\/uploads\/2024\/03\/fernando-varela-origines-formas-primarias-40-400x267.jpeg 400w, https:\/\/fvarelaart.com\/wp-content\/uploads\/2024\/03\/fernando-varela-origines-formas-primarias-40-1200x800.jpeg 1200w, https:\/\/fvarelaart.com\/wp-content\/uploads\/2024\/03\/fernando-varela-origines-formas-primarias-40-768x512.jpeg 768w, https:\/\/fvarelaart.com\/wp-content\/uploads\/2024\/03\/fernando-varela-origines-formas-primarias-40.jpeg 1500w\" sizes=\"auto, (max-width: 400px) 100vw, 400px\" \/>\t\t\t\t\t\t\t\t<\/a>\n\t\t\t\t\t\t\t\t\t\t\t\t\t\t\t<\/div>\n\t\t\t\t<\/div>\n\t\t\t\t<\/div>\n\t\t<div class=\"elementor-element elementor-element-64a793f e-con-full e-flex e-con e-child\" data-id=\"64a793f\" data-element_type=\"container\">\n\t\t\t\t<div class=\"elementor-element elementor-element-7b344dc notraducir elementor-widget elementor-widget-heading\" data-id=\"7b344dc\" data-element_type=\"widget\" data-widget_type=\"heading.default\">\n\t\t\t\t<div class=\"elementor-widget-container\">\n\t\t\t\t\t<h4 class=\"elementor-heading-title elementor-size-default\"><a href=\"https:\/\/fvarelaart.com\/en\/articulos\/esculpir-el-silencio-la-obra-de-fernando-varela2-6-4\/\">From the sublime to the contemplative: &quot;Form and Void&quot;<\/a><\/h4>\t\t\t\t<\/div>\n\t\t\t\t<\/div>\n\t\t\t\t<div class=\"elementor-element elementor-element-6a63de1 notraducir elementor-widget elementor-widget-heading\" data-id=\"6a63de1\" data-element_type=\"widget\" data-widget_type=\"heading.default\">\n\t\t\t\t<div class=\"elementor-widget-container\">\n\t\t\t\t\t<p class=\"elementor-heading-title elementor-size-default\"><a href=\"https:\/\/fvarelaart.com\/en\/articulos\/esculpir-el-silencio-la-obra-de-fernando-varela2-6-4\/\">Clara Caminero K.<\/a><\/p>\t\t\t\t<\/div>\n\t\t\t\t<\/div>\n\t\t\t\t<div class=\"elementor-element elementor-element-2abb2bf notraducir elementor-widget elementor-widget-heading\" data-id=\"2abb2bf\" data-element_type=\"widget\" data-widget_type=\"heading.default\">\n\t\t\t\t<div class=\"elementor-widget-container\">\n\t\t\t\t\t<p class=\"elementor-heading-title elementor-size-default\"><a href=\"https:\/\/fvarelaart.com\/en\/articulos\/esculpir-el-silencio-la-obra-de-fernando-varela2-6-4\/\">Independent Curator<\/a><\/p>\t\t\t\t<\/div>\n\t\t\t\t<\/div>\n\t\t\t\t<div class=\"elementor-element elementor-element-b122614 elementor-widget elementor-widget-heading\" data-id=\"b122614\" data-element_type=\"widget\" data-widget_type=\"heading.default\">\n\t\t\t\t<div class=\"elementor-widget-container\">\n\t\t\t\t\t<p class=\"elementor-heading-title elementor-size-default\"><a href=\"https:\/\/fvarelaart.com\/en\/articulos\/esculpir-el-silencio-la-obra-de-fernando-varela2-6-4\/\">2013<\/a><\/p>\t\t\t\t<\/div>\n\t\t\t\t<\/div>\n\t\t\t\t<\/div>\n\t\t\t\t<\/div>\n\t\t\t\t<\/div>\n\t\t\t\t<div data-elementor-type=\"loop-item\" data-elementor-id=\"20279\" class=\"elementor elementor-20279 e-loop-item e-loop-item-22099 post-22099 post type-post status-publish format-standard has-post-thumbnail hentry category-articulos tag-origenes\" data-elementor-post-type=\"elementor_library\" data-custom-edit-handle=\"1\">\n\t\t\t<div class=\"elementor-element elementor-element-d90b1b6 e-con-full e-flex e-con e-parent\" data-id=\"d90b1b6\" data-element_type=\"container\">\n\t\t<div class=\"elementor-element elementor-element-419a8be e-con-full e-flex e-con e-child\" data-id=\"419a8be\" data-element_type=\"container\">\n\t\t\t\t<div class=\"elementor-element elementor-element-253528a elementor-widget elementor-widget-image\" data-id=\"253528a\" data-element_type=\"widget\" data-widget_type=\"image.default\">\n\t\t\t\t<div class=\"elementor-widget-container\">\n\t\t\t\t\t\t\t\t\t\t\t\t\t\t\t\t<a href=\"https:\/\/fvarelaart.com\/en\/articulos\/esculpir-el-silencio-la-obra-de-fernando-varela2-5-2-2\/\">\n\t\t\t\t\t\t\t<img loading=\"lazy\" decoding=\"async\" width=\"328\" height=\"300\" src=\"https:\/\/fvarelaart.com\/wp-content\/uploads\/2024\/03\/fernando-varela-origines-formas-primarias-34-328x300.jpeg\" class=\"attachment-medium size-medium wp-image-21560\" alt=\"\" srcset=\"https:\/\/fvarelaart.com\/wp-content\/uploads\/2024\/03\/fernando-varela-origines-formas-primarias-34-328x300.jpeg 328w, https:\/\/fvarelaart.com\/wp-content\/uploads\/2024\/03\/fernando-varela-origines-formas-primarias-34-875x800.jpeg 875w, https:\/\/fvarelaart.com\/wp-content\/uploads\/2024\/03\/fernando-varela-origines-formas-primarias-34-768x702.jpeg 768w, https:\/\/fvarelaart.com\/wp-content\/uploads\/2024\/03\/fernando-varela-origines-formas-primarias-34.jpeg 1200w\" sizes=\"auto, (max-width: 328px) 100vw, 328px\" \/>\t\t\t\t\t\t\t\t<\/a>\n\t\t\t\t\t\t\t\t\t\t\t\t\t\t\t<\/div>\n\t\t\t\t<\/div>\n\t\t\t\t<\/div>\n\t\t<div class=\"elementor-element elementor-element-64a793f e-con-full e-flex e-con e-child\" data-id=\"64a793f\" data-element_type=\"container\">\n\t\t\t\t<div class=\"elementor-element elementor-element-7b344dc notraducir elementor-widget elementor-widget-heading\" data-id=\"7b344dc\" data-element_type=\"widget\" data-widget_type=\"heading.default\">\n\t\t\t\t<div class=\"elementor-widget-container\">\n\t\t\t\t\t<h4 class=\"elementor-heading-title elementor-size-default\"><a href=\"https:\/\/fvarelaart.com\/en\/articulos\/esculpir-el-silencio-la-obra-de-fernando-varela2-5-2-2\/\">Or\u00edgenes y Formas Primarias<\/a><\/h4>\t\t\t\t<\/div>\n\t\t\t\t<\/div>\n\t\t\t\t<div class=\"elementor-element elementor-element-6a63de1 notraducir elementor-widget elementor-widget-heading\" data-id=\"6a63de1\" data-element_type=\"widget\" data-widget_type=\"heading.default\">\n\t\t\t\t<div class=\"elementor-widget-container\">\n\t\t\t\t\t<p class=\"elementor-heading-title elementor-size-default\"><a href=\"https:\/\/fvarelaart.com\/en\/articulos\/esculpir-el-silencio-la-obra-de-fernando-varela2-5-2-2\/\">Sara Hermann<\/a><\/p>\t\t\t\t<\/div>\n\t\t\t\t<\/div>\n\t\t\t\t<div class=\"elementor-element elementor-element-2abb2bf notraducir elementor-widget elementor-widget-heading\" data-id=\"2abb2bf\" data-element_type=\"widget\" data-widget_type=\"heading.default\">\n\t\t\t\t<div class=\"elementor-widget-container\">\n\t\t\t\t\t<p class=\"elementor-heading-title elementor-size-default\"><a href=\"https:\/\/fvarelaart.com\/en\/articulos\/esculpir-el-silencio-la-obra-de-fernando-varela2-5-2-2\/\">Historian and Art Critic<\/a><\/p>\t\t\t\t<\/div>\n\t\t\t\t<\/div>\n\t\t\t\t<div class=\"elementor-element elementor-element-b122614 elementor-widget elementor-widget-heading\" data-id=\"b122614\" data-element_type=\"widget\" data-widget_type=\"heading.default\">\n\t\t\t\t<div class=\"elementor-widget-container\">\n\t\t\t\t\t<p class=\"elementor-heading-title elementor-size-default\"><a href=\"https:\/\/fvarelaart.com\/en\/articulos\/esculpir-el-silencio-la-obra-de-fernando-varela2-5-2-2\/\">2011<\/a><\/p>\t\t\t\t<\/div>\n\t\t\t\t<\/div>\n\t\t\t\t<\/div>\n\t\t\t\t<\/div>\n\t\t\t\t<\/div>\n\t\t\t\t<\/div>\n\t\t\n\t\t\t\t\t\t<\/div>\n\t\t\t\t<\/div>\n\t\t\t\t\t<\/div>\n\t\t<\/div>\n\t\t\t\t\t<\/div>\n\t\t<\/section>\n\t\t<div class=\"wd-negative-gap elementor-element elementor-element-b3ad690 e-flex e-con-boxed e-con e-parent\" data-id=\"b3ad690\" data-element_type=\"container\">\n\t\t\t\t\t<div class=\"e-con-inner\">\n\t\t\t\t<div class=\"elementor-element elementor-element-2d99850 color-scheme-inherit text-left elementor-widget elementor-widget-text-editor\" data-id=\"2d99850\" data-element_type=\"widget\" data-widget_type=\"text-editor.default\">\n\t\t\t\t<div class=\"elementor-widget-container\">\n\t\t\t\t\t\t\t\t\t\t\t\t<link rel=\"stylesheet\" id=\"elementor-post-20177-css\" href=\"https:\/\/fvarelaart.com\/wp-content\/uploads\/elementor\/css\/post-20177.css?ver=1774667754\" type=\"text\/css\" media=\"all\">\n\t\t\t\t\t<div data-elementor-type=\"wp-post\" data-elementor-id=\"20177\" class=\"elementor elementor-20177\" data-elementor-post-type=\"cms_block\">\n\t\t\t\t\t\t<section class=\"elementor-section elementor-top-section elementor-element elementor-element-dd6baa9 wd-section-stretch-content elementor-reverse-mobile block elementor-section-boxed elementor-section-height-default elementor-section-height-default\" data-id=\"dd6baa9\" data-element_type=\"section\">\n\t\t\t\t\t\t<div class=\"elementor-container elementor-column-gap-no\">\n\t\t\t\t\t<div class=\"elementor-column elementor-col-100 elementor-top-column elementor-element elementor-element-b4f3dd6\" data-id=\"b4f3dd6\" data-element_type=\"column\">\n\t\t\t<div class=\"elementor-widget-wrap elementor-element-populated\">\n\t\t\t\t\t\t<div class=\"elementor-element elementor-element-d93b616 elementor-widget elementor-widget-heading\" data-id=\"d93b616\" data-element_type=\"widget\" data-widget_type=\"heading.default\">\n\t\t\t\t<div class=\"elementor-widget-container\">\n\t\t\t\t\t<h1 class=\"elementor-heading-title elementor-size-default\">Other Exhibitions<\/h1>\t\t\t\t<\/div>\n\t\t\t\t<\/div>\n\t\t\t\t<div class=\"elementor-element elementor-element-1b13bce elementor-widget-divider--view-line elementor-widget elementor-widget-divider\" data-id=\"1b13bce\" data-element_type=\"widget\" data-widget_type=\"divider.default\">\n\t\t\t\t<div class=\"elementor-widget-container\">\n\t\t\t\t\t\t\t<div class=\"elementor-divider\">\n\t\t\t<span class=\"elementor-divider-separator\">\n\t\t\t\t\t\t<\/span>\n\t\t<\/div>\n\t\t\t\t\t\t<\/div>\n\t\t\t\t<\/div>\n\t\t\t\t<div class=\"elementor-element elementor-element-ace778d elementor-arrows-position-outside elementor-widget elementor-widget-loop-carousel\" data-id=\"ace778d\" data-element_type=\"widget\" data-settings=\"{&quot;template_id&quot;:20169,&quot;slides_to_show&quot;:&quot;4&quot;,&quot;_skin&quot;:&quot;post&quot;,&quot;slides_to_show_tablet_extra&quot;:&quot;3&quot;,&quot;slides_to_show_tablet&quot;:&quot;2&quot;,&quot;slides_to_show_mobile_extra&quot;:&quot;2&quot;,&quot;slides_to_show_mobile&quot;:&quot;1&quot;,&quot;slides_to_scroll&quot;:&quot;1&quot;,&quot;edit_handle_selector&quot;:&quot;.elementor-loop-container&quot;,&quot;speed&quot;:500,&quot;arrows&quot;:&quot;yes&quot;,&quot;image_spacing_custom&quot;:{&quot;unit&quot;:&quot;px&quot;,&quot;size&quot;:10,&quot;sizes&quot;:[]},&quot;image_spacing_custom_tablet_extra&quot;:{&quot;unit&quot;:&quot;px&quot;,&quot;size&quot;:&quot;&quot;,&quot;sizes&quot;:[]},&quot;image_spacing_custom_tablet&quot;:{&quot;unit&quot;:&quot;px&quot;,&quot;size&quot;:&quot;&quot;,&quot;sizes&quot;:[]},&quot;image_spacing_custom_mobile_extra&quot;:{&quot;unit&quot;:&quot;px&quot;,&quot;size&quot;:&quot;&quot;,&quot;sizes&quot;:[]},&quot;image_spacing_custom_mobile&quot;:{&quot;unit&quot;:&quot;px&quot;,&quot;size&quot;:&quot;&quot;,&quot;sizes&quot;:[]}}\" data-widget_type=\"loop-carousel.post\">\n\t\t\t\t<div class=\"elementor-widget-container\">\n\t\t\t\t\t\t\t<div class=\"swiper elementor-loop-container elementor-grid\" role=\"list\" dir=\"ltr\">\n\t\t\t\t<div class=\"swiper-wrapper\" aria-live=\"polite\">\n\t\t<style id=\"loop-20169\">.elementor-20169 .elementor-element.elementor-element-5c0bbbc{--display:flex;--flex-direction:column;--container-widget-width:100%;--container-widget-height:initial;--container-widget-flex-grow:0;--container-widget-align-self:initial;--flex-wrap-mobile:wrap;--gap:0px 0px;--row-gap:0px;--column-gap:0px;}.elementor-20169 .elementor-element.elementor-element-43de545 > .elementor-widget-container{margin:10px 0px 5px 0px;}.elementor-20169 .elementor-element.elementor-element-43de545{text-align:center;}.elementor-20169 .elementor-element.elementor-element-43de545 .elementor-heading-title{font-size:1.3em;color:var( --e-global-color-text );}.elementor-20169 .elementor-element.elementor-element-0b80b6d > .elementor-widget-container{margin:0px 0px 5px 0px;}.elementor-20169 .elementor-element.elementor-element-0b80b6d{text-align:center;}.elementor-20169 .elementor-element.elementor-element-0b80b6d .elementor-heading-title{font-size:0.8em;color:var( --e-global-color-text );}.elementor-20169 .elementor-element.elementor-element-6c7dfb5{text-align:center;}.elementor-20169 .elementor-element.elementor-element-6c7dfb5 .elementor-heading-title{font-size:0.8em;color:var( --e-global-color-text );}@media(max-width:767px){.elementor-20169 .elementor-element.elementor-element-0b80b6d > .elementor-widget-container{margin:0px 0px 0px 0px;padding:0px 0px 0px 0px;}.elementor-20169 .elementor-element.elementor-element-0b80b6d .elementor-heading-title{font-size:0.8em;line-height:0.1em;}.elementor-20169 .elementor-element.elementor-element-6c7dfb5 > .elementor-widget-container{margin:0px 0px 0px 0px;padding:0px 0px 0px 0px;}.elementor-20169 .elementor-element.elementor-element-6c7dfb5 .elementor-heading-title{font-size:0.8em;line-height:0.1em;}}<\/style>\t\t<div data-elementor-type=\"loop-item\" data-elementor-id=\"20169\" class=\"elementor elementor-20169 swiper-slide e-loop-item e-loop-item-22809 post-22809 portfolio type-portfolio status-publish has-post-thumbnail hentry project-cat-161\" data-elementor-post-type=\"elementor_library\" role=\"group\" aria-roledescription=\"slide\" data-custom-edit-handle=\"1\">\n\t\t\t<div class=\"wd-negative-gap elementor-element elementor-element-5c0bbbc e-flex e-con-boxed e-con e-parent\" data-id=\"5c0bbbc\" data-element_type=\"container\">\n\t\t\t\t\t<div class=\"e-con-inner\">\n\t\t\t\t<div class=\"elementor-element elementor-element-c470322 elementor-widget elementor-widget-image\" data-id=\"c470322\" data-element_type=\"widget\" data-widget_type=\"image.default\">\n\t\t\t\t<div class=\"elementor-widget-container\">\n\t\t\t\t\t\t\t\t\t\t\t\t\t\t\t\t<a href=\"https:\/\/fvarelaart.com\/en\/expo\/echoes-of-the-other\/\">\n\t\t\t\t\t\t\t<img decoding=\"async\" src=\"https:\/\/fvarelaart.com\/wp-content\/uploads\/elementor\/thumbs\/fernando-varela-echoes-2025-12-scaled-rg2jglly8ke3zz7ui3lspa7qxqz66eqp7nyyr64xjg.jpeg\" title=\"fernando-varela-echoes-2025-12\" alt=\"fernando-varela-echoes-2025-12\" loading=\"lazy\" \/>\t\t\t\t\t\t\t\t<\/a>\n\t\t\t\t\t\t\t\t\t\t\t\t\t\t\t<\/div>\n\t\t\t\t<\/div>\n\t\t\t\t<div class=\"elementor-element elementor-element-43de545 notraducir elementor-widget elementor-widget-heading\" data-id=\"43de545\" data-element_type=\"widget\" data-widget_type=\"heading.default\">\n\t\t\t\t<div class=\"elementor-widget-container\">\n\t\t\t\t\t<h2 class=\"elementor-heading-title elementor-size-default\"><a href=\"https:\/\/fvarelaart.com\/en\/expo\/echoes-of-the-other\/\">Echoes of the Other<\/a><\/h2>\t\t\t\t<\/div>\n\t\t\t\t<\/div>\n\t\t\t\t<div class=\"elementor-element elementor-element-0b80b6d elementor-widget elementor-widget-heading\" data-id=\"0b80b6d\" data-element_type=\"widget\" data-widget_type=\"heading.default\">\n\t\t\t\t<div class=\"elementor-widget-container\">\n\t\t\t\t\t<h2 class=\"elementor-heading-title elementor-size-default\"><a href=\"https:\/\/fvarelaart.com\/en\/expo\/echoes-of-the-other\/\">Concept_11<\/a><\/h2>\t\t\t\t<\/div>\n\t\t\t\t<\/div>\n\t\t\t\t<div class=\"elementor-element elementor-element-6c7dfb5 elementor-widget elementor-widget-heading\" data-id=\"6c7dfb5\" data-element_type=\"widget\" data-widget_type=\"heading.default\">\n\t\t\t\t<div class=\"elementor-widget-container\">\n\t\t\t\t\t<h2 class=\"elementor-heading-title elementor-size-default\"><a href=\"https:\/\/fvarelaart.com\/en\/expo\/echoes-of-the-other\/\">2025<\/a><\/h2>\t\t\t\t<\/div>\n\t\t\t\t<\/div>\n\t\t\t\t\t<\/div>\n\t\t\t\t<\/div>\n\t\t\t\t<\/div>\n\t\t\t\t<div data-elementor-type=\"loop-item\" data-elementor-id=\"20169\" class=\"elementor elementor-20169 swiper-slide e-loop-item e-loop-item-22749 post-22749 portfolio type-portfolio status-publish has-post-thumbnail hentry project-cat-161\" data-elementor-post-type=\"elementor_library\" role=\"group\" aria-roledescription=\"slide\" data-custom-edit-handle=\"1\">\n\t\t\t<div class=\"wd-negative-gap elementor-element elementor-element-5c0bbbc e-flex e-con-boxed e-con e-parent\" data-id=\"5c0bbbc\" data-element_type=\"container\">\n\t\t\t\t\t<div class=\"e-con-inner\">\n\t\t\t\t<div class=\"elementor-element elementor-element-c470322 elementor-widget elementor-widget-image\" data-id=\"c470322\" data-element_type=\"widget\" data-widget_type=\"image.default\">\n\t\t\t\t<div class=\"elementor-widget-container\">\n\t\t\t\t\t\t\t\t\t\t\t\t\t\t\t\t<a href=\"https:\/\/fvarelaart.com\/en\/expo\/forma-y-vacio-upsilon-new-york\/\">\n\t\t\t\t\t\t\t<img decoding=\"async\" src=\"https:\/\/fvarelaart.com\/wp-content\/uploads\/elementor\/thumbs\/fernando-varela-upsylon-2024-enlazando-mundos-22-rg2ie5zisfs19z1mxhiyqzd8ikevfy5t9fo8bv4fyk.jpg\" title=\"ferando-varela-upsylon-2024-linking-worlds-22\" alt=\"fernando-varela-upsylon-2024-enlazando-mundos-22\" loading=\"lazy\" \/>\t\t\t\t\t\t\t\t<\/a>\n\t\t\t\t\t\t\t\t\t\t\t\t\t\t\t<\/div>\n\t\t\t\t<\/div>\n\t\t\t\t<div class=\"elementor-element elementor-element-43de545 notraducir elementor-widget elementor-widget-heading\" data-id=\"43de545\" data-element_type=\"widget\" data-widget_type=\"heading.default\">\n\t\t\t\t<div class=\"elementor-widget-container\">\n\t\t\t\t\t<h2 class=\"elementor-heading-title elementor-size-default\"><a href=\"https:\/\/fvarelaart.com\/en\/expo\/forma-y-vacio-upsilon-new-york\/\">Form and Emptiness: Fernando Varela and Carmen Herrera<\/a><\/h2>\t\t\t\t<\/div>\n\t\t\t\t<\/div>\n\t\t\t\t<div class=\"elementor-element elementor-element-0b80b6d elementor-widget elementor-widget-heading\" data-id=\"0b80b6d\" data-element_type=\"widget\" data-widget_type=\"heading.default\">\n\t\t\t\t<div class=\"elementor-widget-container\">\n\t\t\t\t\t<h2 class=\"elementor-heading-title elementor-size-default\"><a href=\"https:\/\/fvarelaart.com\/en\/expo\/forma-y-vacio-upsilon-new-york\/\">Upsilon Gallery<\/a><\/h2>\t\t\t\t<\/div>\n\t\t\t\t<\/div>\n\t\t\t\t<div class=\"elementor-element elementor-element-6c7dfb5 elementor-widget elementor-widget-heading\" data-id=\"6c7dfb5\" data-element_type=\"widget\" data-widget_type=\"heading.default\">\n\t\t\t\t<div class=\"elementor-widget-container\">\n\t\t\t\t\t<h2 class=\"elementor-heading-title elementor-size-default\"><a href=\"https:\/\/fvarelaart.com\/en\/expo\/forma-y-vacio-upsilon-new-york\/\">2025<\/a><\/h2>\t\t\t\t<\/div>\n\t\t\t\t<\/div>\n\t\t\t\t\t<\/div>\n\t\t\t\t<\/div>\n\t\t\t\t<\/div>\n\t\t\t\t<div data-elementor-type=\"loop-item\" data-elementor-id=\"20169\" class=\"elementor elementor-20169 swiper-slide e-loop-item e-loop-item-22640 post-22640 portfolio type-portfolio status-publish has-post-thumbnail hentry project-cat-159\" data-elementor-post-type=\"elementor_library\" role=\"group\" aria-roledescription=\"slide\" data-custom-edit-handle=\"1\">\n\t\t\t<div class=\"wd-negative-gap elementor-element elementor-element-5c0bbbc e-flex e-con-boxed e-con e-parent\" data-id=\"5c0bbbc\" data-element_type=\"container\">\n\t\t\t\t\t<div class=\"e-con-inner\">\n\t\t\t\t<div class=\"elementor-element elementor-element-c470322 elementor-widget elementor-widget-image\" data-id=\"c470322\" data-element_type=\"widget\" data-widget_type=\"image.default\">\n\t\t\t\t<div class=\"elementor-widget-container\">\n\t\t\t\t\t\t\t\t\t\t\t\t\t\t\t\t<a href=\"https:\/\/fvarelaart.com\/en\/expo\/ensayos-sobre-el-infinito-2\/\">\n\t\t\t\t\t\t\t<img decoding=\"async\" src=\"https:\/\/fvarelaart.com\/wp-content\/uploads\/elementor\/thumbs\/fernando-varela-facci-2024-enlazando-mundos-7-scaled-rfmld94gvccoi3oxaixeym7aj5p5p6t2dsog7xtgb0.jpg\" title=\"fernando-varela-facci-2024-linking-worlds-7\" alt=\"fernando-varela-facci-2024-enlazando-mundos-7\" loading=\"lazy\" \/>\t\t\t\t\t\t\t\t<\/a>\n\t\t\t\t\t\t\t\t\t\t\t\t\t\t\t<\/div>\n\t\t\t\t<\/div>\n\t\t\t\t<div class=\"elementor-element elementor-element-43de545 notraducir elementor-widget elementor-widget-heading\" data-id=\"43de545\" data-element_type=\"widget\" data-widget_type=\"heading.default\">\n\t\t\t\t<div class=\"elementor-widget-container\">\n\t\t\t\t\t<h2 class=\"elementor-heading-title elementor-size-default\"><a href=\"https:\/\/fvarelaart.com\/en\/expo\/ensayos-sobre-el-infinito-2\/\">Linking Worlds<\/a><\/h2>\t\t\t\t<\/div>\n\t\t\t\t<\/div>\n\t\t\t\t<div class=\"elementor-element elementor-element-0b80b6d elementor-widget elementor-widget-heading\" data-id=\"0b80b6d\" data-element_type=\"widget\" data-widget_type=\"heading.default\">\n\t\t\t\t<div class=\"elementor-widget-container\">\n\t\t\t\t\t<h2 class=\"elementor-heading-title elementor-size-default\"><a href=\"https:\/\/fvarelaart.com\/en\/expo\/ensayos-sobre-el-infinito-2\/\">Museum of Modern Art<\/a><\/h2>\t\t\t\t<\/div>\n\t\t\t\t<\/div>\n\t\t\t\t<div class=\"elementor-element elementor-element-6c7dfb5 elementor-widget elementor-widget-heading\" data-id=\"6c7dfb5\" data-element_type=\"widget\" data-widget_type=\"heading.default\">\n\t\t\t\t<div class=\"elementor-widget-container\">\n\t\t\t\t\t<h2 class=\"elementor-heading-title elementor-size-default\"><a href=\"https:\/\/fvarelaart.com\/en\/expo\/ensayos-sobre-el-infinito-2\/\">2024<\/a><\/h2>\t\t\t\t<\/div>\n\t\t\t\t<\/div>\n\t\t\t\t\t<\/div>\n\t\t\t\t<\/div>\n\t\t\t\t<\/div>\n\t\t\t\t<div data-elementor-type=\"loop-item\" data-elementor-id=\"20169\" class=\"elementor elementor-20169 swiper-slide e-loop-item e-loop-item-556 post-556 portfolio type-portfolio status-publish has-post-thumbnail hentry project-cat-137\" data-elementor-post-type=\"elementor_library\" role=\"group\" aria-roledescription=\"slide\" data-custom-edit-handle=\"1\">\n\t\t\t<div class=\"wd-negative-gap elementor-element elementor-element-5c0bbbc e-flex e-con-boxed e-con e-parent\" data-id=\"5c0bbbc\" data-element_type=\"container\">\n\t\t\t\t\t<div class=\"e-con-inner\">\n\t\t\t\t<div class=\"elementor-element elementor-element-c470322 elementor-widget elementor-widget-image\" data-id=\"c470322\" data-element_type=\"widget\" data-widget_type=\"image.default\">\n\t\t\t\t<div class=\"elementor-widget-container\">\n\t\t\t\t\t\t\t\t\t\t\t\t\t\t\t\t<a href=\"https:\/\/fvarelaart.com\/en\/expo\/mundos\/\">\n\t\t\t\t\t\t\t<img decoding=\"async\" src=\"https:\/\/fvarelaart.com\/wp-content\/uploads\/elementor\/thumbs\/mundos-7-qirk66532lyqw6c15lln93chwzyznl343ii3vl6958.jpg\" title=\"worlds-7\" alt=\"mundos-7\" loading=\"lazy\" \/>\t\t\t\t\t\t\t\t<\/a>\n\t\t\t\t\t\t\t\t\t\t\t\t\t\t\t<\/div>\n\t\t\t\t<\/div>\n\t\t\t\t<div class=\"elementor-element elementor-element-43de545 notraducir elementor-widget elementor-widget-heading\" data-id=\"43de545\" data-element_type=\"widget\" data-widget_type=\"heading.default\">\n\t\t\t\t<div class=\"elementor-widget-container\">\n\t\t\t\t\t<h2 class=\"elementor-heading-title elementor-size-default\"><a href=\"https:\/\/fvarelaart.com\/en\/expo\/mundos\/\">MUNDOS \u2013 Los Tr\u00e1nsitos de Fernando Varela<\/a><\/h2>\t\t\t\t<\/div>\n\t\t\t\t<\/div>\n\t\t\t\t<div class=\"elementor-element elementor-element-0b80b6d elementor-widget elementor-widget-heading\" data-id=\"0b80b6d\" data-element_type=\"widget\" data-widget_type=\"heading.default\">\n\t\t\t\t<div class=\"elementor-widget-container\">\n\t\t\t\t\t<h2 class=\"elementor-heading-title elementor-size-default\"><a href=\"https:\/\/fvarelaart.com\/en\/expo\/mundos\/\">Eduardo Le\u00f3n Jimenes Cultural Center<\/a><\/h2>\t\t\t\t<\/div>\n\t\t\t\t<\/div>\n\t\t\t\t<div class=\"elementor-element elementor-element-6c7dfb5 elementor-widget elementor-widget-heading\" data-id=\"6c7dfb5\" data-element_type=\"widget\" data-widget_type=\"heading.default\">\n\t\t\t\t<div class=\"elementor-widget-container\">\n\t\t\t\t\t<h2 class=\"elementor-heading-title elementor-size-default\"><a href=\"https:\/\/fvarelaart.com\/en\/expo\/mundos\/\">2022<\/a><\/h2>\t\t\t\t<\/div>\n\t\t\t\t<\/div>\n\t\t\t\t\t<\/div>\n\t\t\t\t<\/div>\n\t\t\t\t<\/div>\n\t\t\t\t<div data-elementor-type=\"loop-item\" data-elementor-id=\"20169\" class=\"elementor elementor-20169 swiper-slide e-loop-item e-loop-item-21225 post-21225 portfolio type-portfolio status-publish has-post-thumbnail hentry project-cat-137\" data-elementor-post-type=\"elementor_library\" role=\"group\" aria-roledescription=\"slide\" data-custom-edit-handle=\"1\">\n\t\t\t<div class=\"wd-negative-gap elementor-element elementor-element-5c0bbbc e-flex e-con-boxed e-con e-parent\" data-id=\"5c0bbbc\" data-element_type=\"container\">\n\t\t\t\t\t<div class=\"e-con-inner\">\n\t\t\t\t<div class=\"elementor-element elementor-element-c470322 elementor-widget elementor-widget-image\" data-id=\"c470322\" data-element_type=\"widget\" data-widget_type=\"image.default\">\n\t\t\t\t<div class=\"elementor-widget-container\">\n\t\t\t\t\t\t\t\t\t\t\t\t\t\t\t\t<a href=\"https:\/\/fvarelaart.com\/en\/expo\/ensayos-sobre-el-infinito\/\">\n\t\t\t\t\t\t\t<img decoding=\"async\" src=\"https:\/\/fvarelaart.com\/wp-content\/uploads\/elementor\/thumbs\/fernando-varela-ensayo-infinito-13-qkhtpsndlg6xozfpdq7hgtzlxxi8gz4i1rx9tgyrpo.jpg\" title=\"fernando-varela-essay-infinito-13\" alt=\"fernando-varela-ensayo-infinito-13\" loading=\"lazy\" \/>\t\t\t\t\t\t\t\t<\/a>\n\t\t\t\t\t\t\t\t\t\t\t\t\t\t\t<\/div>\n\t\t\t\t<\/div>\n\t\t\t\t<div class=\"elementor-element elementor-element-43de545 notraducir elementor-widget elementor-widget-heading\" data-id=\"43de545\" data-element_type=\"widget\" data-widget_type=\"heading.default\">\n\t\t\t\t<div class=\"elementor-widget-container\">\n\t\t\t\t\t<h2 class=\"elementor-heading-title elementor-size-default\"><a href=\"https:\/\/fvarelaart.com\/en\/expo\/ensayos-sobre-el-infinito\/\">Ensayos sobre el Infinito<\/a><\/h2>\t\t\t\t<\/div>\n\t\t\t\t<\/div>\n\t\t\t\t<div class=\"elementor-element elementor-element-0b80b6d elementor-widget elementor-widget-heading\" data-id=\"0b80b6d\" data-element_type=\"widget\" data-widget_type=\"heading.default\">\n\t\t\t\t<div class=\"elementor-widget-container\">\n\t\t\t\t\t<h2 class=\"elementor-heading-title elementor-size-default\"><a href=\"https:\/\/fvarelaart.com\/en\/expo\/ensayos-sobre-el-infinito\/\">Lucy Garc\u00eda Contemporary Art<\/a><\/h2>\t\t\t\t<\/div>\n\t\t\t\t<\/div>\n\t\t\t\t<div class=\"elementor-element elementor-element-6c7dfb5 elementor-widget elementor-widget-heading\" data-id=\"6c7dfb5\" data-element_type=\"widget\" data-widget_type=\"heading.default\">\n\t\t\t\t<div class=\"elementor-widget-container\">\n\t\t\t\t\t<h2 class=\"elementor-heading-title elementor-size-default\"><a href=\"https:\/\/fvarelaart.com\/en\/expo\/ensayos-sobre-el-infinito\/\">2022<\/a><\/h2>\t\t\t\t<\/div>\n\t\t\t\t<\/div>\n\t\t\t\t\t<\/div>\n\t\t\t\t<\/div>\n\t\t\t\t<\/div>\n\t\t\t\t<div data-elementor-type=\"loop-item\" data-elementor-id=\"20169\" class=\"elementor elementor-20169 swiper-slide e-loop-item e-loop-item-21228 post-21228 portfolio type-portfolio status-publish has-post-thumbnail hentry project-cat-125\" data-elementor-post-type=\"elementor_library\" role=\"group\" aria-roledescription=\"slide\" data-custom-edit-handle=\"1\">\n\t\t\t<div class=\"wd-negative-gap elementor-element elementor-element-5c0bbbc e-flex e-con-boxed e-con e-parent\" data-id=\"5c0bbbc\" data-element_type=\"container\">\n\t\t\t\t\t<div class=\"e-con-inner\">\n\t\t\t\t<div class=\"elementor-element elementor-element-c470322 elementor-widget elementor-widget-image\" data-id=\"c470322\" data-element_type=\"widget\" data-widget_type=\"image.default\">\n\t\t\t\t<div class=\"elementor-widget-container\">\n\t\t\t\t\t\t\t\t\t\t\t\t\t\t\t\t<a href=\"https:\/\/fvarelaart.com\/en\/expo\/forma-y-vacio-2013-2019\/\">\n\t\t\t\t\t\t\t<img decoding=\"async\" src=\"https:\/\/fvarelaart.com\/wp-content\/uploads\/elementor\/thumbs\/fernando-varela-forma-vacio-puerto-rico-2013-2019-28-scaled-qkeb9emxtcbc901a4xksgm1xavnj1sge5jh5vau6z0.jpeg\" title=\"fernando-varela-form-vacio-puerto-rico-2013-2019-28\" alt=\"fernando-varela-forma-vacio-puerto-rico-2013-2019-28\" loading=\"lazy\" \/>\t\t\t\t\t\t\t\t<\/a>\n\t\t\t\t\t\t\t\t\t\t\t\t\t\t\t<\/div>\n\t\t\t\t<\/div>\n\t\t\t\t<div class=\"elementor-element elementor-element-43de545 notraducir elementor-widget elementor-widget-heading\" data-id=\"43de545\" data-element_type=\"widget\" data-widget_type=\"heading.default\">\n\t\t\t\t<div class=\"elementor-widget-container\">\n\t\t\t\t\t<h2 class=\"elementor-heading-title elementor-size-default\"><a href=\"https:\/\/fvarelaart.com\/en\/expo\/forma-y-vacio-2013-2019\/\">Forma y Vacio 2013 \u2013 2019<\/a><\/h2>\t\t\t\t<\/div>\n\t\t\t\t<\/div>\n\t\t\t\t<div class=\"elementor-element elementor-element-0b80b6d elementor-widget elementor-widget-heading\" data-id=\"0b80b6d\" data-element_type=\"widget\" data-widget_type=\"heading.default\">\n\t\t\t\t<div class=\"elementor-widget-container\">\n\t\t\t\t\t<h2 class=\"elementor-heading-title elementor-size-default\"><a href=\"https:\/\/fvarelaart.com\/en\/expo\/forma-y-vacio-2013-2019\/\">Museum of the Americas<\/a><\/h2>\t\t\t\t<\/div>\n\t\t\t\t<\/div>\n\t\t\t\t<div class=\"elementor-element elementor-element-6c7dfb5 elementor-widget elementor-widget-heading\" data-id=\"6c7dfb5\" data-element_type=\"widget\" data-widget_type=\"heading.default\">\n\t\t\t\t<div class=\"elementor-widget-container\">\n\t\t\t\t\t<h2 class=\"elementor-heading-title elementor-size-default\"><a href=\"https:\/\/fvarelaart.com\/en\/expo\/forma-y-vacio-2013-2019\/\">2019<\/a><\/h2>\t\t\t\t<\/div>\n\t\t\t\t<\/div>\n\t\t\t\t\t<\/div>\n\t\t\t\t<\/div>\n\t\t\t\t<\/div>\n\t\t\t\t<\/div>\n\t\t<\/div>\n\t\t\t\t\t<div class=\"elementor-swiper-button elementor-swiper-button-prev\" role=\"button\" tabindex=\"0\" aria-label=\"Previous\">\n\t\t\t\t<i aria-hidden=\"true\" class=\"eicon-chevron-left\"><\/i>\t\t\t<\/div>\n\t\t\t<div class=\"elementor-swiper-button elementor-swiper-button-next\" role=\"button\" tabindex=\"0\" aria-label=\"Next\">\n\t\t\t\t<i aria-hidden=\"true\" class=\"eicon-chevron-right\"><\/i>\t\t\t<\/div>\n\t\t\t\t\t\t<\/div>\n\t\t\t\t<\/div>\n\t\t\t\t\t<\/div>\n\t\t<\/div>\n\t\t\t\t\t<\/div>\n\t\t<\/section>\n\t\t\t\t<\/div>\n\t\t\t\t\t\t\t\t\t\t<\/div>\n\t\t\t\t<\/div>\n\t\t\t\t\t<\/div>\n\t\t\t\t<\/div>\n\t\t\t\t<\/div>","protected":false},"excerpt":{"rendered":"<p>Exhibitions &gt; Origins and Primary Forms Although, according to Jean Baudrillard, art has become iconoclastic today - but a<\/p>","protected":false},"featured_media":22421,"menu_order":4,"template":"","meta":{"_acf_changed":false,"_links_to":"","_links_to_target":""},"project-cat":[143],"class_list":["post-20755","portfolio","type-portfolio","status-publish","has-post-thumbnail","hentry","project-cat-143"],"acf":[],"yoast_head":"<!-- This site is optimized with the Yoast SEO plugin v26.5 - https:\/\/yoast.com\/wordpress\/plugins\/seo\/ -->\n<title>Or\u00edgenes y Formas Primarias - Fernando Varela<\/title>\n<meta name=\"robots\" content=\"index, follow, max-snippet:-1, max-image-preview:large, max-video-preview:-1\" \/>\n<link rel=\"canonical\" href=\"https:\/\/fvarelaart.com\/en\/expo\/origenes-formas-primarias\/\" \/>\n<meta property=\"og:locale\" content=\"en_US\" \/>\n<meta property=\"og:type\" content=\"article\" \/>\n<meta property=\"og:title\" content=\"Or\u00edgenes y Formas Primarias - Fernando Varela\" \/>\n<meta property=\"og:description\" content=\"Exposiciones &gt; Or\u00edgenes y Formas Primarias Si bien, seg\u00fan Jean Baudrillard, el arte se ha vuelto hoy iconoclasta -\u00ad\u2010pero una\" \/>\n<meta property=\"og:url\" content=\"https:\/\/fvarelaart.com\/en\/expo\/origenes-formas-primarias\/\" \/>\n<meta property=\"og:site_name\" content=\"Fernando Varela\" \/>\n<meta property=\"article:modified_time\" content=\"2024-04-03T00:23:23+00:00\" \/>\n<meta property=\"og:image\" content=\"https:\/\/fvarelaart.com\/wp-content\/uploads\/2013\/01\/fernando-varela-origines-formas-primarias.jpeg\" \/>\n\t<meta property=\"og:image:width\" content=\"653\" \/>\n\t<meta property=\"og:image:height\" content=\"739\" \/>\n\t<meta property=\"og:image:type\" content=\"image\/jpeg\" \/>\n<meta name=\"twitter:card\" content=\"summary_large_image\" \/>\n<meta name=\"twitter:label1\" content=\"Est. reading time\" \/>\n\t<meta name=\"twitter:data1\" content=\"18 minutes\" \/>\n<script type=\"application\/ld+json\" class=\"yoast-schema-graph\">{\"@context\":\"https:\/\/schema.org\",\"@graph\":[{\"@type\":\"WebPage\",\"@id\":\"https:\/\/fvarelaart.com\/expo\/origenes-formas-primarias\/\",\"url\":\"https:\/\/fvarelaart.com\/expo\/origenes-formas-primarias\/\",\"name\":\"Or\u00edgenes y Formas Primarias - Fernando Varela\",\"isPartOf\":{\"@id\":\"https:\/\/fvarelaart.com\/#website\"},\"primaryImageOfPage\":{\"@id\":\"https:\/\/fvarelaart.com\/expo\/origenes-formas-primarias\/#primaryimage\"},\"image\":{\"@id\":\"https:\/\/fvarelaart.com\/expo\/origenes-formas-primarias\/#primaryimage\"},\"thumbnailUrl\":\"https:\/\/fvarelaart.com\/wp-content\/uploads\/2013\/01\/fernando-varela-origines-formas-primarias.jpeg\",\"datePublished\":\"2013-01-01T19:41:41+00:00\",\"dateModified\":\"2024-04-03T00:23:23+00:00\",\"breadcrumb\":{\"@id\":\"https:\/\/fvarelaart.com\/expo\/origenes-formas-primarias\/#breadcrumb\"},\"inLanguage\":\"en-US\",\"potentialAction\":[{\"@type\":\"ReadAction\",\"target\":[\"https:\/\/fvarelaart.com\/expo\/origenes-formas-primarias\/\"]}]},{\"@type\":\"ImageObject\",\"inLanguage\":\"en-US\",\"@id\":\"https:\/\/fvarelaart.com\/expo\/origenes-formas-primarias\/#primaryimage\",\"url\":\"https:\/\/fvarelaart.com\/wp-content\/uploads\/2013\/01\/fernando-varela-origines-formas-primarias.jpeg\",\"contentUrl\":\"https:\/\/fvarelaart.com\/wp-content\/uploads\/2013\/01\/fernando-varela-origines-formas-primarias.jpeg\",\"width\":653,\"height\":739},{\"@type\":\"BreadcrumbList\",\"@id\":\"https:\/\/fvarelaart.com\/expo\/origenes-formas-primarias\/#breadcrumb\",\"itemListElement\":[{\"@type\":\"ListItem\",\"position\":1,\"name\":\"Home\",\"item\":\"https:\/\/fvarelaart.com\/\"},{\"@type\":\"ListItem\",\"position\":2,\"name\":\"Portfolio\",\"item\":\"https:\/\/fvarelaart.com\/en\/expo\/\"},{\"@type\":\"ListItem\",\"position\":3,\"name\":\"Or\u00edgenes y Formas Primarias\"}]},{\"@type\":\"WebSite\",\"@id\":\"https:\/\/fvarelaart.com\/#website\",\"url\":\"https:\/\/fvarelaart.com\/\",\"name\":\"Fernando Varela\",\"description\":\"\",\"publisher\":{\"@id\":\"https:\/\/fvarelaart.com\/#organization\"},\"potentialAction\":[{\"@type\":\"SearchAction\",\"target\":{\"@type\":\"EntryPoint\",\"urlTemplate\":\"https:\/\/fvarelaart.com\/?s={search_term_string}\"},\"query-input\":{\"@type\":\"PropertyValueSpecification\",\"valueRequired\":true,\"valueName\":\"search_term_string\"}}],\"inLanguage\":\"en-US\"},{\"@type\":\"Organization\",\"@id\":\"https:\/\/fvarelaart.com\/#organization\",\"name\":\"Fernando Varela\",\"url\":\"https:\/\/fvarelaart.com\/\",\"logo\":{\"@type\":\"ImageObject\",\"inLanguage\":\"en-US\",\"@id\":\"https:\/\/fvarelaart.com\/#\/schema\/logo\/image\/\",\"url\":\"https:\/\/fvarelaart.com\/wp-content\/uploads\/2023\/11\/varela-logo.jpg\",\"contentUrl\":\"https:\/\/fvarelaart.com\/wp-content\/uploads\/2023\/11\/varela-logo.jpg\",\"width\":800,\"height\":356,\"caption\":\"Fernando Varela\"},\"image\":{\"@id\":\"https:\/\/fvarelaart.com\/#\/schema\/logo\/image\/\"},\"sameAs\":[\"https:\/\/www.instagram.com\/fernandovarelaart\/\"]}]}<\/script>\n<!-- \/ Yoast SEO plugin. -->","yoast_head_json":{"title":"Origins and Primary Forms - Fernando Varela","robots":{"index":"index","follow":"follow","max-snippet":"max-snippet:-1","max-image-preview":"max-image-preview:large","max-video-preview":"max-video-preview:-1"},"canonical":"https:\/\/fvarelaart.com\/en\/expo\/origenes-formas-primarias\/","og_locale":"en_US","og_type":"article","og_title":"Or\u00edgenes y Formas Primarias - Fernando Varela","og_description":"Exposiciones &gt; Or\u00edgenes y Formas Primarias Si bien, seg\u00fan Jean Baudrillard, el arte se ha vuelto hoy iconoclasta -\u00ad\u2010pero una","og_url":"https:\/\/fvarelaart.com\/en\/expo\/origenes-formas-primarias\/","og_site_name":"Fernando Varela","article_modified_time":"2024-04-03T00:23:23+00:00","og_image":[{"width":653,"height":739,"url":"https:\/\/fvarelaart.com\/wp-content\/uploads\/2013\/01\/fernando-varela-origines-formas-primarias.jpeg","type":"image\/jpeg"}],"twitter_card":"summary_large_image","twitter_misc":{"Est. reading time":"18 minutes"},"schema":{"@context":"https:\/\/schema.org","@graph":[{"@type":"WebPage","@id":"https:\/\/fvarelaart.com\/expo\/origenes-formas-primarias\/","url":"https:\/\/fvarelaart.com\/expo\/origenes-formas-primarias\/","name":"Origins and Primary Forms - Fernando Varela","isPartOf":{"@id":"https:\/\/fvarelaart.com\/#website"},"primaryImageOfPage":{"@id":"https:\/\/fvarelaart.com\/expo\/origenes-formas-primarias\/#primaryimage"},"image":{"@id":"https:\/\/fvarelaart.com\/expo\/origenes-formas-primarias\/#primaryimage"},"thumbnailUrl":"https:\/\/fvarelaart.com\/wp-content\/uploads\/2013\/01\/fernando-varela-origines-formas-primarias.jpeg","datePublished":"2013-01-01T19:41:41+00:00","dateModified":"2024-04-03T00:23:23+00:00","breadcrumb":{"@id":"https:\/\/fvarelaart.com\/expo\/origenes-formas-primarias\/#breadcrumb"},"inLanguage":"en-US","potentialAction":[{"@type":"ReadAction","target":["https:\/\/fvarelaart.com\/expo\/origenes-formas-primarias\/"]}]},{"@type":"ImageObject","inLanguage":"en-US","@id":"https:\/\/fvarelaart.com\/expo\/origenes-formas-primarias\/#primaryimage","url":"https:\/\/fvarelaart.com\/wp-content\/uploads\/2013\/01\/fernando-varela-origines-formas-primarias.jpeg","contentUrl":"https:\/\/fvarelaart.com\/wp-content\/uploads\/2013\/01\/fernando-varela-origines-formas-primarias.jpeg","width":653,"height":739},{"@type":"BreadcrumbList","@id":"https:\/\/fvarelaart.com\/expo\/origenes-formas-primarias\/#breadcrumb","itemListElement":[{"@type":"ListItem","position":1,"name":"Home","item":"https:\/\/fvarelaart.com\/"},{"@type":"ListItem","position":2,"name":"Portfolio","item":"https:\/\/fvarelaart.com\/en\/expo\/"},{"@type":"ListItem","position":3,"name":"Or\u00edgenes y Formas Primarias"}]},{"@type":"WebSite","@id":"https:\/\/fvarelaart.com\/#website","url":"https:\/\/fvarelaart.com\/","name":"Fernando Varela","description":"","publisher":{"@id":"https:\/\/fvarelaart.com\/#organization"},"potentialAction":[{"@type":"SearchAction","target":{"@type":"EntryPoint","urlTemplate":"https:\/\/fvarelaart.com\/?s={search_term_string}"},"query-input":{"@type":"PropertyValueSpecification","valueRequired":true,"valueName":"search_term_string"}}],"inLanguage":"en-US"},{"@type":"Organization","@id":"https:\/\/fvarelaart.com\/#organization","name":"Fernando Varela","url":"https:\/\/fvarelaart.com\/","logo":{"@type":"ImageObject","inLanguage":"en-US","@id":"https:\/\/fvarelaart.com\/#\/schema\/logo\/image\/","url":"https:\/\/fvarelaart.com\/wp-content\/uploads\/2023\/11\/varela-logo.jpg","contentUrl":"https:\/\/fvarelaart.com\/wp-content\/uploads\/2023\/11\/varela-logo.jpg","width":800,"height":356,"caption":"Fernando Varela"},"image":{"@id":"https:\/\/fvarelaart.com\/#\/schema\/logo\/image\/"},"sameAs":["https:\/\/www.instagram.com\/fernandovarelaart\/"]}]}},"_links":{"self":[{"href":"https:\/\/fvarelaart.com\/en\/wp-json\/wp\/v2\/portfolio\/20755","targetHints":{"allow":["GET"]}}],"collection":[{"href":"https:\/\/fvarelaart.com\/en\/wp-json\/wp\/v2\/portfolio"}],"about":[{"href":"https:\/\/fvarelaart.com\/en\/wp-json\/wp\/v2\/types\/portfolio"}],"version-history":[{"count":5,"href":"https:\/\/fvarelaart.com\/en\/wp-json\/wp\/v2\/portfolio\/20755\/revisions"}],"predecessor-version":[{"id":22505,"href":"https:\/\/fvarelaart.com\/en\/wp-json\/wp\/v2\/portfolio\/20755\/revisions\/22505"}],"wp:featuredmedia":[{"embeddable":true,"href":"https:\/\/fvarelaart.com\/en\/wp-json\/wp\/v2\/media\/22421"}],"wp:attachment":[{"href":"https:\/\/fvarelaart.com\/en\/wp-json\/wp\/v2\/media?parent=20755"}],"wp:term":[{"taxonomy":"project-cat","embeddable":true,"href":"https:\/\/fvarelaart.com\/en\/wp-json\/wp\/v2\/project-cat?post=20755"}],"curies":[{"name":"wp","href":"https:\/\/api.w.org\/{rel}","templated":true}]}}